{"id":68,"date":"2020-07-10T03:09:24","date_gmt":"2020-07-10T08:09:24","guid":{"rendered":"https:\/\/demo.ovatheme.com\/egovt\/?page_id=68"},"modified":"2026-03-07T16:15:48","modified_gmt":"2026-03-07T21:15:48","slug":"home","status":"publish","type":"page","link":"https:\/\/dgi.gouv.ht\/ht\/","title":{"rendered":"Accueil"},"content":{"rendered":"<div data-elementor-type=\"wp-page\" data-elementor-id=\"68\" class=\"elementor elementor-68\">\n\t\t\t\t\t\t<section data-particle_enable=\"false\" data-particle-mobile-disabled=\"false\" class=\"elementor-section elementor-top-section elementor-element elementor-element-a0f99f8 elementor-section-full_width elementor-section-height-default elementor-section-height-default\" data-id=\"a0f99f8\" data-element_type=\"section\">\n\t\t\t\t\t\t<div class=\"elementor-container elementor-column-gap-no\">\n\t\t\t\t\t<div class=\"elementor-column elementor-col-100 elementor-top-column elementor-element elementor-element-8b32e89\" data-id=\"8b32e89\" data-element_type=\"column\">\n\t\t\t<div class=\"elementor-widget-wrap elementor-element-populated\">\n\t\t\t\t\t\t<div class=\"elementor-element elementor-element-b9aeff2 elementor-widget__width-initial elementor-widget elementor-widget-slider_revolution\" data-id=\"b9aeff2\" data-element_type=\"widget\" data-widget_type=\"slider_revolution.default\">\n\t\t\t\t<div class=\"elementor-widget-container\">\n\t\t\t\r\n\t\t<div class=\"wp-block-themepunch-revslider\">\n\t\t\t<!-- START Home 2 REVOLUTION SLIDER 6.6.10 --><p class=\"rs-p-wp-fix\"><\/p>\n\t\t\t<rs-module-wrap id=\"rev_slider_3_1_wrapper\" data-source=\"gallery\" style=\"visibility:hidden;background:transparent;padding:0;margin:0px auto;margin-top:0;margin-bottom:0;\">\n\t\t\t\t<rs-module id=\"rev_slider_3_1\" style=\"\" data-version=\"6.6.10\">\n\t\t\t\t\t<rs-slides style=\"overflow: hidden; position: absolute;\">\n\t\t\t\t\t\t<rs-slide style=\"position: absolute;\" data-key=\"rs-3\" data-title=\"Slide\" data-thumb=\"\/\/dgi.gouv.ht\/wp-content\/uploads\/2020\/07\/Asset-1banner-min-1-50x100.png\" data-in=\"o:0;\" data-out=\"a:false;\">\n\t\t\t\t\t\t\t<img fetchpriority=\"high\" decoding=\"async\" src=\"\/\/dgi.gouv.ht\/wp-content\/plugins\/revslider\/public\/assets\/assets\/dummy.png\" alt=\"\" title=\"Asset 1banner-min (1)\" width=\"3841\" height=\"1701\" class=\"rev-slidebg tp-rs-img rs-lazyload\" data-lazyload=\"\/\/dgi.gouv.ht\/wp-content\/uploads\/2020\/07\/Asset-1banner-min-1.png\" data-no-retina>\n<!--\n\t\t\t\t\t\t\t--><rs-layer\n\t\t\t\t\t\t\t\tid=\"slider-3-slide-3-layer-0\" \n\t\t\t\t\t\t\t\tdata-type=\"text\"\n\t\t\t\t\t\t\t\tdata-color=\"#191919\"\n\t\t\t\t\t\t\t\tdata-rsp_ch=\"on\"\n\t\t\t\t\t\t\t\tdata-xy=\"xo:72px,-83px,188px,91px;yo:89px,197px,159px,194px;\"\n\t\t\t\t\t\t\t\tdata-text=\"w:normal;s:70,57,51,35;l:75,61,55,39;fw:700;\"\n\t\t\t\t\t\t\t\tdata-dim=\"w:560px,462px,418px,300px;\"\n\t\t\t\t\t\t\t\tdata-frame_0=\"x:0,0,0px,0px;y:0,0,0px,0px;\"\n\t\t\t\t\t\t\t\tdata-frame_1=\"x:0,0,0px,0px;y:0,0,0px,0px;\"\n\t\t\t\t\t\t\t\tdata-frame_999=\"o:0;st:w;\"\n\t\t\t\t\t\t\t\tstyle=\"z-index:7;font-family:'Cabin';\"\n\t\t\t\t\t\t\t>Vous ne Savez pas<br \/>\nO\u00f9 Commencer ? \n\t\t\t\t\t\t\t<\/rs-layer><!--\n\n\t\t\t\t\t\t\t--><rs-layer\n\t\t\t\t\t\t\t\tid=\"slider-3-slide-3-layer-1\" \n\t\t\t\t\t\t\t\tdata-type=\"text\"\n\t\t\t\t\t\t\t\tdata-color=\"#000000\"\n\t\t\t\t\t\t\t\tdata-rsp_ch=\"on\"\n\t\t\t\t\t\t\t\tdata-xy=\"xo:68px,-79px,98px,61px;yo:250px,338px,328px,287px;\"\n\t\t\t\t\t\t\t\tdata-text=\"w:normal;s:22,18,24,20;l:26,21,26,26;a:left,left,center,center;\"\n\t\t\t\t\t\t\t\tdata-dim=\"w:585px,483px,609px,355px;h:109px,90px,auto,auto;\"\n\t\t\t\t\t\t\t\tdata-frame_0=\"x:0,0,0px,0px;y:0,0,0px,0px;\"\n\t\t\t\t\t\t\t\tdata-frame_1=\"x:0,0,0px,0px;y:0,0,0px,0px;\"\n\t\t\t\t\t\t\t\tdata-frame_999=\"o:0;st:w;\"\n\t\t\t\t\t\t\t\tstyle=\"z-index:8;background-color:rgba(255,255,255,0);font-family:'Open Sans';\"\n\t\t\t\t\t\t\t>Les informations sur les taxes,  Imp\u00f4ts,  droits et les services offerts \u00e0 la DGI sont disponibles gratuitement sur le site web et \u00e0 l'Infocentre ( Centre d'appel) de l'institution \n\t\t\t\t\t\t\t<\/rs-layer><!--\n\n\t\t\t\t\t\t\t--><a\n\t\t\t\t\t\t\t\tid=\"slider-3-slide-3-layer-2\" \n\t\t\t\t\t\t\t\tclass=\"rs-layer rev-btn\"\n\t\t\t\t\t\t\t\thref=\"\/ht\/textes-de-loi\/\" target=\"_self\" rel=\"nofollow\"\n\t\t\t\t\t\t\t\tdata-type=\"button\"\n\t\t\t\t\t\t\t\tdata-rsp_ch=\"on\"\n\t\t\t\t\t\t\t\tdata-xy=\"x:c,c,c,l;xo:-449px,-370px,-1px,116px;y:m,m,m,t;yo:103px,85px,18px,447px;\"\n\t\t\t\t\t\t\t\tdata-text=\"w:normal;s:18,14,18,25;l:50,41,50,51;fw:700;\"\n\t\t\t\t\t\t\t\tdata-dim=\"minh:0,none,none,none;\"\n\t\t\t\t\t\t\t\tdata-padding=\"r:31,26,20,14;l:31,26,20,14;\"\n\t\t\t\t\t\t\t\tdata-border=\"bor:15px,15px,15px,15px;\"\n\t\t\t\t\t\t\t\tdata-frame_999=\"o:0;st:w;\"\n\t\t\t\t\t\t\t\tdata-frame_hover=\"bgc:#06163a;bor:0px,0px,0px,0px;bri:120%;\"\n\t\t\t\t\t\t\t\tstyle=\"z-index:9;background-color:#ff3514;font-family:'Cabin';\"\n\t\t\t\t\t\t\t>Voir nos Services   <i class=\"fa-arrow-right\"><\/i> \n\t\t\t\t\t\t\t<\/a><!--\n\n\t\t\t\t\t\t\t--><rs-layer\n\t\t\t\t\t\t\t\tid=\"slider-3-slide-3-layer-7\" \n\t\t\t\t\t\t\t\tdata-type=\"text\"\n\t\t\t\t\t\t\t\tdata-rsp_ch=\"on\"\n\t\t\t\t\t\t\t\tdata-xy=\"xo:76px,-74px,220px,130px;yo:69px,165px,126px,170px;\"\n\t\t\t\t\t\t\t\tdata-text=\"w:normal;s:20,16,15,13;l:25,20,19,17;ls:5px,4px,4px,1px;\"\n\t\t\t\t\t\t\t\tdata-frame_0=\"x:0,0,0px,0px;y:0,0,0px,0px;\"\n\t\t\t\t\t\t\t\tdata-frame_1=\"x:0,0,0px,0px;y:0,0,0px,0px;\"\n\t\t\t\t\t\t\t\tdata-frame_999=\"o:0;st:w;\"\n\t\t\t\t\t\t\t\tstyle=\"z-index:6;font-family:'Open Sans';\"\n\t\t\t\t\t\t\t>Direction G\u00e9n\u00e9rale des imp\u00f4ts \n\t\t\t\t\t\t\t<\/rs-layer><!--\n-->\t\t\t\t\t\t<\/rs-slide>\n\t\t\t\t\t\t<rs-slide style=\"position: absolute;\" data-key=\"rs-8\" data-title=\"Slide\" data-thumb=\"\/\/dgi.gouv.ht\/wp-content\/uploads\/2020\/07\/medium-shot-excited-woman-with-laptop-min-scaled-50x100.jpg\" data-in=\"o:0;\" data-out=\"a:false;\">\n\t\t\t\t\t\t\t<img decoding=\"async\" src=\"\/\/dgi.gouv.ht\/wp-content\/plugins\/revslider\/public\/assets\/assets\/dummy.png\" alt=\"\" title=\"medium-shot-excited-woman-with-laptop-min\" width=\"2560\" height=\"1707\" class=\"rev-slidebg tp-rs-img rs-lazyload\" data-lazyload=\"\/\/dgi.gouv.ht\/wp-content\/uploads\/2020\/07\/medium-shot-excited-woman-with-laptop-min-scaled.jpg\" data-no-retina>\n<!--\n\t\t\t\t\t\t\t--><rs-layer\n\t\t\t\t\t\t\t\tid=\"slider-3-slide-8-layer-4\" \n\t\t\t\t\t\t\t\tdata-type=\"text\"\n\t\t\t\t\t\t\t\tdata-color=\"#c7c7cc\"\n\t\t\t\t\t\t\t\tdata-rsp_ch=\"on\"\n\t\t\t\t\t\t\t\tdata-xy=\"xo:377px,297px,222px,139px;yo:254px,350px,441px,357px;\"\n\t\t\t\t\t\t\t\tdata-text=\"w:normal;s:60,49,37,22;l:70,57,43,26;ls:-1,0,0,0;fw:500;\"\n\t\t\t\t\t\t\t\tdata-dim=\"w:513px,423px,321px,171px;minh:0px,none,none,none;\"\n\t\t\t\t\t\t\t\tdata-frame_999=\"o:0;st:w;\"\n\t\t\t\t\t\t\t\tstyle=\"z-index:5;font-family:'Roboto';text-transform:uppercase;\"\n\t\t\t\t\t\t\t>La DGI en ligne \n\t\t\t\t\t\t\t<\/rs-layer><!--\n\n\t\t\t\t\t\t\t--><rs-layer\n\t\t\t\t\t\t\t\tid=\"slider-3-slide-8-layer-5\" \n\t\t\t\t\t\t\t\tdata-type=\"text\"\n\t\t\t\t\t\t\t\tdata-color=\"#c7c7cc\"\n\t\t\t\t\t\t\t\tdata-rsp_ch=\"on\"\n\t\t\t\t\t\t\t\tdata-xy=\"xo:319px,265px,157px,63px;yo:344px,419px,502px,394px;\"\n\t\t\t\t\t\t\t\tdata-text=\"w:normal;s:30,24,24,18;l:32,26,25,18;\"\n\t\t\t\t\t\t\t\tdata-dim=\"w:567px,468px,469px,359px;\"\n\t\t\t\t\t\t\t\tdata-frame_0=\"x:0,0,0px,0px;y:0,0,0px,0px;\"\n\t\t\t\t\t\t\t\tdata-frame_1=\"x:0,0,0px,0px;y:0,0,0px,0px;\"\n\t\t\t\t\t\t\t\tdata-frame_999=\"o:0;st:w;\"\n\t\t\t\t\t\t\t\tstyle=\"z-index:6;font-family:'Roboto';\"\n\t\t\t\t\t\t\t>Bient\u00f4t, vous aurez acc\u00e8s \u00e0 l'ensemble de nos services en un clic sur notre site web  ! \n\t\t\t\t\t\t\t<\/rs-layer><!--\n-->\t\t\t\t\t\t<\/rs-slide>\n\t\t\t\t\t<\/rs-slides>\n\t\t\t\t<\/rs-module>\n\t\t\t\t<script>\n\t\t\t\t\tsetREVStartSize({c: 'rev_slider_3_1',rl:[1240,1024,778,480],el:[600,768,960,720],gw:[1240,1024,778,480],gh:[600,768,960,720],type:'standard',justify:'',layout:'fullwidth',mh:\"0\"});if (window.RS_MODULES!==undefined && window.RS_MODULES.modules!==undefined && window.RS_MODULES.modules[\"revslider31\"]!==undefined) {window.RS_MODULES.modules[\"revslider31\"].once = false;window.revapi3 = undefined;if (window.RS_MODULES.checkMinimal!==undefined) window.RS_MODULES.checkMinimal()}\n\t\t\t\t<\/script>\n\t\t\t<\/rs-module-wrap>\n\t\t\t<!-- END REVOLUTION SLIDER -->\n<\/div>\r\n\r\n\t\t\t\t<\/div>\n\t\t\t\t<\/div>\n\t\t\t\t\t<\/div>\n\t\t<\/div>\n\t\t\t\t\t<\/div>\n\t\t<\/section>\n\t\t\t\t<section data-particle_enable=\"false\" data-particle-mobile-disabled=\"false\" class=\"elementor-section elementor-top-section elementor-element elementor-element-fc67701 elementor-section-full_width elementor-section-height-default elementor-section-height-default\" data-id=\"fc67701\" data-element_type=\"section\">\n\t\t\t\t\t\t<div class=\"elementor-container elementor-column-gap-default\">\n\t\t\t\t\t<div class=\"elementor-column elementor-col-100 elementor-top-column elementor-element elementor-element-ded56db\" data-id=\"ded56db\" data-element_type=\"column\">\n\t\t\t<div class=\"elementor-widget-wrap\">\n\t\t\t\t\t\t\t<\/div>\n\t\t<\/div>\n\t\t\t\t\t<\/div>\n\t\t<\/section>\n\t\t\t\t<section data-particle_enable=\"false\" data-particle-mobile-disabled=\"false\" class=\"elementor-section elementor-top-section elementor-element elementor-element-094f3cc elementor-section-boxed elementor-section-height-default elementor-section-height-default\" data-id=\"094f3cc\" data-element_type=\"section\" data-settings=\"{&quot;background_background&quot;:&quot;classic&quot;}\">\n\t\t\t\t\t\t<div class=\"elementor-container elementor-column-gap-default\">\n\t\t\t\t\t<div class=\"elementor-column elementor-col-33 elementor-top-column elementor-element elementor-element-fea3709 elementor-invisible\" data-id=\"fea3709\" data-element_type=\"column\" data-settings=\"{&quot;animation&quot;:&quot;slideInLeft&quot;}\">\n\t\t\t<div class=\"elementor-widget-wrap elementor-element-populated\">\n\t\t\t\t\t\t<div class=\"elementor-element elementor-element-c2c79e6 elementor-widget elementor-widget-ova_heading\" data-id=\"c2c79e6\" data-element_type=\"widget\" data-widget_type=\"ova_heading.default\">\n\t\t\t\t<div class=\"elementor-widget-container\">\n\t\t\t\t\t<div class=\"ova-heading\">\n\t\t\t\n\t\t\t\t\t\t\t<h3 class=\"title second_font\">35e Directeur de la DGI.<\/h3>\n\t\t\t\n\t\t\t\t\t\t\t<p class=\"sub-title\">Vos r\u00eaves sont les n\u00f4tres. Nous r\u00eavons de b\u00e2tir une Administration fiscale ha\u00eftienne fi\u00e8re, dynamique, moderne, \u00e0 l\u2019instar de nos devanciers de l\u2019h\u00e9misph\u00e8re, pour mobiliser encore davantage de ressources, pour assurer la mat\u00e9rialisation de\u00a0 ce d\u00e9veloppement endog\u00e8ne que nous appelons de tous nos v\u0153ux.<\/p>\n\t\t\t\n\t\t<\/div>\n\t\t\t\t<\/div>\n\t\t\t\t<\/div>\n\t\t\t\t<div class=\"elementor-element elementor-element-f4502cd elementor-widget elementor-widget-text-editor\" data-id=\"f4502cd\" data-element_type=\"widget\" data-widget_type=\"text-editor.default\">\n\t\t\t\t<div class=\"elementor-widget-container\">\n\t\t\t\t\t\t\t<p><span class=\"second_font\" style=\"color: #202b5d; line-height: 24px;\">Chesnel FRAN\u00c7OIS,<br \/><\/span><\/p><p>Directeur G\u00e9n\u00e9ral<\/p>\t\t\t\t\t\t<\/div>\n\t\t\t\t<\/div>\n\t\t\t\t\t<\/div>\n\t\t<\/div>\n\t\t\t\t<div class=\"elementor-column elementor-col-33 elementor-top-column elementor-element elementor-element-0cf7d4a\" data-id=\"0cf7d4a\" data-element_type=\"column\">\n\t\t\t<div class=\"elementor-widget-wrap elementor-element-populated\">\n\t\t\t\t\t\t<div class=\"elementor-element elementor-element-2ae15a5 elementor-invisible elementor-widget elementor-widget-image\" data-id=\"2ae15a5\" data-element_type=\"widget\" data-settings=\"{&quot;_animation&quot;:&quot;slideInRight&quot;}\" data-widget_type=\"image.default\">\n\t\t\t\t<div class=\"elementor-widget-container\">\n\t\t\t\t\t\t\t\t\t\t\t\t\t<img decoding=\"async\" width=\"3150\" height=\"1899\" src=\"https:\/\/dgi.gouv.ht\/wp-content\/uploads\/2025\/06\/Asset-1building.png\" class=\"attachment-full size-full wp-image-8875\" alt=\"\" srcset=\"https:\/\/dgi.gouv.ht\/wp-content\/uploads\/2025\/06\/Asset-1building.png 3150w, https:\/\/dgi.gouv.ht\/wp-content\/uploads\/2025\/06\/Asset-1building-300x181.png 300w, https:\/\/dgi.gouv.ht\/wp-content\/uploads\/2025\/06\/Asset-1building-1024x617.png 1024w, https:\/\/dgi.gouv.ht\/wp-content\/uploads\/2025\/06\/Asset-1building-768x463.png 768w, https:\/\/dgi.gouv.ht\/wp-content\/uploads\/2025\/06\/Asset-1building-1536x926.png 1536w, https:\/\/dgi.gouv.ht\/wp-content\/uploads\/2025\/06\/Asset-1building-2048x1235.png 2048w, https:\/\/dgi.gouv.ht\/wp-content\/uploads\/2025\/06\/Asset-1building-18x12.png 18w, https:\/\/dgi.gouv.ht\/wp-content\/uploads\/2025\/06\/Asset-1building-600x362.png 600w, https:\/\/dgi.gouv.ht\/wp-content\/uploads\/2025\/06\/Asset-1building-560x338.png 560w\" sizes=\"(max-width: 3150px) 100vw, 3150px\" \/>\t\t\t\t\t\t\t\t\t\t\t\t\t<\/div>\n\t\t\t\t<\/div>\n\t\t\t\t\t<\/div>\n\t\t<\/div>\n\t\t\t\t<div class=\"elementor-column elementor-col-33 elementor-top-column elementor-element elementor-element-8279474\" data-id=\"8279474\" data-element_type=\"column\" data-settings=\"{&quot;background_background&quot;:&quot;classic&quot;}\">\n\t\t\t<div class=\"elementor-widget-wrap elementor-element-populated\">\n\t\t\t\t\t\t<div class=\"elementor-element elementor-element-ea6a4c8 elementor-invisible elementor-widget elementor-widget-ova_list_link\" data-id=\"ea6a4c8\" data-element_type=\"widget\" data-settings=\"{&quot;_animation&quot;:&quot;slideInUp&quot;,&quot;_animation_mobile&quot;:&quot;none&quot;}\" data-widget_type=\"ova_list_link.default\">\n\t\t\t\t<div class=\"elementor-widget-container\">\n\t\t\t\t\t<div class=\"ova_list_link box-shadow\">\n\t\t\t\t\t\t<h3 class=\"title\">\n\t\t\t\tServices en Ligne\t\t\t<\/h3>\n\t\t\t\t\t\t\t\t\t<ul class=\"content\">\n\t\t\t\t\t\t\t\t\t<li class=\"item\">\n\t\t\t\t\t\t<a href=\"https:\/\/dgi.gouv.ht\/ht\/verification\/\">\n\t\t\t\t\t\t\tModule de V\u00e9rification et Transparence\t\t\t\t\t\t\t\t\t\t\t\t\t\t<span class=\"icon\">\n\t\t\t\t\t\t\t\t<i data-feather=\"chevron-right\"><\/i>\n\t\t\t\t\t\t\t<\/span>\n\t\t\t\t\t\t    \t\t\t\t\t\t    \t\t\t\t\t\t\t<span class=\"icon-hover\">\n\t\t\t\t\t\t\t\t<i data-feather=\"arrow-right\"><\/i>\n\t\t\t\t\t\t\t<\/span>\n\t\t\t\t\t\t\t \t\t\t\t\t\t<\/a>\n\n\t\t\t\t\t<\/li>\n\t\t\t\t\t\t\t\t\t<li class=\"item\">\n\t\t\t\t\t\t<a href=\"https:\/\/drsm.dgi.gouv.ht\/\">\n\t\t\t\t\t\t\tS\u00fbret\u00e9s Mobili\u00e8res\t\t\t\t\t\t\t\t\t\t\t\t\t\t<span class=\"icon\">\n\t\t\t\t\t\t\t\t<i data-feather=\"chevron-right\"><\/i>\n\t\t\t\t\t\t\t<\/span>\n\t\t\t\t\t\t    \t\t\t\t\t\t    \t\t\t\t\t\t\t<span class=\"icon-hover\">\n\t\t\t\t\t\t\t\t<i data-feather=\"arrow-right\"><\/i>\n\t\t\t\t\t\t\t<\/span>\n\t\t\t\t\t\t\t \t\t\t\t\t\t<\/a>\n\n\t\t\t\t\t<\/li>\n\t\t\t\t\t\t\t\t\t<li class=\"item\">\n\t\t\t\t\t\t<a href=\"\/ht\/formulaires\/\">\n\t\t\t\t\t\t\tRemplir un Formulaire\t\t\t\t\t\t\t\t\t\t\t\t\t\t<span class=\"icon\">\n\t\t\t\t\t\t\t\t<i data-feather=\"chevron-right\"><\/i>\n\t\t\t\t\t\t\t<\/span>\n\t\t\t\t\t\t    \t\t\t\t\t\t    \t\t\t\t\t\t\t<span class=\"icon-hover\">\n\t\t\t\t\t\t\t\t<i data-feather=\"arrow-right\"><\/i>\n\t\t\t\t\t\t\t<\/span>\n\t\t\t\t\t\t\t \t\t\t\t\t\t<\/a>\n\n\t\t\t\t\t<\/li>\n\t\t\t\t\t\t\t<\/ul>\n\t\t\t\t\t<\/div>\n\t\t\t\t<\/div>\n\t\t\t\t<\/div>\n\t\t\t\t\t<\/div>\n\t\t<\/div>\n\t\t\t\t\t<\/div>\n\t\t<\/section>\n\t\t\t\t<section data-particle_enable=\"false\" data-particle-mobile-disabled=\"false\" class=\"elementor-section elementor-top-section elementor-element elementor-element-f53c55f elementor-section-boxed elementor-section-height-default elementor-section-height-default elementor-invisible\" data-id=\"f53c55f\" data-element_type=\"section\" data-settings=\"{&quot;background_background&quot;:&quot;classic&quot;,&quot;animation&quot;:&quot;slideInUp&quot;,&quot;shape_divider_bottom&quot;:&quot;tilt&quot;}\">\n\t\t\t\t\t<div class=\"elementor-shape elementor-shape-bottom\" data-negative=\"false\">\n\t\t\t<svg xmlns=\"http:\/\/www.w3.org\/2000\/svg\" viewbox=\"0 0 1000 100\" preserveaspectratio=\"none\">\n\t<path class=\"elementor-shape-fill\" d=\"M0,6V0h1000v100L0,6z\"\/>\n<\/svg>\t\t<\/div>\n\t\t\t\t\t<div class=\"elementor-container elementor-column-gap-default\">\n\t\t\t\t\t<div class=\"elementor-column elementor-col-100 elementor-top-column elementor-element elementor-element-632b265\" data-id=\"632b265\" data-element_type=\"column\">\n\t\t\t<div class=\"elementor-widget-wrap elementor-element-populated\">\n\t\t\t\t\t\t<div class=\"elementor-element elementor-element-fa0aa1a elementor-widget elementor-widget-eael-fancy-text\" data-id=\"fa0aa1a\" data-element_type=\"widget\" data-widget_type=\"eael-fancy-text.default\">\n\t\t\t\t<div class=\"elementor-widget-container\">\n\t\t\t\n\t<div  class=\"eael-fancy-text-container style-1\" data-fancy-text-id=\"fa0aa1a\" data-fancy-text=\"|Personne Physique ?|Personne Morale?\" data-fancy-text-transition-type=\"typing\" data-fancy-text-speed=\"50\" data-fancy-text-delay=\"2500\" data-fancy-text-cursor=\"yes\" data-fancy-text-loop=\"yes\" data-fancy-text-action=\"page_load\" >\n\t\t\t\t\t<span class=\"eael-fancy-text-prefix\">Vous  \u00eates une <\/span>\n\t\t\n\t\t\n\t\t\t\t\t<span id=\"eael-fancy-text-fa0aa1a\" class=\"eael-fancy-text-strings\">\n\t\t\t\t<noscript>\n\t\t\t\t\tPersonne Physique ?, Personne Morale?\t\t\t\t<\/noscript>\n\t\t\t<\/span>\n\t\t\n\t\t\t\t\t<span class=\"eael-fancy-text-suffix\">  <\/span>\n\t\t\t<\/div><!-- close .eael-fancy-text-container -->\n\n\t<div class=\"clearfix\"><\/div>\n\n\t\t\t<\/div>\n\t\t\t\t<\/div>\n\t\t\t\t<div class=\"elementor-element elementor-element-df6941a elementor-widget elementor-widget-image\" data-id=\"df6941a\" data-element_type=\"widget\" data-widget_type=\"image.default\">\n\t\t\t\t<div class=\"elementor-widget-container\">\n\t\t\t\t\t\t\t\t\t\t\t\t\t<img decoding=\"async\" src=\"https:\/\/demo.ovatheme.com\/egovt\/wp-content\/uploads\/2020\/08\/home2_icon_1.png\" title=\"\" alt=\"\" loading=\"lazy\" \/>\t\t\t\t\t\t\t\t\t\t\t\t\t<\/div>\n\t\t\t\t<\/div>\n\t\t\t\t<section data-particle_enable=\"false\" data-particle-mobile-disabled=\"false\" class=\"elementor-section elementor-inner-section elementor-element elementor-element-be41861 elementor-section-boxed elementor-section-height-default elementor-section-height-default\" data-id=\"be41861\" data-element_type=\"section\">\n\t\t\t\t\t\t<div class=\"elementor-container elementor-column-gap-default\">\n\t\t\t\t\t<div class=\"elementor-column elementor-col-50 elementor-inner-column elementor-element elementor-element-846eb9c\" data-id=\"846eb9c\" data-element_type=\"column\">\n\t\t\t<div class=\"elementor-widget-wrap elementor-element-populated\">\n\t\t\t\t\t\t<div class=\"elementor-element elementor-element-12dc3a3 elementor-widget elementor-widget-ova_feature_box\" data-id=\"12dc3a3\" data-element_type=\"widget\" data-widget_type=\"ova_feature_box.default\">\n\t\t\t\t<div class=\"elementor-widget-container\">\n\t\t\t\t\t<div class=\"ova_feature_box version_3\">\n\t\t\t<div class=\"ova-image\">\n\t\t\t\t<a href=\"\/ht\/cat_sev\/entreprise\/\" title=\"Personne Morale\">\n\t\t\t\t\t\t\t\t\t\t\t\t\t\t\t\t<span class=\"flaticon-business-and-trade\"><\/span>\n\t\t\t\t\t\t\t\t\t<\/a>\n\t\t\t<\/div>\n\t\t\t<div class=\"ova-content\">\n\t\t\t\t<h3 class=\"title\">\n\t\t\t\t\t<a href=\"\/ht\/cat_sev\/entreprise\/\">\n\t\t\t\t\t\tPersonne Morale\t\t\t\t\t<\/a>\n\t\t\t\t<\/h3>\n\t\t\t\t\t\t\t\t\t\t\t\t\t<div class=\"sub_title\">\n\t\t\t\t\t\tObtenez des renseignements au sujet des obligations fiscales des citoyens, des taxes ainsi que des programmes et cr\u00e9dits visant les particuliers et les travailleurs autonomes.\t\t\t\t<\/div>\n\t\t\t\t\t\t\t<\/div>\n\n\t\t<\/div>\n\t\t\t\t<\/div>\n\t\t\t\t<\/div>\n\t\t\t\t\t<\/div>\n\t\t<\/div>\n\t\t\t\t<div class=\"elementor-column elementor-col-50 elementor-inner-column elementor-element elementor-element-558163d\" data-id=\"558163d\" data-element_type=\"column\">\n\t\t\t<div class=\"elementor-widget-wrap elementor-element-populated\">\n\t\t\t\t\t\t<div class=\"elementor-element elementor-element-9c4c514 elementor-widget elementor-widget-ova_feature_box\" data-id=\"9c4c514\" data-element_type=\"widget\" data-widget_type=\"ova_feature_box.default\">\n\t\t\t\t<div class=\"elementor-widget-container\">\n\t\t\t\t\t<div class=\"ova_feature_box version_3\">\n\t\t\t<div class=\"ova-image\">\n\t\t\t\t<a href=\"\/ht\/cat_sev\/particulier\/\" title=\"Personne Physique\">\n\t\t\t\t\t\t\t\t\t\t\t\t\t\t\t\t<span class=\"flaticon-group-2\"><\/span>\n\t\t\t\t\t\t\t\t\t<\/a>\n\t\t\t<\/div>\n\t\t\t<div class=\"ova-content\">\n\t\t\t\t<h3 class=\"title\">\n\t\t\t\t\t<a href=\"\/ht\/cat_sev\/particulier\/\">\n\t\t\t\t\t\tPersonne Physique\t\t\t\t\t<\/a>\n\t\t\t\t<\/h3>\n\t\t\t\t\t\t\t\t\t\t\t\t\t<div class=\"sub_title\">\n\t\t\t\t\t\tObtenez des renseignements sur les droits et obligations fiscaux des soci\u00e9t\u00e9s, des soci\u00e9t\u00e9s qui exercent des activit\u00e9s en Haiti.\t\t\t\t<\/div>\n\t\t\t\t\t\t\t<\/div>\n\n\t\t<\/div>\n\t\t\t\t<\/div>\n\t\t\t\t<\/div>\n\t\t\t\t\t<\/div>\n\t\t<\/div>\n\t\t\t\t\t<\/div>\n\t\t<\/section>\n\t\t\t\t\t<\/div>\n\t\t<\/div>\n\t\t\t\t\t<\/div>\n\t\t<\/section>\n\t\t\t\t<section data-particle_enable=\"false\" data-particle-mobile-disabled=\"false\" class=\"elementor-section elementor-top-section elementor-element elementor-element-2bc3102 elementor-section-boxed elementor-section-height-default elementor-section-height-default\" data-id=\"2bc3102\" data-element_type=\"section\">\n\t\t\t\t\t\t<div class=\"elementor-container elementor-column-gap-default\">\n\t\t\t\t\t<div class=\"elementor-column elementor-col-100 elementor-top-column elementor-element elementor-element-f93284b\" data-id=\"f93284b\" data-element_type=\"column\">\n\t\t\t<div class=\"elementor-widget-wrap elementor-element-populated\">\n\t\t\t\t\t\t<div class=\"elementor-element elementor-element-f803b08 eael-dual-header-content-align-center elementor-widget elementor-widget-eael-dual-color-header\" data-id=\"f803b08\" data-element_type=\"widget\" data-widget_type=\"eael-dual-color-header.default\">\n\t\t\t\t<div class=\"elementor-widget-container\">\n\t\t\t\t\t\t<div class=\"eael-dual-header\">\n\t\t\t\t<h6 class=\"title eael-dch-title\"><span class=\"eael-dch-title-text eael-dch-title-lead lead solid-color\">Textes<\/span> <span class=\"eael-dch-title-text\">de Loi<\/span><\/h6><div class=\"eael-dch-separator-wrap\"><span class=\"separator-one\"><\/span>\n\t\t\t<span class=\"separator-two\"><\/span><\/div>\t\t\t<\/div>\n\n\t\t\t\t<\/div>\n\t\t\t\t<\/div>\n\t\t\t\t\t<\/div>\n\t\t<\/div>\n\t\t\t\t\t<\/div>\n\t\t<\/section>\n\t\t\t\t<section data-particle_enable=\"false\" data-particle-mobile-disabled=\"false\" class=\"elementor-section elementor-top-section elementor-element elementor-element-1f34f36 elementor-section-boxed elementor-section-height-default elementor-section-height-default\" data-id=\"1f34f36\" data-element_type=\"section\">\n\t\t\t\t\t\t<div class=\"elementor-container elementor-column-gap-default\">\n\t\t\t\t\t<div class=\"elementor-column elementor-col-33 elementor-top-column elementor-element elementor-element-8017114\" data-id=\"8017114\" data-element_type=\"column\">\n\t\t\t<div class=\"elementor-widget-wrap elementor-element-populated\">\n\t\t\t\t\t\t<div class=\"elementor-element elementor-element-f5a39ed elementor-widget elementor-widget-ova_heading\" data-id=\"f5a39ed\" data-element_type=\"widget\" data-widget_type=\"ova_heading.default\">\n\t\t\t\t<div class=\"elementor-widget-container\">\n\t\t\t\t\t<div class=\"ova-heading\">\n\t\t\t\n\t\t\t\t\t\t\t<h3 class=\"title second_font\">En savoir plus sur<br>nos textes de Loi...<\/h3>\n\t\t\t\n\t\t\t\n\t\t<\/div>\n\t\t\t\t<\/div>\n\t\t\t\t<\/div>\n\t\t\t\t<div class=\"elementor-element elementor-element-6f36608 elementor-button-info elementor-widget elementor-widget-button\" data-id=\"6f36608\" data-element_type=\"widget\" data-widget_type=\"button.default\">\n\t\t\t\t<div class=\"elementor-widget-container\">\n\t\t\t\t\t\t\t<div class=\"elementor-button-wrapper\">\n\t\t\t\t\t<a class=\"elementor-button elementor-button-link elementor-size-sm\" href=\"\/ht\/textes-de-loi\/\">\n\t\t\t\t\t\t<span class=\"elementor-button-content-wrapper\">\n\t\t\t\t\t\t<span class=\"elementor-button-icon\">\n\t\t\t\t<i aria-hidden=\"true\" class=\"far fa-file-alt\"><\/i>\t\t\t<\/span>\n\t\t\t\t\t\t\t\t\t<span class=\"elementor-button-text\">Textes de Loi<\/span>\n\t\t\t\t\t<\/span>\n\t\t\t\t\t<\/a>\n\t\t\t\t<\/div>\n\t\t\t\t\t\t<\/div>\n\t\t\t\t<\/div>\n\t\t\t\t\t<\/div>\n\t\t<\/div>\n\t\t\t\t<div class=\"elementor-column elementor-col-66 elementor-top-column elementor-element elementor-element-a089d30\" data-id=\"a089d30\" data-element_type=\"column\">\n\t\t\t<div class=\"elementor-widget-wrap elementor-element-populated\">\n\t\t\t\t\t\t<div class=\"elementor-element elementor-element-76458a2 elementor-grid-eael-col-3 elementor-grid-tablet-eael-col-2 elementor-grid-mobile-eael-col-1 elementor-widget elementor-widget-eael-post-grid\" data-id=\"76458a2\" data-element_type=\"widget\" data-settings=\"{&quot;eael_post_grid_columns&quot;:&quot;eael-col-3&quot;,&quot;eael_post_grid_columns_tablet&quot;:&quot;eael-col-2&quot;,&quot;eael_post_grid_columns_mobile&quot;:&quot;eael-col-1&quot;}\" data-widget_type=\"eael-post-grid.default\">\n\t\t\t\t<div class=\"elementor-widget-container\">\n\t\t\t<div id=\"eael-post-grid-76458a2\" class=\"eael-post-grid-container\">\n            <div class=\"eael-post-grid eael-post-appender eael-post-appender-76458a2 eael-post-grid-style-one\" data-layout-mode=\"grid\"><article class=\"eael-grid-post eael-post-grid-column\" data-id=\"6663\">\n        <div class=\"eael-grid-post-holder\">\n            <div class=\"eael-grid-post-holder-inner\"><div class=\"eael-entry-wrapper\"><header class=\"eael-entry-header\"><h2 class=\"eael-entry-title\"><a class=\"eael-grid-post-link\" href=\"https:\/\/dgi.gouv.ht\/ht\/ova_sev\/contribution-foncere-de-proprietes-baties\/\" title=\"Contribution Fonci\u00e8re de Propri\u00e9t\u00e9s Baties\">Contribution Fonci\u00e8re de Propri\u00e9t\u00e9s Baties<\/a><\/h2><\/header><div class=\"eael-entry-header-after\"><div class=\"eael-entry-meta\"><\/div><\/div><div class=\"eael-entry-content\">\n                        <div class=\"eael-grid-post-excerpt\"><p>C\u2019est un imp\u00f4t communal r\u00e9el dont la base taxable reste la valeur locative de l\u2019immeuble....<\/p><a href=\"https:\/\/dgi.gouv.ht\/ht\/ova_sev\/contribution-foncere-de-proprietes-baties\/\" class=\"eael-post-elements-readmore-btn\">Lire plus<\/a><\/div>\n                    <\/div><\/div><\/div>\n        <\/div>\n    <\/article><article class=\"eael-grid-post eael-post-grid-column\" data-id=\"806\">\n        <div class=\"eael-grid-post-holder\">\n            <div class=\"eael-grid-post-holder-inner\"><div class=\"eael-entry-wrapper\"><header class=\"eael-entry-header\"><h2 class=\"eael-entry-title\"><a class=\"eael-grid-post-link\" href=\"https:\/\/dgi.gouv.ht\/ht\/ova_sev\/declaration-definitive-impot-revenu\/\" title=\"D\u00e9claration D\u00e9finitive d\u2019Imp\u00f4t sur le Revenu\">D\u00e9claration D\u00e9finitive d\u2019Imp\u00f4t sur le Revenu<\/a><\/h2><\/header><div class=\"eael-entry-header-after\"><div class=\"eael-entry-meta\"><\/div><\/div><div class=\"eael-entry-content\">\n                        <div class=\"eael-grid-post-excerpt\"><p>La D\u00e9claration D\u00e9finitive d\u2019Imp\u00f4t sur le Revenu regroupe l\u2019ensemble des revenus cat\u00e9goriels r\u00e9alis\u00e9s au titre...<\/p><a href=\"https:\/\/dgi.gouv.ht\/ht\/ova_sev\/declaration-definitive-impot-revenu\/\" class=\"eael-post-elements-readmore-btn\">Lire plus<\/a><\/div>\n                    <\/div><\/div><\/div>\n        <\/div>\n    <\/article><article class=\"eael-grid-post eael-post-grid-column\" data-id=\"6556\">\n        <div class=\"eael-grid-post-holder\">\n            <div class=\"eael-grid-post-holder-inner\"><div class=\"eael-entry-wrapper\"><header class=\"eael-entry-header\"><h2 class=\"eael-entry-title\"><a class=\"eael-grid-post-link\" href=\"https:\/\/dgi.gouv.ht\/ht\/ova_sev\/droit-de-licence-des-etrangers\/\" title=\"Droit de Licence des \u00c9trangers\">Droit de Licence des \u00c9trangers<\/a><\/h2><\/header><div class=\"eael-entry-header-after\"><div class=\"eael-entry-meta\"><\/div><\/div><div class=\"eael-entry-content\">\n                        <div class=\"eael-grid-post-excerpt\"><p>La licence est une autorisation d\u00e9livr\u00e9e par l\u2019autorit\u00e9 comp\u00e9tente \u00e0 une personne physique ou morale...<\/p><a href=\"https:\/\/dgi.gouv.ht\/ht\/ova_sev\/droit-de-licence-des-etrangers\/\" class=\"eael-post-elements-readmore-btn\">Lire plus<\/a><\/div>\n                    <\/div><\/div><\/div>\n        <\/div>\n    <\/article><article class=\"eael-grid-post eael-post-grid-column\" data-id=\"6627\">\n        <div class=\"eael-grid-post-holder\">\n            <div class=\"eael-grid-post-holder-inner\"><div class=\"eael-entry-wrapper\"><header class=\"eael-entry-header\"><h2 class=\"eael-entry-title\"><a class=\"eael-grid-post-link\" href=\"https:\/\/dgi.gouv.ht\/ht\/ova_sev\/lacompte-provisionnel-sur-limpot-sur-le-revenu\/\" title=\"L\u2019Acompte Provisionnel sur l&rsquo;Imp\u00f4t sur le Revenu\">L\u2019Acompte Provisionnel sur l&rsquo;Imp\u00f4t sur le Revenu<\/a><\/h2><\/header><div class=\"eael-entry-header-after\"><div class=\"eael-entry-meta\"><\/div><\/div><div class=\"eael-entry-content\">\n                        <div class=\"eael-grid-post-excerpt\"><p>L\u2019acompte provisionnel sur l\u2019Imp\u00f4t sur le revenu est une avance d\u2019imp\u00f4t faite sur l\u2019Imp\u00f4t sur...<\/p><a href=\"https:\/\/dgi.gouv.ht\/ht\/ova_sev\/lacompte-provisionnel-sur-limpot-sur-le-revenu\/\" class=\"eael-post-elements-readmore-btn\">Lire plus<\/a><\/div>\n                    <\/div><\/div><\/div>\n        <\/div>\n    <\/article><article class=\"eael-grid-post eael-post-grid-column\" data-id=\"6529\">\n        <div class=\"eael-grid-post-holder\">\n            <div class=\"eael-grid-post-holder-inner\"><div class=\"eael-entry-wrapper\"><header class=\"eael-entry-header\"><h2 class=\"eael-entry-title\"><a class=\"eael-grid-post-link\" href=\"https:\/\/dgi.gouv.ht\/ht\/ova_sev\/la-caisse-dassistance-sociale\/\" title=\"La Caisse d&rsquo;Assistance Sociale\">La Caisse d&rsquo;Assistance Sociale<\/a><\/h2><\/header><div class=\"eael-entry-header-after\"><div class=\"eael-entry-meta\"><\/div><\/div><div class=\"eael-entry-content\">\n                        <div class=\"eael-grid-post-excerpt\"><p>Suivant la loi du 26 mai 1971, la Caisse d\u2019Assistance Sociale sera aliment\u00e9e par une...<\/p><a href=\"https:\/\/dgi.gouv.ht\/ht\/ova_sev\/la-caisse-dassistance-sociale\/\" class=\"eael-post-elements-readmore-btn\">Lire plus<\/a><\/div>\n                    <\/div><\/div><\/div>\n        <\/div>\n    <\/article><article class=\"eael-grid-post eael-post-grid-column\" data-id=\"6402\">\n        <div class=\"eael-grid-post-holder\">\n            <div class=\"eael-grid-post-holder-inner\"><div class=\"eael-entry-wrapper\"><header class=\"eael-entry-header\"><h2 class=\"eael-entry-title\"><a class=\"eael-grid-post-link\" href=\"https:\/\/dgi.gouv.ht\/ht\/ova_sev\/la-carte-dindentite-professionnelle\/\" title=\"La Carte D&rsquo;indentite Professionnelle\">La Carte D&rsquo;indentite Professionnelle<\/a><\/h2><\/header><div class=\"eael-entry-header-after\"><div class=\"eael-entry-meta\"><\/div><\/div><div class=\"eael-entry-content\">\n                        <div class=\"eael-grid-post-excerpt\"><p>Toute personne exer\u00e7ant le commerce sur le territoire de la R\u00e9publique est tenue d\u2019avoir en...<\/p><a href=\"https:\/\/dgi.gouv.ht\/ht\/ova_sev\/la-carte-dindentite-professionnelle\/\" class=\"eael-post-elements-readmore-btn\">Lire plus<\/a><\/div>\n                    <\/div><\/div><\/div>\n        <\/div>\n    <\/article><article class=\"eael-grid-post eael-post-grid-column\" data-id=\"6434\">\n        <div class=\"eael-grid-post-holder\">\n            <div class=\"eael-grid-post-holder-inner\"><div class=\"eael-entry-wrapper\"><header class=\"eael-entry-header\"><h2 class=\"eael-entry-title\"><a class=\"eael-grid-post-link\" href=\"https:\/\/dgi.gouv.ht\/ht\/ova_sev\/la-contribution-au-fond-de-gestion-et-de-developpement-des-collectivites-territoriales\/\" title=\"La Contribution au Fond de Gestion et de Developpement des Collectivit\u00e9s Territoriales\">La Contribution au Fond de Gestion et de Developpement des Collectivit\u00e9s Territoriales<\/a><\/h2><\/header><div class=\"eael-entry-header-after\"><div class=\"eael-entry-meta\"><\/div><\/div><div class=\"eael-entry-content\">\n                        <div class=\"eael-grid-post-excerpt\"><p>La CFGDCT est un imp\u00f4t destin\u00e9 aux collectivit\u00e9s territoriales dont les liquidations et perceptions sont...<\/p><a href=\"https:\/\/dgi.gouv.ht\/ht\/ova_sev\/la-contribution-au-fond-de-gestion-et-de-developpement-des-collectivites-territoriales\/\" class=\"eael-post-elements-readmore-btn\">Lire plus<\/a><\/div>\n                    <\/div><\/div><\/div>\n        <\/div>\n    <\/article><article class=\"eael-grid-post eael-post-grid-column\" data-id=\"6551\">\n        <div class=\"eael-grid-post-holder\">\n            <div class=\"eael-grid-post-holder-inner\"><div class=\"eael-entry-wrapper\"><header class=\"eael-entry-header\"><h2 class=\"eael-entry-title\"><a class=\"eael-grid-post-link\" href=\"https:\/\/dgi.gouv.ht\/ht\/ova_sev\/la-legalisation-des-pieces\/\" title=\"La L\u00e9galisation des Pi\u00e8ces\">La L\u00e9galisation des Pi\u00e8ces<\/a><\/h2><\/header><div class=\"eael-entry-header-after\"><div class=\"eael-entry-meta\"><\/div><\/div><div class=\"eael-entry-content\">\n                        <div class=\"eael-grid-post-excerpt\"><p>La l\u00e9galisation est l\u2019op\u00e9ration par laquelle un fonctionnaire public, d\u00e9sign\u00e9 par la loi, atteste la...<\/p><a href=\"https:\/\/dgi.gouv.ht\/ht\/ova_sev\/la-legalisation-des-pieces\/\" class=\"eael-post-elements-readmore-btn\">Lire plus<\/a><\/div>\n                    <\/div><\/div><\/div>\n        <\/div>\n    <\/article><article class=\"eael-grid-post eael-post-grid-column\" data-id=\"6107\">\n        <div class=\"eael-grid-post-holder\">\n            <div class=\"eael-grid-post-holder-inner\"><div class=\"eael-entry-wrapper\"><header class=\"eael-entry-header\"><h2 class=\"eael-entry-title\"><a class=\"eael-grid-post-link\" href=\"https:\/\/dgi.gouv.ht\/ht\/ova_sev\/la-matricule-fiscale\/\" title=\"La Matricule Fiscale\">La Matricule Fiscale<\/a><\/h2><\/header><div class=\"eael-entry-header-after\"><div class=\"eael-entry-meta\"><\/div><\/div><div class=\"eael-entry-content\">\n                        <div class=\"eael-grid-post-excerpt\"><p>La carte d\u2019identit\u00e9 fiscale \u00e9tait une pi\u00e8ce d\u2019identification r\u00e9clam\u00e9e par l\u2019Etat ha\u00eftien \u00e0 toutes les...<\/p><a href=\"https:\/\/dgi.gouv.ht\/ht\/ova_sev\/la-matricule-fiscale\/\" class=\"eael-post-elements-readmore-btn\">Lire plus<\/a><\/div>\n                    <\/div><\/div><\/div>\n        <\/div>\n    <\/article><article class=\"eael-grid-post eael-post-grid-column\" data-id=\"6633\">\n        <div class=\"eael-grid-post-holder\">\n            <div class=\"eael-grid-post-holder-inner\"><div class=\"eael-entry-wrapper\"><header class=\"eael-entry-header\"><h2 class=\"eael-entry-title\"><a class=\"eael-grid-post-link\" href=\"https:\/\/dgi.gouv.ht\/ht\/ova_sev\/la-patente\/\" title=\"La Patente\">La Patente<\/a><\/h2><\/header><div class=\"eael-entry-header-after\"><div class=\"eael-entry-meta\"><\/div><\/div><div class=\"eael-entry-content\">\n                        <div class=\"eael-grid-post-excerpt\"><p>La patente est un imp\u00f4t dont les recettes sont reparties entre les communes de l\u2019Etat....<\/p><a href=\"https:\/\/dgi.gouv.ht\/ht\/ova_sev\/la-patente\/\" class=\"eael-post-elements-readmore-btn\">Lire plus<\/a><\/div>\n                    <\/div><\/div><\/div>\n        <\/div>\n    <\/article><article class=\"eael-grid-post eael-post-grid-column\" data-id=\"6578\">\n        <div class=\"eael-grid-post-holder\">\n            <div class=\"eael-grid-post-holder-inner\"><div class=\"eael-entry-wrapper\"><header class=\"eael-entry-header\"><h2 class=\"eael-entry-title\"><a class=\"eael-grid-post-link\" href=\"https:\/\/dgi.gouv.ht\/ht\/ova_sev\/le-droit-de-fonctionnement\/\" title=\"Le Droit de Fonctionnement\">Le Droit de Fonctionnement<\/a><\/h2><\/header><div class=\"eael-entry-header-after\"><div class=\"eael-entry-meta\"><\/div><\/div><div class=\"eael-entry-content\">\n                        <div class=\"eael-grid-post-excerpt\"><p>Selon l\u2019article 1er du d\u00e9cret du 31 Octobre 1967, toute soci\u00e9t\u00e9 de commerce doit exp\u00e9dier...<\/p><a href=\"https:\/\/dgi.gouv.ht\/ht\/ova_sev\/le-droit-de-fonctionnement\/\" class=\"eael-post-elements-readmore-btn\">Lire plus<\/a><\/div>\n                    <\/div><\/div><\/div>\n        <\/div>\n    <\/article><article class=\"eael-grid-post eael-post-grid-column\" data-id=\"6583\">\n        <div class=\"eael-grid-post-holder\">\n            <div class=\"eael-grid-post-holder-inner\"><div class=\"eael-entry-wrapper\"><header class=\"eael-entry-header\"><h2 class=\"eael-entry-title\"><a class=\"eael-grid-post-link\" href=\"https:\/\/dgi.gouv.ht\/ht\/ova_sev\/le-droit-de-non-fonctionnement\/\" title=\"Le Droit de non Fonctionnement\">Le Droit de non Fonctionnement<\/a><\/h2><\/header><div class=\"eael-entry-header-after\"><div class=\"eael-entry-meta\"><\/div><\/div><div class=\"eael-entry-content\">\n                        <div class=\"eael-grid-post-excerpt\"><p>Toute soci\u00e9t\u00e9 anonyme ha\u00eftienne r\u00e9guli\u00e8rement constitu\u00e9e qui ne fonctionne pas mais qui d\u00e9sire cependant conserver...<\/p><a href=\"https:\/\/dgi.gouv.ht\/ht\/ova_sev\/le-droit-de-non-fonctionnement\/\" class=\"eael-post-elements-readmore-btn\">Lire plus<\/a><\/div>\n                    <\/div><\/div><\/div>\n        <\/div>\n    <\/article><\/div>\n            <div class=\"clearfix\"><\/div>\n        <\/div>            <div class=\"eael-load-more-button-wrap\">\n                <button class=\"eael-load-more-button\" id=\"eael-load-more-btn-76458a2\" data-widget-id=\"76458a2\" data-widget=\"76458a2\" data-page-id=\"68\" data-template=\"{&quot;dir&quot;:&quot;lite&quot;,&quot;file_name&quot;:&quot;one.php&quot;,&quot;name&quot;:&quot;Post-Grid&quot;}\" data-class=\"Essential_Addons_Elementor\\Elements\\Post_Grid\" data-layout=\"grid\" data-page=\"1\" data-args=\"orderby=title&amp;order=asc&amp;ignore_sticky_posts=1&amp;post_status=publish&amp;posts_per_page=12&amp;offset=0&amp;post_type=ova_sev\" data-max-page=\"2\">\n                    <span class=\"eael-btn-loader button__loader\"><\/span>\n                    <span class=\"eael_load_more_text\">Afficher plus<\/span>\n                <\/button>\n            <\/div>\n            \t\t<\/div>\n\t\t\t\t<\/div>\n\t\t\t\t<div class=\"elementor-element elementor-element-e6806c4 elementor-widget__width-initial elementor-widget-tablet__width-initial elementor-widget-mobile__width-inherit elementor-hidden-tablet elementor-hidden-mobile elementor-hidden-desktop elementor-invisible elementor-widget elementor-widget-ova_archive_sev\" data-id=\"e6806c4\" data-element_type=\"widget\" data-settings=\"{&quot;_animation&quot;:&quot;fadeInUp&quot;}\" data-widget_type=\"ova_archive_sev.default\">\n\t\t\t\t<div class=\"elementor-widget-container\">\n\t\t\t\n\n<div class=\"ova_archive_sev archive_sev three_column\">\n\t<div class=\"content\">\n\t\t<div class=\"wp-content\">\n\t\t\n\t\t\t<div class=\"items elementor-items\">\n\t\t\t\t<div class=\"wp-items\">\n\t\t\t\t\n\t\t\t\t\t\t\t\t\t<div class=\"icon\">\n\t\t\t\t\t\t<span class=\"flaticon-file-3\"><\/span>\n\t\t\t\t\t<\/div>\n\t\t\t\t\t\n\t\t\t\t\t\t\t\t\t\t\t<h3 class=\"title\">\n\t\t\t\t\t\t\t<a class=\"second_font\" href=\"https:\/\/dgi.gouv.ht\/ht\/ova_sev\/le-fonds-durgence\/\">\n\t\t\t\t\t\t\t\tLe Fonds d&rsquo;Urgence\t\t\t\t\t\t\t<\/a>\n\t\t\t\t\t\t<\/h3>\n\t\t\t\t\t\n\t\t\t\t\t<div class=\"content-sub\">\n\t\t\t\t\t\t\t\t\t\t\t\t<p class=\"excerpt\">\n\t\t\t\t\t\t\tLa loi du 18 septembre 1966 a cr\u00e9\u00e9 \u00e0 la BRH un Fonds d\u2019Urgence dont les ressources doivent permettre au Chef du Pouvoir Ex\u00e9cutif de faire face aux d\u00e9penses qui pourront s\u2019av\u00e9rer n\u00e9cessaires par suite de cas d\u2019urgence affectant la survie de nos populations et la s\u00e9curit\u00e9 nationale.\t\t\t\t\t\t<\/p>\n\t\t\t\t\t\t\t\t\t\t\t\t\n\t\t\t\t\t\t\n\t\t\t\t\t\t<a href=\"https:\/\/dgi.gouv.ht\/ht\/ova_sev\/le-fonds-durgence\/\" class=\"second_font readmore\">\n\t\t\t\t\t\t\tRead More\t\t\t\t\t\t\t<i data-feather=\"arrow-right\"><\/i>\n\t\t\t\t\t\t<\/a>\n\t\t\t\t\t\t\n\t\t\t\t\t<\/div>\n\t\t\t\t\t\t\t\t\t\t<div class=\"icon-hide\">\n\t\t\t\t\t\t<span class=\"flaticon-file-3\"><\/span>\n\t\t\t\t\t<\/div>\n\t\t\t\t\t\t\t\t\t<\/div>\n\n\t\t\t<\/div>\n\n\t\t\n\t\t\t<div class=\"items elementor-items\">\n\t\t\t\t<div class=\"wp-items\">\n\t\t\t\t\n\t\t\t\t\t\t\t\t\t<div class=\"icon\">\n\t\t\t\t\t\t<span class=\"flaticon-file-3\"><\/span>\n\t\t\t\t\t<\/div>\n\t\t\t\t\t\n\t\t\t\t\t\t\t\t\t\t\t<h3 class=\"title\">\n\t\t\t\t\t\t\t<a class=\"second_font\" href=\"https:\/\/dgi.gouv.ht\/ht\/ova_sev\/taxe-permis-de-conduire\/\">\n\t\t\t\t\t\t\t\tTaxe Permis de Conduire\t\t\t\t\t\t\t<\/a>\n\t\t\t\t\t\t<\/h3>\n\t\t\t\t\t\n\t\t\t\t\t<div class=\"content-sub\">\n\t\t\t\t\t\t\t\t\t\t\t\t<p class=\"excerpt\">\n\t\t\t\t\t\t\tLa taxe dite de Permis de Conduire est acquitt\u00e9e lors de la d\u00e9livrance au conducteur du document l\u2019habilitant \u00e0 piloter des v\u00e9hicules \u00e0 moteur ou \u00e0 traction animale.\t\t\t\t\t\t<\/p>\n\t\t\t\t\t\t\t\t\t\t\t\t\n\t\t\t\t\t\t\n\t\t\t\t\t\t<a href=\"https:\/\/dgi.gouv.ht\/ht\/ova_sev\/taxe-permis-de-conduire\/\" class=\"second_font readmore\">\n\t\t\t\t\t\t\tRead More\t\t\t\t\t\t\t<i data-feather=\"arrow-right\"><\/i>\n\t\t\t\t\t\t<\/a>\n\t\t\t\t\t\t\n\t\t\t\t\t<\/div>\n\t\t\t\t\t\t\t\t\t\t<div class=\"icon-hide\">\n\t\t\t\t\t\t<span class=\"flaticon-file-3\"><\/span>\n\t\t\t\t\t<\/div>\n\t\t\t\t\t\t\t\t\t<\/div>\n\n\t\t\t<\/div>\n\n\t\t\n\t\t\t<div class=\"items elementor-items\">\n\t\t\t\t<div class=\"wp-items\">\n\t\t\t\t\n\t\t\t\t\t\t\t\t\t<div class=\"icon\">\n\t\t\t\t\t\t<span class=\"flaticon-file-3\"><\/span>\n\t\t\t\t\t<\/div>\n\t\t\t\t\t\n\t\t\t\t\t\t\t\t\t\t\t<h3 class=\"title\">\n\t\t\t\t\t\t\t<a class=\"second_font\" href=\"https:\/\/dgi.gouv.ht\/ht\/ova_sev\/declaration-definitive-impot-revenu\/\">\n\t\t\t\t\t\t\t\tD\u00e9claration D\u00e9finitive d\u2019Imp\u00f4t sur le Revenu\t\t\t\t\t\t\t<\/a>\n\t\t\t\t\t\t<\/h3>\n\t\t\t\t\t\n\t\t\t\t\t<div class=\"content-sub\">\n\t\t\t\t\t\t\t\t\t\t\t\t<p class=\"excerpt\">\n\t\t\t\t\t\t\tLa D\u00e9claration D\u00e9finitive d\u2019Imp\u00f4t sur le Revenu regroupe l\u2019ensemble des revenus cat\u00e9goriels r\u00e9alis\u00e9s au titre d\u2019un exercice fiscal, faite par le contribuable, aux fins de d\u00e9terminer l\u2019imp\u00f4t sur le revenu d\u00e9finitif \u00e0 payer. Elle est unique et personnelle.\t\t\t\t\t\t<\/p>\n\t\t\t\t\t\t\t\t\t\t\t\t\n\t\t\t\t\t\t\n\t\t\t\t\t\t<a href=\"https:\/\/dgi.gouv.ht\/ht\/ova_sev\/declaration-definitive-impot-revenu\/\" class=\"second_font readmore\">\n\t\t\t\t\t\t\tRead More\t\t\t\t\t\t\t<i data-feather=\"arrow-right\"><\/i>\n\t\t\t\t\t\t<\/a>\n\t\t\t\t\t\t\n\t\t\t\t\t<\/div>\n\t\t\t\t\t\t\t\t\t\t<div class=\"icon-hide\">\n\t\t\t\t\t\t<span class=\"flaticon-file-3\"><\/span>\n\t\t\t\t\t<\/div>\n\t\t\t\t\t\t\t\t\t<\/div>\n\n\t\t\t<\/div>\n\n\t\t\n\t\t\t<div class=\"items elementor-items\">\n\t\t\t\t<div class=\"wp-items\">\n\t\t\t\t\n\t\t\t\t\t\t\t\t\t<div class=\"icon\">\n\t\t\t\t\t\t<span class=\"flaticon-file-3\"><\/span>\n\t\t\t\t\t<\/div>\n\t\t\t\t\t\n\t\t\t\t\t\t\t\t\t\t\t<h3 class=\"title\">\n\t\t\t\t\t\t\t<a class=\"second_font\" href=\"https:\/\/dgi.gouv.ht\/ht\/ova_sev\/la-legalisation-des-pieces\/\">\n\t\t\t\t\t\t\t\tLa L\u00e9galisation des Pi\u00e8ces\t\t\t\t\t\t\t<\/a>\n\t\t\t\t\t\t<\/h3>\n\t\t\t\t\t\n\t\t\t\t\t<div class=\"content-sub\">\n\t\t\t\t\t\t\t\t\t\t\t\t<p class=\"excerpt\">\n\t\t\t\t\t\t\tLa l\u00e9galisation est l\u2019op\u00e9ration par laquelle un fonctionnaire public, d\u00e9sign\u00e9 par la loi, atteste la v\u00e9rit\u00e9 d\u2019une signature appos\u00e9e au bas d\u2019un acte afin qu\u2019on puisse y ajouter foi partout o\u00f9 il est produit \t\t\t\t\t\t<\/p>\n\t\t\t\t\t\t\t\t\t\t\t\t\n\t\t\t\t\t\t\n\t\t\t\t\t\t<a href=\"https:\/\/dgi.gouv.ht\/ht\/ova_sev\/la-legalisation-des-pieces\/\" class=\"second_font readmore\">\n\t\t\t\t\t\t\tRead More\t\t\t\t\t\t\t<i data-feather=\"arrow-right\"><\/i>\n\t\t\t\t\t\t<\/a>\n\t\t\t\t\t\t\n\t\t\t\t\t<\/div>\n\t\t\t\t\t\t\t\t\t\t<div class=\"icon-hide\">\n\t\t\t\t\t\t<span class=\"flaticon-file-3\"><\/span>\n\t\t\t\t\t<\/div>\n\t\t\t\t\t\t\t\t\t<\/div>\n\n\t\t\t<\/div>\n\n\t\t\n\t\t\t<div class=\"items elementor-items\">\n\t\t\t\t<div class=\"wp-items\">\n\t\t\t\t\n\t\t\t\t\t\t\t\t\t<div class=\"icon\">\n\t\t\t\t\t\t<span class=\"flaticon-file-3\"><\/span>\n\t\t\t\t\t<\/div>\n\t\t\t\t\t\n\t\t\t\t\t\t\t\t\t\t\t<h3 class=\"title\">\n\t\t\t\t\t\t\t<a class=\"second_font\" href=\"https:\/\/dgi.gouv.ht\/ht\/ova_sev\/les-retenus-a-la-source\/\">\n\t\t\t\t\t\t\t\tLes Retenus \u00e0 la source\t\t\t\t\t\t\t<\/a>\n\t\t\t\t\t\t<\/h3>\n\t\t\t\t\t\n\t\t\t\t\t<div class=\"content-sub\">\n\t\t\t\t\t\t\t\t\t\t\t\t<p class=\"excerpt\">\n\t\t\t\t\t\t\tLe revenu \u00e9tant le produit d\u2019une activit\u00e9 individuelle ou collective d\u2019ordre intellectuel ou mat\u00e9riel, sa r\u00e9alisation est li\u00e9e \u00e0 certains facteurs dont le temps.\t\t\t\t\t\t<\/p>\n\t\t\t\t\t\t\t\t\t\t\t\t\n\t\t\t\t\t\t\n\t\t\t\t\t\t<a href=\"https:\/\/dgi.gouv.ht\/ht\/ova_sev\/les-retenus-a-la-source\/\" class=\"second_font readmore\">\n\t\t\t\t\t\t\tRead More\t\t\t\t\t\t\t<i data-feather=\"arrow-right\"><\/i>\n\t\t\t\t\t\t<\/a>\n\t\t\t\t\t\t\n\t\t\t\t\t<\/div>\n\t\t\t\t\t\t\t\t\t\t<div class=\"icon-hide\">\n\t\t\t\t\t\t<span class=\"flaticon-file-3\"><\/span>\n\t\t\t\t\t<\/div>\n\t\t\t\t\t\t\t\t\t<\/div>\n\n\t\t\t<\/div>\n\n\t\t\n\t\t\t<div class=\"items elementor-items\">\n\t\t\t\t<div class=\"wp-items\">\n\t\t\t\t\n\t\t\t\t\t\t\t\t\t<div class=\"icon\">\n\t\t\t\t\t\t<span class=\"flaticon-file-3\"><\/span>\n\t\t\t\t\t<\/div>\n\t\t\t\t\t\n\t\t\t\t\t\t\t\t\t\t\t<h3 class=\"title\">\n\t\t\t\t\t\t\t<a class=\"second_font\" href=\"https:\/\/dgi.gouv.ht\/ht\/ova_sev\/droit-de-licence-des-etrangers\/\">\n\t\t\t\t\t\t\t\tDroit de Licence des \u00c9trangers\t\t\t\t\t\t\t<\/a>\n\t\t\t\t\t\t<\/h3>\n\t\t\t\t\t\n\t\t\t\t\t<div class=\"content-sub\">\n\t\t\t\t\t\t\t\t\t\t\t\t<p class=\"excerpt\">\n\t\t\t\t\t\t\tLa licence est une autorisation d\u00e9livr\u00e9e par l\u2019autorit\u00e9 comp\u00e9tente \u00e0 une personne physique ou morale l\u2019habilitant \u00e0 exercer sur le territoire de la R\u00e9publique un commerce, une industrie, une profession ou toutes autres activit\u00e9s r\u00e9glement\u00e9es par la Loi.\t\t\t\t\t\t<\/p>\n\t\t\t\t\t\t\t\t\t\t\t\t\n\t\t\t\t\t\t\n\t\t\t\t\t\t<a href=\"https:\/\/dgi.gouv.ht\/ht\/ova_sev\/droit-de-licence-des-etrangers\/\" class=\"second_font readmore\">\n\t\t\t\t\t\t\tRead More\t\t\t\t\t\t\t<i data-feather=\"arrow-right\"><\/i>\n\t\t\t\t\t\t<\/a>\n\t\t\t\t\t\t\n\t\t\t\t\t<\/div>\n\t\t\t\t\t\t\t\t\t\t<div class=\"icon-hide\">\n\t\t\t\t\t\t<span class=\"flaticon-file-3\"><\/span>\n\t\t\t\t\t<\/div>\n\t\t\t\t\t\t\t\t\t<\/div>\n\n\t\t\t<\/div>\n\n\t\t\n\t\t\t<div class=\"items elementor-items\">\n\t\t\t\t<div class=\"wp-items\">\n\t\t\t\t\n\t\t\t\t\t\t\t\t\t<div class=\"icon\">\n\t\t\t\t\t\t<span class=\"flaticon-file-3\"><\/span>\n\t\t\t\t\t<\/div>\n\t\t\t\t\t\n\t\t\t\t\t\t\t\t\t\t\t<h3 class=\"title\">\n\t\t\t\t\t\t\t<a class=\"second_font\" href=\"https:\/\/dgi.gouv.ht\/ht\/ova_sev\/la-matricule-fiscale\/\">\n\t\t\t\t\t\t\t\tLa Matricule Fiscale\t\t\t\t\t\t\t<\/a>\n\t\t\t\t\t\t<\/h3>\n\t\t\t\t\t\n\t\t\t\t\t<div class=\"content-sub\">\n\t\t\t\t\t\t\t\t\t\t\t\t<p class=\"excerpt\">\n\t\t\t\t\t\t\tLa carte d\u2019identit\u00e9 fiscale \u00e9tait une pi\u00e8ce d\u2019identification r\u00e9clam\u00e9e par l\u2019Etat ha\u00eftien \u00e0 toutes les personnes se trouvant sur le territoire de la R\u00e9publique, qu\u2019elle soit physique ou morale.\t\t\t\t\t\t<\/p>\n\t\t\t\t\t\t\t\t\t\t\t\t\n\t\t\t\t\t\t\n\t\t\t\t\t\t<a href=\"https:\/\/dgi.gouv.ht\/ht\/ova_sev\/la-matricule-fiscale\/\" class=\"second_font readmore\">\n\t\t\t\t\t\t\tRead More\t\t\t\t\t\t\t<i data-feather=\"arrow-right\"><\/i>\n\t\t\t\t\t\t<\/a>\n\t\t\t\t\t\t\n\t\t\t\t\t<\/div>\n\t\t\t\t\t\t\t\t\t\t<div class=\"icon-hide\">\n\t\t\t\t\t\t<span class=\"flaticon-file-3\"><\/span>\n\t\t\t\t\t<\/div>\n\t\t\t\t\t\t\t\t\t<\/div>\n\n\t\t\t<\/div>\n\n\t\t\n\t\t\t<div class=\"items elementor-items\">\n\t\t\t\t<div class=\"wp-items\">\n\t\t\t\t\n\t\t\t\t\t\t\t\t\t<div class=\"icon\">\n\t\t\t\t\t\t<span class=\"flaticon-file-3\"><\/span>\n\t\t\t\t\t<\/div>\n\t\t\t\t\t\n\t\t\t\t\t\t\t\t\t\t\t<h3 class=\"title\">\n\t\t\t\t\t\t\t<a class=\"second_font\" href=\"https:\/\/dgi.gouv.ht\/ht\/ova_sev\/le-quitus-fiscal\/\">\n\t\t\t\t\t\t\t\tLe Quitus Fiscal\t\t\t\t\t\t\t<\/a>\n\t\t\t\t\t\t<\/h3>\n\t\t\t\t\t\n\t\t\t\t\t<div class=\"content-sub\">\n\t\t\t\t\t\t\t\t\t\t\t\t<p class=\"excerpt\">\n\t\t\t\t\t\t\tLes formalit\u00e9s fiscales pour l&#039;obtention du Quitus.\t\t\t\t\t\t<\/p>\n\t\t\t\t\t\t\t\t\t\t\t\t\n\t\t\t\t\t\t\n\t\t\t\t\t\t<a href=\"https:\/\/dgi.gouv.ht\/ht\/ova_sev\/le-quitus-fiscal\/\" class=\"second_font readmore\">\n\t\t\t\t\t\t\tRead More\t\t\t\t\t\t\t<i data-feather=\"arrow-right\"><\/i>\n\t\t\t\t\t\t<\/a>\n\t\t\t\t\t\t\n\t\t\t\t\t<\/div>\n\t\t\t\t\t\t\t\t\t\t<div class=\"icon-hide\">\n\t\t\t\t\t\t<span class=\"flaticon-file-3\"><\/span>\n\t\t\t\t\t<\/div>\n\t\t\t\t\t\t\t\t\t<\/div>\n\n\t\t\t<\/div>\n\n\t\t\n\t\t\t<div class=\"items elementor-items\">\n\t\t\t\t<div class=\"wp-items\">\n\t\t\t\t\n\t\t\t\t\t\t\t\t\t<div class=\"icon\">\n\t\t\t\t\t\t<span class=\"flaticon-file-3\"><\/span>\n\t\t\t\t\t<\/div>\n\t\t\t\t\t\n\t\t\t\t\t\t\t\t\t\t\t<h3 class=\"title\">\n\t\t\t\t\t\t\t<a class=\"second_font\" href=\"https:\/\/dgi.gouv.ht\/ht\/ova_sev\/la-carte-dindentite-professionnelle\/\">\n\t\t\t\t\t\t\t\tLa Carte D&rsquo;indentite Professionnelle\t\t\t\t\t\t\t<\/a>\n\t\t\t\t\t\t<\/h3>\n\t\t\t\t\t\n\t\t\t\t\t<div class=\"content-sub\">\n\t\t\t\t\t\t\t\t\t\t\t\t<p class=\"excerpt\">\n\t\t\t\t\t\t\tToute personne exer\u00e7ant le commerce sur le territoire de la R\u00e9publique est tenue d\u2019avoir en sa possession une carte d\u2019identit\u00e9 professionnelle indiquant son signalement descriptif, son nom, pr\u00e9nom, date et lieu de naissance, sa nationalit\u00e9 originaire ou acquise s\u2019il y a lieu, ainsi que son domicile.\t\t\t\t\t\t<\/p>\n\t\t\t\t\t\t\t\t\t\t\t\t\n\t\t\t\t\t\t\n\t\t\t\t\t\t<a href=\"https:\/\/dgi.gouv.ht\/ht\/ova_sev\/la-carte-dindentite-professionnelle\/\" class=\"second_font readmore\">\n\t\t\t\t\t\t\tRead More\t\t\t\t\t\t\t<i data-feather=\"arrow-right\"><\/i>\n\t\t\t\t\t\t<\/a>\n\t\t\t\t\t\t\n\t\t\t\t\t<\/div>\n\t\t\t\t\t\t\t\t\t\t<div class=\"icon-hide\">\n\t\t\t\t\t\t<span class=\"flaticon-file-3\"><\/span>\n\t\t\t\t\t<\/div>\n\t\t\t\t\t\t\t\t\t<\/div>\n\n\t\t\t<\/div>\n\n\t\t\t\t<\/div>\n\t<\/div>\n\n\n\n<\/div>\n\n\n\t\t<\/div>\n\t\t\t\t<\/div>\n\t\t\t\t\t<\/div>\n\t\t<\/div>\n\t\t\t\t\t<\/div>\n\t\t<\/section>\n\t\t\t\t<section data-particle_enable=\"false\" data-particle-mobile-disabled=\"false\" class=\"elementor-section elementor-top-section elementor-element elementor-element-60e83dc elementor-section-boxed elementor-section-height-default elementor-section-height-default\" data-id=\"60e83dc\" data-element_type=\"section\" data-settings=\"{&quot;background_background&quot;:&quot;classic&quot;,&quot;shape_divider_top&quot;:&quot;mountains&quot;}\">\n\t\t\t\t\t<div class=\"elementor-shape elementor-shape-top\" data-negative=\"false\">\n\t\t\t<svg xmlns=\"http:\/\/www.w3.org\/2000\/svg\" viewbox=\"0 0 1000 100\" preserveaspectratio=\"none\">\n\t<path class=\"elementor-shape-fill\" opacity=\"0.33\" d=\"M473,67.3c-203.9,88.3-263.1-34-320.3,0C66,119.1,0,59.7,0,59.7V0h1000v59.7 c0,0-62.1,26.1-94.9,29.3c-32.8,3.3-62.8-12.3-75.8-22.1C806,49.6,745.3,8.7,694.9,4.7S492.4,59,473,67.3z\"\/>\n\t<path class=\"elementor-shape-fill\" opacity=\"0.66\" d=\"M734,67.3c-45.5,0-77.2-23.2-129.1-39.1c-28.6-8.7-150.3-10.1-254,39.1 s-91.7-34.4-149.2,0C115.7,118.3,0,39.8,0,39.8V0h1000v36.5c0,0-28.2-18.5-92.1-18.5C810.2,18.1,775.7,67.3,734,67.3z\"\/>\n\t<path class=\"elementor-shape-fill\" d=\"M766.1,28.9c-200-57.5-266,65.5-395.1,19.5C242,1.8,242,5.4,184.8,20.6C128,35.8,132.3,44.9,89.9,52.5C28.6,63.7,0,0,0,0 h1000c0,0-9.9,40.9-83.6,48.1S829.6,47,766.1,28.9z\"\/>\n<\/svg>\t\t<\/div>\n\t\t\t\t\t<div class=\"elementor-container elementor-column-gap-default\">\n\t\t\t\t\t<div class=\"elementor-column elementor-col-50 elementor-top-column elementor-element elementor-element-74a43ef\" data-id=\"74a43ef\" data-element_type=\"column\">\n\t\t\t<div class=\"elementor-widget-wrap elementor-element-populated\">\n\t\t\t\t\t\t<div class=\"elementor-element elementor-element-b8a28d9 elementor-widget elementor-widget-image\" data-id=\"b8a28d9\" data-element_type=\"widget\" data-widget_type=\"image.default\">\n\t\t\t\t<div class=\"elementor-widget-container\">\n\t\t\t\t\t\t\t\t\t\t\t\t\t<img loading=\"lazy\" decoding=\"async\" width=\"643\" height=\"409\" src=\"https:\/\/dgi.gouv.ht\/wp-content\/uploads\/2023\/10\/Asset-1logo.png\" class=\"attachment-large size-large wp-image-8358\" alt=\"\" srcset=\"https:\/\/dgi.gouv.ht\/wp-content\/uploads\/2023\/10\/Asset-1logo.png 643w, https:\/\/dgi.gouv.ht\/wp-content\/uploads\/2023\/10\/Asset-1logo-300x191.png 300w, https:\/\/dgi.gouv.ht\/wp-content\/uploads\/2023\/10\/Asset-1logo-18x12.png 18w, https:\/\/dgi.gouv.ht\/wp-content\/uploads\/2023\/10\/Asset-1logo-600x382.png 600w, https:\/\/dgi.gouv.ht\/wp-content\/uploads\/2023\/10\/Asset-1logo-560x356.png 560w\" sizes=\"(max-width: 643px) 100vw, 643px\" \/>\t\t\t\t\t\t\t\t\t\t\t\t\t<\/div>\n\t\t\t\t<\/div>\n\t\t\t\t\t<\/div>\n\t\t<\/div>\n\t\t\t\t<div class=\"elementor-column elementor-col-50 elementor-top-column elementor-element elementor-element-aabba34\" data-id=\"aabba34\" data-element_type=\"column\">\n\t\t\t<div class=\"elementor-widget-wrap elementor-element-populated\">\n\t\t\t\t\t\t<div class=\"elementor-element elementor-element-ffc9a5a elementor-widget-tablet__width-initial content-align-cta-default elementor-widget elementor-widget-eael-cta-box\" data-id=\"ffc9a5a\" data-element_type=\"widget\" data-widget_type=\"eael-cta-box.default\">\n\t\t\t\t<div class=\"elementor-widget-container\">\n\t\t\t\t\t<div class=\"eael-call-to-action cta-basic bg-lite cta-preset-2\">\n        <h2 class=\"title\">Centre de Contact<\/h2><p>Que ce soit par t\u00e9l\u00e9phone, chat en ligne, ou formulaire de contact, nous sommes pr\u00eats \u00e0 vous assister rapidement et efficacement.<\/p><a href=\"tel:+50922621000\" class=\"cta-button cta-preset-2 cta-btn-preset-2\"><span class=\"btn-icon\"><i class=\"fas fa-phone-alt\"><\/i><\/span>+509 2262 1000<\/a>\t<\/div>\n\t\t\t\t\t\t<\/div>\n\t\t\t\t<\/div>\n\t\t\t\t\t<\/div>\n\t\t<\/div>\n\t\t\t\t\t<\/div>\n\t\t<\/section>\n\t\t\t\t<section data-particle_enable=\"false\" data-particle-mobile-disabled=\"false\" class=\"elementor-section elementor-top-section elementor-element elementor-element-0bff181 elementor-section-boxed elementor-section-height-default elementor-section-height-default\" data-id=\"0bff181\" data-element_type=\"section\">\n\t\t\t\t\t\t<div class=\"elementor-container elementor-column-gap-default\">\n\t\t\t\t\t<div class=\"elementor-column elementor-col-100 elementor-top-column elementor-element elementor-element-c23023a\" data-id=\"c23023a\" data-element_type=\"column\">\n\t\t\t<div class=\"elementor-widget-wrap elementor-element-populated\">\n\t\t\t\t\t\t<div class=\"elementor-element elementor-element-98590aa eael-dual-header-content-align-center elementor-widget elementor-widget-eael-dual-color-header\" data-id=\"98590aa\" data-element_type=\"widget\" data-widget_type=\"eael-dual-color-header.default\">\n\t\t\t\t<div class=\"elementor-widget-container\">\n\t\t\t\t\t\t<div class=\"eael-dual-header\">\n\t\t\t\t<h6 class=\"title eael-dch-title\"><span class=\"eael-dch-title-text eael-dch-title-lead lead solid-color\">documents<\/span> <span class=\"eael-dch-title-text\"><\/span><\/h6><div class=\"eael-dch-separator-wrap\"><span class=\"separator-one\"><\/span>\n\t\t\t<span class=\"separator-two\"><\/span><\/div>\t\t\t<\/div>\n\n\t\t\t\t<\/div>\n\t\t\t\t<\/div>\n\t\t\t\t<div class=\"elementor-element elementor-element-f3387be elementor-widget elementor-widget-ova_doc_archive\" data-id=\"f3387be\" data-element_type=\"widget\" data-widget_type=\"ova_doc_archive.default\">\n\t\t\t\t<div class=\"elementor-widget-container\">\n\t\t\t\n<div class=\"ova_doc_wrap archive-doc two_column\">\n\t<div class=\"ova-doc-sidebar\">\n\t\t<div class=\"ova_info\">\n\t\t\t<div class=\"ova-list-cat\">\n\t\t\t\t<p class=\"title-list-cat second_font\"><\/p>\n\t\t\t\t<ul>\n\t\t\t\t\t<li class=\"active\">\n\t\t\t\t\t\t<a href=\"https:\/\/dgi.gouv.ht\/ht\/ova_doc\/\">\n\t\t\t\t\t\t\tListe des cat\u00e9gories\t\t\t\t\t\t<\/a>\n\t\t\t\t\t<\/li>\n\t\t\t\t\t\t\t\t\t\t\t\t\t<li>\n\t\t\t\t\t\t\t\t\t<a href=\"https:\/\/dgi.gouv.ht\/ht\/cat_doc\/rapport-annuel\/\">\n\t\t\t\t\t\t\t\t\t\tRapport Annuel\t\t\t\t\t\t\t\t\t<\/a>\n\t\t\t\t\t\t\t\t<\/li>\n\t\t\t\t\t\t\t\t\t<\/ul>\n\t\t\t<\/div>\n\t\t<\/div>\n\t<\/div>\n\t<div class=\"ova_doc_content\">\n\t\t<div class=\"doc-list-item\">\n\t\t\t\t\t<div class=\"items-doc\">\n\t\t\t\t<div class=\"item\">\n\t\t\t\t\t<div class=\"doc-icon-title\">\n\t\t\t\t\t\t<div class=\"icon-doc\">\n\t\t\t\t\t\t\t<i class=\"flaticon-files-1\"><\/i>\n\t\t\t\t\t\t<\/div>\n\t\t\t\t\t\t<div class=\"doc-title-item\">\n\t\t\t\t\t\t\t<h2 class=\"doc-title\">\n\t\t\t\t\t\t\t\t<a href=\"https:\/\/dgi.gouv.ht\/ht\/ova_doc\/commentaires-sur-le-code-general-des-impots-dhaiti\/\">\n\t\t\t\t\t\t\t\t\tCommentaires sur le Code g\u00e9n\u00e9ral des imp\u00f4ts d\u2019Ha\u00efti\t\t\t\t\t\t\t\t<\/a>\n\t\t\t\t\t\t\t<\/h2>\n\t\t\t\t\t\t\t<div class=\"doc-meta\">\n\t\t\t\t\t\t\t\t<span class=\"doc-meta-general\">\n\t\t\t\t\t\t\t\t\t11\/04\/2023\t\t\t\t\t\t\t\t<\/span>\n\t\t\t\t\t\t\t\t<span class=\"doc-categories\">\n\t\t\t\t\t\t\t\t\t\t\t<span class=\"separator-in doc-meta-general\">\n\t\t\t- In\t\t<\/span>\n\t\t\t\t\t\t<span class=\"cat-doc\">\n\t\t\t\t\t<a href=\"https:\/\/dgi.gouv.ht\/ht\/cat_doc\/rapport-annuel\/\">Rapport Annuel<\/a>\n\t\t\t\t<\/span>\n\t\t\t\t<span class=\"separator\">\n\t\t\t\t\t\t\t\t\t<\/span>\n\n\t\t\t\t\t\t       \n\t\t\t\t\t\t\t    <\/span>\n\t\t\t\t\t\t\t<\/div>\n\t\t\t\t\t\t<\/div>\n\t\t\t\t\t<\/div>\n\t\t\t\t\t<div class=\"doc-readmore\">\n\t\t\t\t\t\t<a class=\"second_font\" href=\"https:\/\/dgi.gouv.ht\/ht\/ova_doc\/commentaires-sur-le-code-general-des-impots-dhaiti\/\">\n\t\t\t\t\t\t\tView Document\t\t\t\t\t\t<\/a>\n\t\t\t\t\t<\/div>\n\t\t\t\t<\/div>\n\t\t\t<\/div>\n\t\t\t\t\t<div class=\"items-doc\">\n\t\t\t\t<div class=\"item\">\n\t\t\t\t\t<div class=\"doc-icon-title\">\n\t\t\t\t\t\t<div class=\"icon-doc\">\n\t\t\t\t\t\t\t<i class=\"flaticon-files-1\"><\/i>\n\t\t\t\t\t\t<\/div>\n\t\t\t\t\t\t<div class=\"doc-title-item\">\n\t\t\t\t\t\t\t<h2 class=\"doc-title\">\n\t\t\t\t\t\t\t\t<a href=\"https:\/\/dgi.gouv.ht\/ht\/ova_doc\/rapport-annuel-2019-2020\/\">\n\t\t\t\t\t\t\t\t\tRapport Annuel 2019-2020\t\t\t\t\t\t\t\t<\/a>\n\t\t\t\t\t\t\t<\/h2>\n\t\t\t\t\t\t\t<div class=\"doc-meta\">\n\t\t\t\t\t\t\t\t<span class=\"doc-meta-general\">\n\t\t\t\t\t\t\t\t\t03\/03\/2023\t\t\t\t\t\t\t\t<\/span>\n\t\t\t\t\t\t\t\t<span class=\"doc-categories\">\n\t\t\t\t\t\t\t\t\t\t\t<span class=\"separator-in doc-meta-general\">\n\t\t\t- In\t\t<\/span>\n\t\t\t\t\t\t<span class=\"cat-doc\">\n\t\t\t\t\t<a href=\"https:\/\/dgi.gouv.ht\/ht\/cat_doc\/rapport-annuel\/\">Rapport Annuel<\/a>\n\t\t\t\t<\/span>\n\t\t\t\t<span class=\"separator\">\n\t\t\t\t\t\t\t\t\t<\/span>\n\n\t\t\t\t\t\t       \n\t\t\t\t\t\t\t    <\/span>\n\t\t\t\t\t\t\t<\/div>\n\t\t\t\t\t\t<\/div>\n\t\t\t\t\t<\/div>\n\t\t\t\t\t<div class=\"doc-readmore\">\n\t\t\t\t\t\t<a class=\"second_font\" href=\"https:\/\/dgi.gouv.ht\/ht\/ova_doc\/rapport-annuel-2019-2020\/\">\n\t\t\t\t\t\t\tView Document\t\t\t\t\t\t<\/a>\n\t\t\t\t\t<\/div>\n\t\t\t\t<\/div>\n\t\t\t<\/div>\n\t\t\t\t<\/div>\n\t<\/div>\n<\/div>\t\t<\/div>\n\t\t\t\t<\/div>\n\t\t\t\t\t<\/div>\n\t\t<\/div>\n\t\t\t\t\t<\/div>\n\t\t<\/section>\n\t\t\t\t<section data-particle_enable=\"false\" data-particle-mobile-disabled=\"false\" class=\"elementor-section elementor-top-section elementor-element elementor-element-2bcac02 elementor-section-height-full elementor-section-stretched elementor-hidden-mobile elementor-section-boxed elementor-section-height-default elementor-section-items-middle\" data-id=\"2bcac02\" data-element_type=\"section\" data-settings=\"{&quot;background_background&quot;:&quot;classic&quot;,&quot;stretch_section&quot;:&quot;section-stretched&quot;}\">\n\t\t\t\t\t\t<div class=\"elementor-container elementor-column-gap-default\">\n\t\t\t\t\t<div class=\"elementor-column elementor-col-33 elementor-top-column elementor-element elementor-element-c828c01\" data-id=\"c828c01\" data-element_type=\"column\">\n\t\t\t<div class=\"elementor-widget-wrap elementor-element-populated\">\n\t\t\t\t\t\t<div class=\"elementor-element elementor-element-bd3ec66 egovt_icon_couter elementor-widget elementor-widget-html\" data-id=\"bd3ec66\" data-element_type=\"widget\" data-widget_type=\"html.default\">\n\t\t\t\t<div class=\"elementor-widget-container\">\n\t\t\t<i class=\"flaticon-apartment\"><\/i>\t\t<\/div>\n\t\t\t\t<\/div>\n\t\t\t\t<div class=\"elementor-element elementor-element-1b07a1c ova_egovt_counter elementor-widget elementor-widget-counter\" data-id=\"1b07a1c\" data-element_type=\"widget\" data-widget_type=\"counter.default\">\n\t\t\t\t<div class=\"elementor-widget-container\">\n\t\t\t\t\t<div class=\"elementor-counter\">\n\t\t\t<div class=\"elementor-counter-title\">Directions<br><\/div>\t\t\t<div class=\"elementor-counter-number-wrapper\">\n\t\t\t\t<span class=\"elementor-counter-number-prefix\"><\/span>\n\t\t\t\t<span class=\"elementor-counter-number\" data-duration=\"2000\" data-to-value=\"10\" data-from-value=\"0\" data-delimiter=\",\">0<\/span>\n\t\t\t\t<span class=\"elementor-counter-number-suffix\"><\/span>\n\t\t\t<\/div>\n\t\t<\/div>\n\t\t\t\t<\/div>\n\t\t\t\t<\/div>\n\t\t\t\t\t<\/div>\n\t\t<\/div>\n\t\t\t\t<div class=\"elementor-column elementor-col-33 elementor-top-column elementor-element elementor-element-243d5cd\" data-id=\"243d5cd\" data-element_type=\"column\">\n\t\t\t<div class=\"elementor-widget-wrap elementor-element-populated\">\n\t\t\t\t\t\t<div class=\"elementor-element elementor-element-f37baa7 egovt_icon_couter elementor-widget elementor-widget-html\" data-id=\"f37baa7\" data-element_type=\"widget\" data-widget_type=\"html.default\">\n\t\t\t\t<div class=\"elementor-widget-container\">\n\t\t\t<i style=\"color: 'white'\" class=\"flaticon-bank\"><\/i>\n\t\t<\/div>\n\t\t\t\t<\/div>\n\t\t\t\t<div class=\"elementor-element elementor-element-e9e011f ova_egovt_counter elementor-widget elementor-widget-counter\" data-id=\"e9e011f\" data-element_type=\"widget\" data-widget_type=\"counter.default\">\n\t\t\t\t<div class=\"elementor-widget-container\">\n\t\t\t\t\t<div class=\"elementor-counter\">\n\t\t\t<div class=\"elementor-counter-title\">Agences <br><\/div>\t\t\t<div class=\"elementor-counter-number-wrapper\">\n\t\t\t\t<span class=\"elementor-counter-number-prefix\"><\/span>\n\t\t\t\t<span class=\"elementor-counter-number\" data-duration=\"2000\" data-to-value=\"134\" data-from-value=\"0\" data-delimiter=\",\">0<\/span>\n\t\t\t\t<span class=\"elementor-counter-number-suffix\"><\/span>\n\t\t\t<\/div>\n\t\t<\/div>\n\t\t\t\t<\/div>\n\t\t\t\t<\/div>\n\t\t\t\t\t<\/div>\n\t\t<\/div>\n\t\t\t\t<div class=\"elementor-column elementor-col-33 elementor-top-column elementor-element elementor-element-72daed1\" data-id=\"72daed1\" data-element_type=\"column\">\n\t\t\t<div class=\"elementor-widget-wrap elementor-element-populated\">\n\t\t\t\t\t\t<div class=\"elementor-element elementor-element-cbf2ca7 egovt_icon_couter elementor-widget elementor-widget-html\" data-id=\"cbf2ca7\" data-element_type=\"widget\" data-widget_type=\"html.default\">\n\t\t\t\t<div class=\"elementor-widget-container\">\n\t\t\t<i class=\"flaticon-file-3\"><\/i>\t\t<\/div>\n\t\t\t\t<\/div>\n\t\t\t\t<div class=\"elementor-element elementor-element-6e534c4 ova_egovt_counter elementor-widget elementor-widget-counter\" data-id=\"6e534c4\" data-element_type=\"widget\" data-widget_type=\"counter.default\">\n\t\t\t\t<div class=\"elementor-widget-container\">\n\t\t\t\t\t<div class=\"elementor-counter\">\n\t\t\t<div class=\"elementor-counter-title\">Services <br><\/div>\t\t\t<div class=\"elementor-counter-number-wrapper\">\n\t\t\t\t<span class=\"elementor-counter-number-prefix\"><\/span>\n\t\t\t\t<span class=\"elementor-counter-number\" data-duration=\"2000\" data-to-value=\"22\" data-from-value=\"0\" data-delimiter=\",\">0<\/span>\n\t\t\t\t<span class=\"elementor-counter-number-suffix\"><\/span>\n\t\t\t<\/div>\n\t\t<\/div>\n\t\t\t\t<\/div>\n\t\t\t\t<\/div>\n\t\t\t\t\t<\/div>\n\t\t<\/div>\n\t\t\t\t\t<\/div>\n\t\t<\/section>\n\t\t\t\t<section data-particle_enable=\"false\" data-particle-mobile-disabled=\"false\" class=\"elementor-section elementor-top-section elementor-element elementor-element-ca7c9db elementor-section-boxed elementor-section-height-default elementor-section-height-default\" data-id=\"ca7c9db\" data-element_type=\"section\">\n\t\t\t\t\t\t<div class=\"elementor-container elementor-column-gap-default\">\n\t\t\t\t\t<div class=\"elementor-column elementor-col-100 elementor-top-column elementor-element elementor-element-de6f7ad\" data-id=\"de6f7ad\" data-element_type=\"column\">\n\t\t\t<div class=\"elementor-widget-wrap elementor-element-populated\">\n\t\t\t\t\t\t<div class=\"elementor-element elementor-element-e13e0de elementor-widget elementor-widget-ova_heading\" data-id=\"e13e0de\" data-element_type=\"widget\" data-widget_type=\"ova_heading.default\">\n\t\t\t\t<div class=\"elementor-widget-container\">\n\t\t\t\t\t<div class=\"ova-heading\">\n\t\t\t\n\t\t\t\t\t\t\t<h3 class=\"title second_font\">Nos<\/h3>\n\t\t\t\n\t\t\t\t\t\t\t<p class=\"sub-title\">Ev\u00e9nements<\/p>\n\t\t\t\n\t\t<\/div>\n\t\t\t\t<\/div>\n\t\t\t\t<\/div>\n\t\t\t\t<div class=\"elementor-element elementor-element-b31ed31 elementor-widget elementor-widget-ova_events_grid\" data-id=\"b31ed31\" data-element_type=\"widget\" data-widget_type=\"ova_events_grid.default\">\n\t\t\t\t<div class=\"elementor-widget-container\">\n\t\t\t\t\t\t\t\t\n\n\t\t\t<div class=\"ovapo_project_grid grid\">\n\t\t\t\t\t\t\t\t\t<div class=\"button-filter\">\n\t\t\t\t\t\t\t\t\t\t\t\t\t<button data-filter=\"all\" data-order=\"DESC\" data-orderby=\"date\" data-first_term=\"25\" data-term_id_filter_string=\"25\" data-number_post=\"9\" data-column='' data-show_featured=\"no\" class=\"second_font\" >\n\t\t\t\t\t\t\t\tAll\t\t\t\t\t\t\t<\/button>\n\t\t\t\t\t\t\n\t\t\t\t\t\t\t\t\t\t\t\t\t\t<button data-filter=\"25\" data-order=\"DESC\" data-orderby=\"date\" data-first_term=\"25\" data-term_id_filter_string=\"25\" data-number_post=\"9\" data-column='' data-show_featured=\"no\" class=\"second_font\" \n\t\t\t\t\t\t\t\t\t>\n\t\t\t\t\t\t\t\t\tConference\t\t\t\t\t\t\t\t<\/button>\n\t\t\t\t\t\t\t\t\t\t\t\t<\/div>\n\t\t\t\t\t\t\t\t\n\t\t\t\t<div class=\"content ovapo_project_slide\">\n\t\t\t\t\t<div  class=\"items grid owl-carousel owl-theme\" data-owl=\"{&quot;items&quot;:2,&quot;margin&quot;:0,&quot;dots&quot;:false,&quot;nav&quot;:true,&quot;autoplay&quot;:false,&quot;autoplayTimeout&quot;:5000,&quot;loop&quot;:false,&quot;lazyLoad&quot;:true,&quot;mouseDrag&quot;:true,&quot;navText&quot;:[&quot;&lt;i class=\\&quot;arrow_carrot-left\\&quot;&gt;&lt;\\\/i&gt;&quot;,&quot;&lt;i class=\\&quot;arrow_carrot-right\\&quot;&gt;&lt;\\\/i&gt;&quot;],&quot;responsive&quot;:{&quot;0&quot;:{&quot;items&quot;:1},&quot;768&quot;:{&quot;items&quot;:2},&quot;1024&quot;:{&quot;items&quot;:3}}}\">\n\t\t\t\t\t\t\n\t\t\t\t\t\t\t<div class=\"wrap_item\">\n\t\t\t\t\t\t\t\t<div class=\"item\">\n\t\t\t\t\t\t\t\t\t\n\t\t\t\t\t\t\t\t\t\t\n<div class=\"ovaev-content content-grid2\">\n\t<div class=\"item\">\n\t\t\n\n\t\t<div class=\"desc\">\n\t\t\t<!-- Display Highlight Date 3-->\n\t\t\t\n<div class=\"date-event\">\n\n\t<span class=\"date second_font\">\n\t\t25\t<\/span>\n\t<span class=\"month second_font\">\n\t\tJul\t<\/span>\n\n<\/div>\n\n\t\t\t<!-- Thumbnail -->\n\t\t\t\n<div class=\"event-thumbnail event-thumbnail_up\" style=\"background-image: url(https:\/\/dgi.gouv.ht\/wp-content\/uploads\/2025\/07\/Lancement-du-Centre-dappels-600x458.jpeg);\">\n\t<a href=\"https:\/\/dgi.gouv.ht\/ht\/event\/lancement-du-centre-dappels-105\/\" title=\"LANCEMENT DU CENTRE D&rsquo;APPELS 105\">\n\t<img loading=\"lazy\" decoding=\"async\" width=\"600\" height=\"458\" src=\"https:\/\/dgi.gouv.ht\/wp-content\/uploads\/2025\/07\/Lancement-du-Centre-dappels-600x458.jpeg\" class=\"attachment-egovt_portfolio_thumb size-egovt_portfolio_thumb wp-post-image\" alt=\"\" srcset=\"https:\/\/dgi.gouv.ht\/wp-content\/uploads\/2025\/07\/Lancement-du-Centre-dappels-600x458.jpeg 600w, https:\/\/dgi.gouv.ht\/wp-content\/uploads\/2025\/07\/Lancement-du-Centre-dappels-300x229.jpeg 300w, https:\/\/dgi.gouv.ht\/wp-content\/uploads\/2025\/07\/Lancement-du-Centre-dappels-16x12.jpeg 16w, https:\/\/dgi.gouv.ht\/wp-content\/uploads\/2025\/07\/Lancement-du-Centre-dappels-560x428.jpeg 560w, https:\/\/dgi.gouv.ht\/wp-content\/uploads\/2025\/07\/Lancement-du-Centre-dappels.jpeg 720w\" sizes=\"(max-width: 600px) 100vw, 600px\" \/><\/a>\n<\/div>\n\n\t\t\t<div class=\"event_post post_grid\">\n\n\t\t\t\t<!-- Tille -->\n\t\t\t\t\n<h2 class=\"second_font event_title\">\n\t<a href=\"https:\/\/dgi.gouv.ht\/ht\/event\/lancement-du-centre-dappels-105\/\">\n\t\tLANCEMENT DU CENTRE D&rsquo;APPELS 105\t<\/a>\n<\/h2>\n\t\t\t\t\n\n\t\t\t\t<div class=\"time-event\">\n\t\t\t\t\t\n\n\t\t\t\t\t<!-- Date -->\n\t\t\t\t\t\n\t<div class=\"time equal-date\">\n\t\t<span class=\"icon-time\">\n\t\t\t<i data-feather=\"clock\"><\/i>\n\t\t<\/span>\n\t\t<span class=\"time-date-child\">\n\t\t\t\t\t\t\t<span> 10:00 AM - <\/span>\n\t\t\t\t\t\t\t\t\t\t<span>10:45 AM<\/span>\n\t\t\t\t\t<\/span>\n\t<\/div>\n\n\t\t\t\t\t\n\t\t\t\t\t<!-- Tille -->\n\t\t\t\t\t\n\t<div class=\"venue\">\n\t\t\n\t\t<i data-feather=\"map-pin\"><\/i>\n\t\t<!-- <i class=\"fas fa-map-marker-alt icon_event\"><\/i> -->\n\t\t\n\t\t\n\t\t<span class=\"number\">\n\t\t\tVilla D&#039;accueil.\t\t<\/span>\n\t\t\n\t<\/div>\n\n\t\t\t\t<\/div>\n\n\t\t\t<\/div>\n\n\t\t<\/div>\n\n\t<\/div>\n<\/div>\n\t\t\t\t\t\t\t\t\t\n\t\t\t\t\t\t\t\t<\/div>\t\n\t\t\t\t\t\t\t<\/div>\n\t\t\t\t\t\t\n\t\t\t\t\t\t\t<div class=\"wrap_item\">\n\t\t\t\t\t\t\t\t<div class=\"item\">\n\t\t\t\t\t\t\t\t\t\n\t\t\t\t\t\t\t\t\t\t\n<div class=\"ovaev-content content-grid2\">\n\t<div class=\"item\">\n\t\t\n\n\t\t<div class=\"desc\">\n\t\t\t<!-- Display Highlight Date 3-->\n\t\t\t\n<div class=\"date-event\">\n\n\t<span class=\"date second_font\">\n\t\t24\t<\/span>\n\t<span class=\"month second_font\">\n\t\tJun\t<\/span>\n\n<\/div>\n\n\t\t\t<!-- Thumbnail -->\n\t\t\t\n<div class=\"event-thumbnail event-thumbnail_up\" style=\"background-image: url(https:\/\/dgi.gouv.ht\/wp-content\/uploads\/2025\/07\/9urdbp3d-600x300.png);\">\n\t<a href=\"https:\/\/dgi.gouv.ht\/ht\/event\/inauguration-au-bureau-central-dun-nouvel-espace-dedie-a-la-delivrance-des-plaques-dimmatriculation-des-vehicules-et-des-vignettes-de-validation\/\" title=\"INAUGURATION AU BUREAU CENTRAL D\u2019UN NOUVEL ESPACE DEDIE A LA DELIVRANCE DES PLAQUES D\u2019IMMATRICULATION DES VEHICULES ET DES VIGNETTES DE VALIDATION\">\n\t<img loading=\"lazy\" decoding=\"async\" width=\"600\" height=\"300\" src=\"https:\/\/dgi.gouv.ht\/wp-content\/uploads\/2025\/07\/9urdbp3d-600x300.png\" class=\"attachment-egovt_portfolio_thumb size-egovt_portfolio_thumb wp-post-image\" alt=\"\" srcset=\"https:\/\/dgi.gouv.ht\/wp-content\/uploads\/2025\/07\/9urdbp3d-600x300.png 600w, https:\/\/dgi.gouv.ht\/wp-content\/uploads\/2025\/07\/9urdbp3d-300x150.png 300w, https:\/\/dgi.gouv.ht\/wp-content\/uploads\/2025\/07\/9urdbp3d-1024x512.png 1024w, https:\/\/dgi.gouv.ht\/wp-content\/uploads\/2025\/07\/9urdbp3d-768x384.png 768w, https:\/\/dgi.gouv.ht\/wp-content\/uploads\/2025\/07\/9urdbp3d-18x9.png 18w, https:\/\/dgi.gouv.ht\/wp-content\/uploads\/2025\/07\/9urdbp3d-560x280.png 560w, https:\/\/dgi.gouv.ht\/wp-content\/uploads\/2025\/07\/9urdbp3d.png 1536w\" sizes=\"(max-width: 600px) 100vw, 600px\" \/><\/a>\n<\/div>\n\n\t\t\t<div class=\"event_post post_grid\">\n\n\t\t\t\t<!-- Tille -->\n\t\t\t\t\n<h2 class=\"second_font event_title\">\n\t<a href=\"https:\/\/dgi.gouv.ht\/ht\/event\/inauguration-au-bureau-central-dun-nouvel-espace-dedie-a-la-delivrance-des-plaques-dimmatriculation-des-vehicules-et-des-vignettes-de-validation\/\">\n\t\tINAUGURATION AU BUREAU CENTRAL D\u2019UN NOUVEL ESPACE DEDIE A LA DELIVRANCE DES PLAQUES D\u2019IMMATRICULATION DES VEHICULES ET DES VIGNETTES DE VALIDATION\t<\/a>\n<\/h2>\n\t\t\t\t\n\n\t\t\t\t<div class=\"time-event\">\n\t\t\t\t\t\n\n\t\t\t\t\t<!-- Date -->\n\t\t\t\t\t\n\t<div class=\"time equal-date\">\n\t\t<span class=\"icon-time\">\n\t\t\t<i data-feather=\"clock\"><\/i>\n\t\t<\/span>\n\t\t<span class=\"time-date-child\">\n\t\t\t\t\t\t\t<span> 10:00 AM - <\/span>\n\t\t\t\t\t\t\t\t\t\t<span>11:25 AM<\/span>\n\t\t\t\t\t<\/span>\n\t<\/div>\n\n\t\t\t\t\t\n\t\t\t\t\t<!-- Tille -->\n\t\t\t\t\t\n\t<div class=\"venue\">\n\t\t\n\t\t<i data-feather=\"map-pin\"><\/i>\n\t\t<!-- <i class=\"fas fa-map-marker-alt icon_event\"><\/i> -->\n\t\t\n\t\t\n\t\t<span class=\"number\">\n\t\t\tBureau Central de la DGI.\t\t<\/span>\n\t\t\n\t<\/div>\n\n\t\t\t\t<\/div>\n\n\t\t\t<\/div>\n\n\t\t<\/div>\n\n\t<\/div>\n<\/div>\n\t\t\t\t\t\t\t\t\t\n\t\t\t\t\t\t\t\t<\/div>\t\n\t\t\t\t\t\t\t<\/div>\n\t\t\t\t\t\t\n\t\t\t\t\t\t\t<div class=\"wrap_item\">\n\t\t\t\t\t\t\t\t<div class=\"item\">\n\t\t\t\t\t\t\t\t\t\n\t\t\t\t\t\t\t\t\t\t\n<div class=\"ovaev-content content-grid2\">\n\t<div class=\"item\">\n\t\t\n\n\t\t<div class=\"desc\">\n\t\t\t<!-- Display Highlight Date 3-->\n\t\t\t\n<div class=\"date-event\">\n\n\t<span class=\"date second_font\">\n\t\t15\t<\/span>\n\t<span class=\"month second_font\">\n\t\tDec\t<\/span>\n\n<\/div>\n\n\t\t\t<!-- Thumbnail -->\n\t\t\t\n<div class=\"event-thumbnail event-thumbnail_up\" style=\"background-image: url(https:\/\/dgi.gouv.ht\/wp-content\/uploads\/2020\/09\/dgi-10-600x400.webp);\">\n\t<a href=\"https:\/\/dgi.gouv.ht\/ht\/event\/ceremonie-de-restitution-du-code-general-des-impots-cgi\/\" title=\"C\u00c9R\u00c9MONIE DE RESTITUTION DU CODE G\u00c9N\u00c9RAL DES IMP\u00d4TS (CGI)\">\n\t<img loading=\"lazy\" decoding=\"async\" width=\"600\" height=\"400\" src=\"https:\/\/dgi.gouv.ht\/wp-content\/uploads\/2020\/09\/dgi-10-600x400.webp\" class=\"attachment-egovt_portfolio_thumb size-egovt_portfolio_thumb wp-post-image\" alt=\"\" srcset=\"https:\/\/dgi.gouv.ht\/wp-content\/uploads\/2020\/09\/dgi-10-600x400.webp 600w, https:\/\/dgi.gouv.ht\/wp-content\/uploads\/2020\/09\/dgi-10-300x200.webp 300w, https:\/\/dgi.gouv.ht\/wp-content\/uploads\/2020\/09\/dgi-10-1024x683.webp 1024w, https:\/\/dgi.gouv.ht\/wp-content\/uploads\/2020\/09\/dgi-10-768x512.webp 768w, https:\/\/dgi.gouv.ht\/wp-content\/uploads\/2020\/09\/dgi-10-18x12.webp 18w, https:\/\/dgi.gouv.ht\/wp-content\/uploads\/2020\/09\/dgi-10-560x374.webp 560w, https:\/\/dgi.gouv.ht\/wp-content\/uploads\/2020\/09\/dgi-10.webp 1030w\" sizes=\"(max-width: 600px) 100vw, 600px\" \/><\/a>\n<\/div>\n\n\t\t\t<div class=\"event_post post_grid\">\n\n\t\t\t\t<!-- Tille -->\n\t\t\t\t\n<h2 class=\"second_font event_title\">\n\t<a href=\"https:\/\/dgi.gouv.ht\/ht\/event\/ceremonie-de-restitution-du-code-general-des-impots-cgi\/\">\n\t\tC\u00c9R\u00c9MONIE DE RESTITUTION DU CODE G\u00c9N\u00c9RAL DES IMP\u00d4TS (CGI)\t<\/a>\n<\/h2>\n\t\t\t\t\n\n\t\t\t\t<div class=\"time-event\">\n\t\t\t\t\t\n\n\t\t\t\t\t<!-- Date -->\n\t\t\t\t\t\n\t<div class=\"time equal-date\">\n\t\t<span class=\"icon-time\">\n\t\t\t<i data-feather=\"clock\"><\/i>\n\t\t<\/span>\n\t\t<span class=\"time-date-child\">\n\t\t\t\t\t\t\t<span> 9:00 AM - <\/span>\n\t\t\t\t\t\t\t\t\t\t<span>1:00 PM<\/span>\n\t\t\t\t\t<\/span>\n\t<\/div>\n\n\t\t\t\t\t\n\t\t\t\t\t<!-- Tille -->\n\t\t\t\t\t\n\t<div class=\"venue\">\n\t\t\n\t\t<i data-feather=\"map-pin\"><\/i>\n\t\t<!-- <i class=\"fas fa-map-marker-alt icon_event\"><\/i> -->\n\t\t\n\t\t\n\t\t<span class=\"number\">\n\t\t\tH\u00f4tel Montana\t\t<\/span>\n\t\t\n\t<\/div>\n\n\t\t\t\t<\/div>\n\n\t\t\t<\/div>\n\n\t\t<\/div>\n\n\t<\/div>\n<\/div>\n\t\t\t\t\t\t\t\t\t\n\t\t\t\t\t\t\t\t<\/div>\t\n\t\t\t\t\t\t\t<\/div>\n\t\t\t\t\t\t\n\t\t\t\t\t\t\t<div class=\"wrap_item\">\n\t\t\t\t\t\t\t\t<div class=\"item\">\n\t\t\t\t\t\t\t\t\t\n\t\t\t\t\t\t\t\t\t\t\n<div class=\"ovaev-content content-grid2\">\n\t<div class=\"item\">\n\t\t\n\n\t\t<div class=\"desc\">\n\t\t\t<!-- Display Highlight Date 3-->\n\t\t\t\n<div class=\"date-event\">\n\n\t<span class=\"date second_font\">\n\t\t15\t<\/span>\n\t<span class=\"month second_font\">\n\t\tDec\t<\/span>\n\n<\/div>\n\n\t\t\t<!-- Thumbnail -->\n\t\t\t\n<div class=\"event-thumbnail event-thumbnail_up\" style=\"background-image: url(https:\/\/dgi.gouv.ht\/wp-content\/uploads\/2020\/07\/DSC_2328-scaled-1-600x360.webp);\">\n\t<a href=\"https:\/\/dgi.gouv.ht\/ht\/event\/propos-du-directeur-general-de-la-direction-generale-des-impots\/\" title=\"Propos du Directeur G\u00e9n\u00e9ral de la Direction G\u00e9n\u00e9rale des Imp\u00f4ts (DGI), M. Jean Emmanuel CASS\u00c9US\">\n\t<img loading=\"lazy\" decoding=\"async\" width=\"600\" height=\"360\" src=\"https:\/\/dgi.gouv.ht\/wp-content\/uploads\/2020\/07\/DSC_2328-scaled-1-600x360.webp\" class=\"attachment-egovt_portfolio_thumb size-egovt_portfolio_thumb wp-post-image\" alt=\"\" srcset=\"https:\/\/dgi.gouv.ht\/wp-content\/uploads\/2020\/07\/DSC_2328-scaled-1-600x360.webp 600w, https:\/\/dgi.gouv.ht\/wp-content\/uploads\/2020\/07\/DSC_2328-scaled-1-300x180.webp 300w, https:\/\/dgi.gouv.ht\/wp-content\/uploads\/2020\/07\/DSC_2328-scaled-1-1024x615.webp 1024w, https:\/\/dgi.gouv.ht\/wp-content\/uploads\/2020\/07\/DSC_2328-scaled-1-768x461.webp 768w, https:\/\/dgi.gouv.ht\/wp-content\/uploads\/2020\/07\/DSC_2328-scaled-1-18x12.webp 18w, https:\/\/dgi.gouv.ht\/wp-content\/uploads\/2020\/07\/DSC_2328-scaled-1-560x336.webp 560w, https:\/\/dgi.gouv.ht\/wp-content\/uploads\/2020\/07\/DSC_2328-scaled-1.webp 1029w\" sizes=\"(max-width: 600px) 100vw, 600px\" \/><\/a>\n<\/div>\n\n\t\t\t<div class=\"event_post post_grid\">\n\n\t\t\t\t<!-- Tille -->\n\t\t\t\t\n<h2 class=\"second_font event_title\">\n\t<a href=\"https:\/\/dgi.gouv.ht\/ht\/event\/propos-du-directeur-general-de-la-direction-generale-des-impots\/\">\n\t\tPropos du Directeur G\u00e9n\u00e9ral de la Direction G\u00e9n\u00e9rale des Imp\u00f4ts (DGI), M. Jean Emmanuel CASS\u00c9US\t<\/a>\n<\/h2>\n\t\t\t\t\n\n\t\t\t\t<div class=\"time-event\">\n\t\t\t\t\t\n\n\t\t\t\t\t<!-- Date -->\n\t\t\t\t\t\n\t<div class=\"time equal-date\">\n\t\t<span class=\"icon-time\">\n\t\t\t<i data-feather=\"clock\"><\/i>\n\t\t<\/span>\n\t\t<span class=\"time-date-child\">\n\t\t\t\t\t\t\t<span> 9:00 AM - <\/span>\n\t\t\t\t\t\t\t\t\t\t<span>1:00 PM<\/span>\n\t\t\t\t\t<\/span>\n\t<\/div>\n\n\t\t\t\t\t\n\t\t\t\t\t<!-- Tille -->\n\t\t\t\t\t\n\t<div class=\"venue\">\n\t\t\n\t\t<i data-feather=\"map-pin\"><\/i>\n\t\t<!-- <i class=\"fas fa-map-marker-alt icon_event\"><\/i> -->\n\t\t\n\t\t\n\t\t<span class=\"number\">\n\t\t\tH\u00f4tel Montana\t\t<\/span>\n\t\t\n\t<\/div>\n\n\t\t\t\t<\/div>\n\n\t\t\t<\/div>\n\n\t\t<\/div>\n\n\t<\/div>\n<\/div>\n\t\t\t\t\t\t\t\t\t\n\t\t\t\t\t\t\t\t<\/div>\t\n\t\t\t\t\t\t\t<\/div>\n\t\t\t\t\t\t\n\t\t\t\t\t\t\t<div class=\"wrap_item\">\n\t\t\t\t\t\t\t\t<div class=\"item\">\n\t\t\t\t\t\t\t\t\t\n\t\t\t\t\t\t\t\t\t\t\n<div class=\"ovaev-content content-grid2\">\n\t<div class=\"item\">\n\t\t\n\n\t\t<div class=\"desc\">\n\t\t\t<!-- Display Highlight Date 3-->\n\t\t\t\n<div class=\"date-event\">\n\n\t<span class=\"date second_font\">\n\t\t15\t<\/span>\n\t<span class=\"month second_font\">\n\t\tDec\t<\/span>\n\n<\/div>\n\n\t\t\t<!-- Thumbnail -->\n\t\t\t\n<div class=\"event-thumbnail event-thumbnail_up\" style=\"background-image: url(https:\/\/dgi.gouv.ht\/wp-content\/uploads\/2020\/09\/DSC_2352-scaled-1-600x319.webp);\">\n\t<a href=\"https:\/\/dgi.gouv.ht\/ht\/event\/faith-forward-future-social-awareness-seminar-2\/\" title=\"FORMATION SUR LA FISCALIT\u00c9 DES ACTIVIT\u00c9S DU SECTEUR DES ASSURANCES\">\n\t<img loading=\"lazy\" decoding=\"async\" width=\"600\" height=\"319\" src=\"https:\/\/dgi.gouv.ht\/wp-content\/uploads\/2020\/09\/DSC_2352-scaled-1-600x319.webp\" class=\"attachment-egovt_portfolio_thumb size-egovt_portfolio_thumb wp-post-image\" alt=\"\" srcset=\"https:\/\/dgi.gouv.ht\/wp-content\/uploads\/2020\/09\/DSC_2352-scaled-1-600x319.webp 600w, https:\/\/dgi.gouv.ht\/wp-content\/uploads\/2020\/09\/DSC_2352-scaled-1-300x160.webp 300w, https:\/\/dgi.gouv.ht\/wp-content\/uploads\/2020\/09\/DSC_2352-scaled-1-1024x545.webp 1024w, https:\/\/dgi.gouv.ht\/wp-content\/uploads\/2020\/09\/DSC_2352-scaled-1-768x409.webp 768w, https:\/\/dgi.gouv.ht\/wp-content\/uploads\/2020\/09\/DSC_2352-scaled-1-18x10.webp 18w, https:\/\/dgi.gouv.ht\/wp-content\/uploads\/2020\/09\/DSC_2352-scaled-1-560x298.webp 560w, https:\/\/dgi.gouv.ht\/wp-content\/uploads\/2020\/09\/DSC_2352-scaled-1.webp 1030w\" sizes=\"(max-width: 600px) 100vw, 600px\" \/><\/a>\n<\/div>\n\n\t\t\t<div class=\"event_post post_grid\">\n\n\t\t\t\t<!-- Tille -->\n\t\t\t\t\n<h2 class=\"second_font event_title\">\n\t<a href=\"https:\/\/dgi.gouv.ht\/ht\/event\/faith-forward-future-social-awareness-seminar-2\/\">\n\t\tFORMATION SUR LA FISCALIT\u00c9 DES ACTIVIT\u00c9S DU SECTEUR DES ASSURANCES\t<\/a>\n<\/h2>\n\t\t\t\t\n\n\t\t\t\t<div class=\"time-event\">\n\t\t\t\t\t\n\n\t\t\t\t\t<!-- Date -->\n\t\t\t\t\t\n\t<div class=\"time equal-date\">\n\t\t<span class=\"icon-time\">\n\t\t\t<i data-feather=\"clock\"><\/i>\n\t\t<\/span>\n\t\t<span class=\"time-date-child\">\n\t\t\t\t\t\t\t<span> 1:00 PM - <\/span>\n\t\t\t\t\t\t\t\t\t\t<span>3:00 PM<\/span>\n\t\t\t\t\t<\/span>\n\t<\/div>\n\n\t\t\t\t\t\n\t\t\t\t\t<!-- Tille -->\n\t\t\t\t\t\n\t<div class=\"venue\">\n\t\t\n\t\t<i data-feather=\"map-pin\"><\/i>\n\t\t<!-- <i class=\"fas fa-map-marker-alt icon_event\"><\/i> -->\n\t\t\n\t\t\n\t\t<span class=\"number\">\n\t\t\tBureau central de la DGI,\t\t<\/span>\n\t\t\n\t<\/div>\n\n\t\t\t\t<\/div>\n\n\t\t\t<\/div>\n\n\t\t<\/div>\n\n\t<\/div>\n<\/div>\n\t\t\t\t\t\t\t\t\t\n\t\t\t\t\t\t\t\t<\/div>\t\n\t\t\t\t\t\t\t<\/div>\n\t\t\t\t\t\t\t\t\t\t\t<\/div>\n\n\t\t    <div class=\"title-readmore\">\n\n\t\t\t\t\t\t\t<div class=\"btn_grid\" ><a href=\"https:\/\/dgi.gouv.ht\/ht\/event\/\" class=\"read-more second_font btn_grid_event\" >\n\t\t\t\t\tVoir Plus\t\t\t\t<\/a><\/div>\n\t\t\t\n\t\t    <\/div>\n\n\t\t\t\t\t<div class=\"wrap_loader\">\n\t\t\t\t\t\t<svg class=\"loader\" width=\"50\" height=\"50\">\n\t\t\t\t\t\t\t<circle cx=\"25\" cy=\"25\" r=\"10\" stroke=\"#a1a1a1\"\/>\n\t\t\t\t\t\t\t<circle cx=\"25\" cy=\"25\" r=\"20\" stroke=\"#a1a1a1\"\/>\n\t\t\t\t\t\t<\/svg>\n\t\t\t\t\t<\/div>\n\t\t\t\t<\/div>\n\n\t\t\t<\/div>\n\n\t\t\t\t\t\t<\/div>\n\t\t\t\t<\/div>\n\t\t\t\t\t<\/div>\n\t\t<\/div>\n\t\t\t\t\t<\/div>\n\t\t<\/section>\n\t\t\t\t<section data-particle_enable=\"false\" data-particle-mobile-disabled=\"false\" class=\"elementor-section elementor-top-section elementor-element elementor-element-2f3bca2 elementor-section-boxed elementor-section-height-default elementor-section-height-default\" data-id=\"2f3bca2\" data-element_type=\"section\" data-settings=\"{&quot;background_background&quot;:&quot;classic&quot;}\">\n\t\t\t\t\t\t<div class=\"elementor-container elementor-column-gap-default\">\n\t\t\t\t\t<div class=\"elementor-column elementor-col-50 elementor-top-column elementor-element elementor-element-c1e3b74\" data-id=\"c1e3b74\" data-element_type=\"column\">\n\t\t\t<div class=\"elementor-widget-wrap elementor-element-populated\">\n\t\t\t\t\t\t<div class=\"elementor-element elementor-element-ab975e8 egovt_icon_mail_chimp elementor-widget__width-auto elementor-widget-mobile__width-inherit elementor-widget elementor-widget-html\" data-id=\"ab975e8\" data-element_type=\"widget\" data-widget_type=\"html.default\">\n\t\t\t\t<div class=\"elementor-widget-container\">\n\t\t\t<i class=\"flaticon-newsletter\" style=\"color:'red'\"><\/i>\t\t<\/div>\n\t\t\t\t<\/div>\n\t\t\t\t<div class=\"elementor-element elementor-element-5dd7926 elementor-widget__width-auto elementor-widget elementor-widget-heading\" data-id=\"5dd7926\" data-element_type=\"widget\" data-widget_type=\"heading.default\">\n\t\t\t\t<div class=\"elementor-widget-container\">\n\t\t\t<h2 class=\"elementor-heading-title elementor-size-default\">Restez toujours inform\u00e9!<\/h2>\t\t<\/div>\n\t\t\t\t<\/div>\n\t\t\t\t\t<\/div>\n\t\t<\/div>\n\t\t\t\t<div class=\"elementor-column elementor-col-50 elementor-top-column elementor-element elementor-element-6411ab2 ova_column_mail_chimp\" data-id=\"6411ab2\" data-element_type=\"column\">\n\t\t\t<div class=\"elementor-widget-wrap elementor-element-populated\">\n\t\t\t\t\t\t<div class=\"elementor-element elementor-element-4b962ee elementor-widget elementor-widget-shortcode\" data-id=\"4b962ee\" data-element_type=\"widget\" data-widget_type=\"shortcode.default\">\n\t\t\t\t<div class=\"elementor-widget-container\">\n\t\t\t\t\t<div class=\"elementor-shortcode\"><script>(function() {\n\twindow.mc4wp = window.mc4wp || {\n\t\tlisteners: [],\n\t\tforms: {\n\t\t\ton: function(evt, cb) {\n\t\t\t\twindow.mc4wp.listeners.push(\n\t\t\t\t\t{\n\t\t\t\t\t\tevent   : evt,\n\t\t\t\t\t\tcallback: cb\n\t\t\t\t\t}\n\t\t\t\t);\n\t\t\t}\n\t\t}\n\t}\n})();\n<\/script><!-- Mailchimp for WordPress v4.10.4 - https:\/\/wordpress.org\/plugins\/mailchimp-for-wp\/ --><form id=\"mc4wp-form-1\" class=\"mc4wp-form mc4wp-form-8452\" method=\"post\" data-id=\"8452\" data-name=\"\" action=\"\" ><div class=\"mc4wp-form-fields\"><p>\r\n\t\r\n\t\t<input type=\"email\" name=\"EMAIL\" placeholder=\"Votre adresse de courrier \u00e9lectronique\" required style=\"width:350px\"\/>\r\n\r\n\r\n\t<input type=\"submit\" value=\"Abonnez-vous\" \/>\r\n<\/p><\/div><label style=\"display: none !important;\">Leave this field empty if you're human: <input type=\"text\" name=\"_mc4wp_honeypot\" value=\"\" tabindex=\"-1\" autocomplete=\"off\" \/><\/label><input type=\"hidden\" name=\"_mc4wp_timestamp\" value=\"1777240518\" \/><input type=\"hidden\" name=\"_mc4wp_form_id\" value=\"8452\" \/><input type=\"hidden\" name=\"_mc4wp_form_element_id\" value=\"mc4wp-form-1\" \/><div class=\"mc4wp-response\"><\/div><input type=\"hidden\" name=\"trp-form-language\" value=\"ht\"\/><\/form><!-- \/ Mailchimp for WordPress Plugin --><\/div>\n\t\t\t\t<\/div>\n\t\t\t\t<\/div>\n\t\t\t\t\t<\/div>\n\t\t<\/div>\n\t\t\t\t\t<\/div>\n\t\t<\/section>\n\t\t\t\t<section data-particle_enable=\"false\" data-particle-mobile-disabled=\"false\" class=\"elementor-section elementor-top-section elementor-element elementor-element-77562a9 elementor-section-boxed elementor-section-height-default elementor-section-height-default\" data-id=\"77562a9\" data-element_type=\"section\">\n\t\t\t\t\t\t<div class=\"elementor-container elementor-column-gap-default\">\n\t\t\t\t\t<div class=\"elementor-column elementor-col-100 elementor-top-column elementor-element elementor-element-c6e7e37\" data-id=\"c6e7e37\" data-element_type=\"column\">\n\t\t\t<div class=\"elementor-widget-wrap elementor-element-populated\">\n\t\t\t\t\t\t<div class=\"elementor-element elementor-element-0d2a48d eael-dual-header-content-align-center elementor-widget elementor-widget-eael-dual-color-header\" data-id=\"0d2a48d\" data-element_type=\"widget\" data-widget_type=\"eael-dual-color-header.default\">\n\t\t\t\t<div class=\"elementor-widget-container\">\n\t\t\t\t\t\t<div class=\"eael-dual-header\">\n\t\t\t\t<h6 class=\"title eael-dch-title\"><span class=\"eael-dch-title-text eael-dch-title-lead lead solid-color\">Actualit\u00e9s<\/span> <span class=\"eael-dch-title-text\"><\/span><\/h6><div class=\"eael-dch-separator-wrap\"><span class=\"separator-one\"><\/span>\n\t\t\t<span class=\"separator-two\"><\/span><\/div>\t\t\t<\/div>\n\n\t\t\t\t<\/div>\n\t\t\t\t<\/div>\n\t\t\t\t\t<\/div>\n\t\t<\/div>\n\t\t\t\t\t<\/div>\n\t\t<\/section>\n\t\t\t\t<section data-particle_enable=\"false\" data-particle-mobile-disabled=\"false\" class=\"elementor-section elementor-top-section elementor-element elementor-element-ff001ff elementor-section-boxed elementor-section-height-default elementor-section-height-default\" data-id=\"ff001ff\" data-element_type=\"section\">\n\t\t\t\t\t\t<div class=\"elementor-container elementor-column-gap-default\">\n\t\t\t\t\t<div class=\"elementor-column elementor-col-100 elementor-top-column elementor-element elementor-element-80e86a6\" data-id=\"80e86a6\" data-element_type=\"column\">\n\t\t\t<div class=\"elementor-widget-wrap elementor-element-populated\">\n\t\t\t\t\t\t<div class=\"elementor-element elementor-element-b87de69 elementor-widget elementor-widget-ova_blog_slide\" data-id=\"b87de69\" data-element_type=\"widget\" data-settings=\"{&quot;dot_control&quot;:&quot;yes&quot;,&quot;pause_on_hover&quot;:&quot;yes&quot;,&quot;infinite&quot;:&quot;yes&quot;,&quot;autoplay&quot;:&quot;yes&quot;,&quot;autoplay_speed&quot;:3000}\" data-widget_type=\"ova_blog_slide.default\">\n\t\t\t\t<div class=\"elementor-widget-container\">\n\t\t\t\t\t<div class=\"ova-blog-slide blog-grid\">\n\t\t\t<div class=\"ova-wrap-grid blog-slide owl-carousel owl-theme\" data-options=\"{&quot;items&quot;:4,&quot;slideBy&quot;:1,&quot;margin&quot;:30,&quot;autoplayHoverPause&quot;:true,&quot;loop&quot;:true,&quot;autoplay&quot;:true,&quot;autoplayTimeout&quot;:3000,&quot;smartSpeed&quot;:500,&quot;dots&quot;:true,&quot;nav&quot;:false,&quot;center&quot;:false}\">\n\t\t\t\t\t\t\t<article class=\"post-wrap\">\n\t\t\t\t\t<div class=\"wrap-article\">\n\t\t\t\t\t\t<div class=\"post-media\">\n\t\t\t\t\t\t\t\t\t\t\t\t\t\t\t<a href=\"https:\/\/dgi.gouv.ht\/ht\/note-dinformation\/\" title=\"NOTE D&rsquo;INFORMATION\">\n\t\t\t\t\t\t\t\t\t<img decoding=\"async\" alt=\"NOTE D&rsquo;INFORMATION\" src=\"https:\/\/dgi.gouv.ht\/wp-content\/uploads\/2026\/01\/note-dinformation2026-428x560.jpg\" \n\t\t\t\t\t\t\t\t\t\t\t\n\t\t\t\t\t\t\t\t\t\t\tsrcset=\"https:\/\/dgi.gouv.ht\/wp-content\/uploads\/2026\/01\/note-dinformation2026-428x560.jpg 560w,\t\t\t\t\t\t\t\t\t\t\thttps:\/\/dgi.gouv.ht\/wp-content\/uploads\/2026\/01\/note-dinformation2026-229x300.jpg 300w\" \n\t\t\t\t\t\t\t\t\t\t\tsizes=\"(max-width: 767px) 100vw, 560px\" >\n\t\t\t\t\t\t\t\t<\/a>\n\t\t\t\t\t\t\t\t\t\t\t\t\t<\/div>\n\t\t\t\t\t\t<div class=\"evgovt-content\">\n\t\t\t\t\t\t\t\t\t\t\t\t\t\t<div class=\"post-meta-date\">\n\t\t\t\t\t\t\t\t<span class=\"post-meta-content-date\">\n\t\t\t\t\t\t\t\t    <span class=\"post-date\">\n\t\t\t\t\t\t\t\t        <span class=\"right second_font\">16\/01\/2026<\/span>\n\t\t\t\t\t\t\t\t    <\/span>\n\t\t\t\t\t\t\t\t<\/span>\n\t\t\t\t\t\t\t<\/div>\n\t\t\t\t\t\t\t\n\t\t\t\t\t\t\t\t\t\t\t\t\t\t<div class=\"post-meta-grid\">\n\t\t\t\t\t\t\t\t<span class=\"post-meta-content-grid\">\n\t\t\t\t\t\t\t\t    \t\t\t\t\t\t\t\t    \t<span class=\"wp-categories\">\n\t\t\t\t\t\t\t\t    \t\t<span class=\"slash ova-meta-general\">In<\/span>\n\t\t\t\t\t\t\t\t\t\t    <span class=\"categories\">\n\t\t\t\t\t\t\t\t\t\t        <span class=\"right\"><a href=\"https:\/\/dgi.gouv.ht\/ht\/category\/actualites\/\" rel=\"category tag\">Actualit\u00e9s<\/a>&sbquo;&nbsp;<a href=\"https:\/\/dgi.gouv.ht\/ht\/category\/avis\/\" rel=\"category tag\">Avis<\/a>&sbquo;&nbsp;<a href=\"https:\/\/dgi.gouv.ht\/ht\/category\/communique\/\" rel=\"category tag\">Communiqu\u00e9<\/a><\/span><!-- end right -->             \n\t\t\t\t\t\t\t\t\t\t    <\/span><!-- end categories -->\n\t\t\t\t\t\t\t\t    \t<\/span><!-- end wp-category -->\n\t\t\t\t\t\t\t\t\t\n\t\t\t\t\t\t\t\t    <span class=\"comment\">\n\t\t\t\t\t\t\t\t        <span class=\"right\">\n\t\t\t\t\t\t\t\t        \t<i data-feather=\"message-square\"><\/i>\n\t\t\t\t\t\t\t\t            <a href=\"https:\/\/dgi.gouv.ht\/ht\/note-dinformation\/#respond\"> 0<\/a>\t\t\t\t\t\t\t\t        <\/span>                \n\t\t\t\t\t\t\t\t    <\/span>\n\n\t\t\t\t\t\t\t\t<\/span>\n\t\t\t\t\t\t\t<\/div>\n\t\t\t\t\t\t\t\t\t\t\t\t\t\t\t\t\t\t\t\t\t<div class=\"post-title\">\n\t\t\t\t\t\t\t\t<a href=\"https:\/\/dgi.gouv.ht\/ht\/note-dinformation\/\" rel=\"bookmark\" title=\"NOTE D&rsquo;INFORMATION\">\n\t\t\t\t\t\t\t\t\t<h2 class=\"post-title\">NOTE D&rsquo;INFORMATION<\/h2>\n\t\t\t\t\t\t\t    <\/a>\n\t\t\t\t\t\t\t<\/div>\n\t\t\t\t\t\t\t\t\t\t\t\t\t\t\t\t\t\t\t\t\t<div class=\"post-footer\">\n\t\t\t\t\t\t\t\t<div class=\"egovt-post-readmore\">\n\t\t\t\t\t\t\t\t    <a class=\"btn-readmore second_font\" href=\"https:\/\/dgi.gouv.ht\/ht\/note-dinformation\/\">\n\t\t\t\t\t\t\t\t    \tLire la suite \t\t\t\t\t\t\t\t    \t<i data-feather=\"arrow-right\"><\/i>\n\t\t\t\t\t\t\t\t    <\/a>\n\t\t\t\t\t\t\t\t<\/div>\n\t\t\t\t\t\t\t<\/div>\n\t\t\t\t\t\t\t\t\t\t\t\t\t<\/div>\n\t\t\t\t\t<\/div>\n\t\t\t\t<\/article>\n\t\t\t\t\t\t\t<article class=\"post-wrap\">\n\t\t\t\t\t<div class=\"wrap-article\">\n\t\t\t\t\t\t<div class=\"post-media\">\n\t\t\t\t\t\t\t\t\t\t\t\t\t\t\t<a href=\"https:\/\/dgi.gouv.ht\/ht\/changements-et-mouvements-du-personnel\/\" title=\"CHANGEMENTS ET MOUVEMENTS DU PERSONNEL\">\n\t\t\t\t\t\t\t\t\t<img decoding=\"async\" alt=\"CHANGEMENTS ET MOUVEMENTS DU PERSONNEL\" src=\"https:\/\/dgi.gouv.ht\/wp-content\/uploads\/2025\/07\/avis-du-nouveau-directeur-442x560.jpg\" \n\t\t\t\t\t\t\t\t\t\t\t\n\t\t\t\t\t\t\t\t\t\t\tsrcset=\"https:\/\/dgi.gouv.ht\/wp-content\/uploads\/2025\/07\/avis-du-nouveau-directeur-442x560.jpg 560w,\t\t\t\t\t\t\t\t\t\t\thttps:\/\/dgi.gouv.ht\/wp-content\/uploads\/2025\/07\/avis-du-nouveau-directeur-237x300.jpg 300w\" \n\t\t\t\t\t\t\t\t\t\t\tsizes=\"(max-width: 767px) 100vw, 560px\" >\n\t\t\t\t\t\t\t\t<\/a>\n\t\t\t\t\t\t\t\t\t\t\t\t\t<\/div>\n\t\t\t\t\t\t<div class=\"evgovt-content\">\n\t\t\t\t\t\t\t\t\t\t\t\t\t\t<div class=\"post-meta-date\">\n\t\t\t\t\t\t\t\t<span class=\"post-meta-content-date\">\n\t\t\t\t\t\t\t\t    <span class=\"post-date\">\n\t\t\t\t\t\t\t\t        <span class=\"right second_font\">25\/07\/2025<\/span>\n\t\t\t\t\t\t\t\t    <\/span>\n\t\t\t\t\t\t\t\t<\/span>\n\t\t\t\t\t\t\t<\/div>\n\t\t\t\t\t\t\t\n\t\t\t\t\t\t\t\t\t\t\t\t\t\t<div class=\"post-meta-grid\">\n\t\t\t\t\t\t\t\t<span class=\"post-meta-content-grid\">\n\t\t\t\t\t\t\t\t    \t\t\t\t\t\t\t\t    \t<span class=\"wp-categories\">\n\t\t\t\t\t\t\t\t    \t\t<span class=\"slash ova-meta-general\">In<\/span>\n\t\t\t\t\t\t\t\t\t\t    <span class=\"categories\">\n\t\t\t\t\t\t\t\t\t\t        <span class=\"right\"><a href=\"https:\/\/dgi.gouv.ht\/ht\/category\/actualites\/\" rel=\"category tag\">Actualit\u00e9s<\/a>&sbquo;&nbsp;<a href=\"https:\/\/dgi.gouv.ht\/ht\/category\/avis\/\" rel=\"category tag\">Avis<\/a>&sbquo;&nbsp;<a href=\"https:\/\/dgi.gouv.ht\/ht\/category\/communique\/\" rel=\"category tag\">Communiqu\u00e9<\/a><\/span><!-- end right -->             \n\t\t\t\t\t\t\t\t\t\t    <\/span><!-- end categories -->\n\t\t\t\t\t\t\t\t    \t<\/span><!-- end wp-category -->\n\t\t\t\t\t\t\t\t\t\n\t\t\t\t\t\t\t\t    <span class=\"comment\">\n\t\t\t\t\t\t\t\t        <span class=\"right\">\n\t\t\t\t\t\t\t\t        \t<i data-feather=\"message-square\"><\/i>\n\t\t\t\t\t\t\t\t            <a href=\"https:\/\/dgi.gouv.ht\/ht\/changements-et-mouvements-du-personnel\/#respond\"> 0<\/a>\t\t\t\t\t\t\t\t        <\/span>                \n\t\t\t\t\t\t\t\t    <\/span>\n\n\t\t\t\t\t\t\t\t<\/span>\n\t\t\t\t\t\t\t<\/div>\n\t\t\t\t\t\t\t\t\t\t\t\t\t\t\t\t\t\t\t\t\t<div class=\"post-title\">\n\t\t\t\t\t\t\t\t<a href=\"https:\/\/dgi.gouv.ht\/ht\/changements-et-mouvements-du-personnel\/\" rel=\"bookmark\" title=\"CHANGEMENTS ET MOUVEMENTS DU PERSONNEL\">\n\t\t\t\t\t\t\t\t\t<h2 class=\"post-title\">CHANGEMENTS ET MOUVEMENTS DU PERSONNEL<\/h2>\n\t\t\t\t\t\t\t    <\/a>\n\t\t\t\t\t\t\t<\/div>\n\t\t\t\t\t\t\t\t\t\t\t\t\t\t\t\t\t\t\t\t\t<div class=\"post-footer\">\n\t\t\t\t\t\t\t\t<div class=\"egovt-post-readmore\">\n\t\t\t\t\t\t\t\t    <a class=\"btn-readmore second_font\" href=\"https:\/\/dgi.gouv.ht\/ht\/changements-et-mouvements-du-personnel\/\">\n\t\t\t\t\t\t\t\t    \tLire la suite \t\t\t\t\t\t\t\t    \t<i data-feather=\"arrow-right\"><\/i>\n\t\t\t\t\t\t\t\t    <\/a>\n\t\t\t\t\t\t\t\t<\/div>\n\t\t\t\t\t\t\t<\/div>\n\t\t\t\t\t\t\t\t\t\t\t\t\t<\/div>\n\t\t\t\t\t<\/div>\n\t\t\t\t<\/article>\n\t\t\t\t\t\t\t<article class=\"post-wrap\">\n\t\t\t\t\t<div class=\"wrap-article\">\n\t\t\t\t\t\t<div class=\"post-media\">\n\t\t\t\t\t\t\t\t\t\t\t\t\t\t\t<a href=\"https:\/\/dgi.gouv.ht\/ht\/ceremonie-dinstallation-du-nouveau-directeur-administratif-et-de-lassistant-directeur-des-affaires-juridiques-respectivement-messieurs-jean-max-bazile-et-peguy-michel-tenue-a-la-direction-genera\/\" title=\"CEREMONIE D&rsquo;INSTALLATION DU NOUVEAU DIRECTEUR ADMINISTRATIF ET DE L&rsquo;ASSISTANT-DIRECTEUR DES AFFAIRES JURIDIQUES.\">\n\t\t\t\t\t\t\t\t\t<img decoding=\"async\" alt=\"CEREMONIE D&rsquo;INSTALLATION DU NOUVEAU DIRECTEUR ADMINISTRATIF ET DE L&rsquo;ASSISTANT-DIRECTEUR DES AFFAIRES JURIDIQUES.\" src=\"https:\/\/dgi.gouv.ht\/wp-content\/uploads\/2025\/07\/changements-2025-07-02-530x560.jpg\" \n\t\t\t\t\t\t\t\t\t\t\t\n\t\t\t\t\t\t\t\t\t\t\tsrcset=\"https:\/\/dgi.gouv.ht\/wp-content\/uploads\/2025\/07\/changements-2025-07-02-530x560.jpg 560w,\t\t\t\t\t\t\t\t\t\t\thttps:\/\/dgi.gouv.ht\/wp-content\/uploads\/2025\/07\/changements-2025-07-02-284x300.jpg 300w\" \n\t\t\t\t\t\t\t\t\t\t\tsizes=\"(max-width: 767px) 100vw, 560px\" >\n\t\t\t\t\t\t\t\t<\/a>\n\t\t\t\t\t\t\t\t\t\t\t\t\t<\/div>\n\t\t\t\t\t\t<div class=\"evgovt-content\">\n\t\t\t\t\t\t\t\t\t\t\t\t\t\t<div class=\"post-meta-date\">\n\t\t\t\t\t\t\t\t<span class=\"post-meta-content-date\">\n\t\t\t\t\t\t\t\t    <span class=\"post-date\">\n\t\t\t\t\t\t\t\t        <span class=\"right second_font\">02\/07\/2025<\/span>\n\t\t\t\t\t\t\t\t    <\/span>\n\t\t\t\t\t\t\t\t<\/span>\n\t\t\t\t\t\t\t<\/div>\n\t\t\t\t\t\t\t\n\t\t\t\t\t\t\t\t\t\t\t\t\t\t<div class=\"post-meta-grid\">\n\t\t\t\t\t\t\t\t<span class=\"post-meta-content-grid\">\n\t\t\t\t\t\t\t\t    \t\t\t\t\t\t\t\t    \t<span class=\"wp-categories\">\n\t\t\t\t\t\t\t\t    \t\t<span class=\"slash ova-meta-general\">In<\/span>\n\t\t\t\t\t\t\t\t\t\t    <span class=\"categories\">\n\t\t\t\t\t\t\t\t\t\t        <span class=\"right\"><a href=\"https:\/\/dgi.gouv.ht\/ht\/category\/actualites\/\" rel=\"category tag\">Actualit\u00e9s<\/a>&sbquo;&nbsp;<a href=\"https:\/\/dgi.gouv.ht\/ht\/category\/avis\/\" rel=\"category tag\">Avis<\/a><\/span><!-- end right -->             \n\t\t\t\t\t\t\t\t\t\t    <\/span><!-- end categories -->\n\t\t\t\t\t\t\t\t    \t<\/span><!-- end wp-category -->\n\t\t\t\t\t\t\t\t\t\n\t\t\t\t\t\t\t\t    <span class=\"comment\">\n\t\t\t\t\t\t\t\t        <span class=\"right\">\n\t\t\t\t\t\t\t\t        \t<i data-feather=\"message-square\"><\/i>\n\t\t\t\t\t\t\t\t            <a href=\"https:\/\/dgi.gouv.ht\/ht\/ceremonie-dinstallation-du-nouveau-directeur-administratif-et-de-lassistant-directeur-des-affaires-juridiques-respectivement-messieurs-jean-max-bazile-et-peguy-michel-tenue-a-la-direction-genera\/#respond\"> 0<\/a>\t\t\t\t\t\t\t\t        <\/span>                \n\t\t\t\t\t\t\t\t    <\/span>\n\n\t\t\t\t\t\t\t\t<\/span>\n\t\t\t\t\t\t\t<\/div>\n\t\t\t\t\t\t\t\t\t\t\t\t\t\t\t\t\t\t\t\t\t<div class=\"post-title\">\n\t\t\t\t\t\t\t\t<a href=\"https:\/\/dgi.gouv.ht\/ht\/ceremonie-dinstallation-du-nouveau-directeur-administratif-et-de-lassistant-directeur-des-affaires-juridiques-respectivement-messieurs-jean-max-bazile-et-peguy-michel-tenue-a-la-direction-genera\/\" rel=\"bookmark\" title=\"CEREMONIE D&rsquo;INSTALLATION DU NOUVEAU DIRECTEUR ADMINISTRATIF ET DE L&rsquo;ASSISTANT-DIRECTEUR DES AFFAIRES JURIDIQUES.\">\n\t\t\t\t\t\t\t\t\t<h2 class=\"post-title\">CEREMONIE D&rsquo;INSTALLATION DU NOUVEAU DIRECTEUR ADMINISTRATIF ET DE L&rsquo;ASSISTANT-DIRECTEUR DES AFFAIRES JURIDIQUES.<\/h2>\n\t\t\t\t\t\t\t    <\/a>\n\t\t\t\t\t\t\t<\/div>\n\t\t\t\t\t\t\t\t\t\t\t\t\t\t\t\t\t\t\t\t\t<div class=\"post-footer\">\n\t\t\t\t\t\t\t\t<div class=\"egovt-post-readmore\">\n\t\t\t\t\t\t\t\t    <a class=\"btn-readmore second_font\" href=\"https:\/\/dgi.gouv.ht\/ht\/ceremonie-dinstallation-du-nouveau-directeur-administratif-et-de-lassistant-directeur-des-affaires-juridiques-respectivement-messieurs-jean-max-bazile-et-peguy-michel-tenue-a-la-direction-genera\/\">\n\t\t\t\t\t\t\t\t    \tLire la suite \t\t\t\t\t\t\t\t    \t<i data-feather=\"arrow-right\"><\/i>\n\t\t\t\t\t\t\t\t    <\/a>\n\t\t\t\t\t\t\t\t<\/div>\n\t\t\t\t\t\t\t<\/div>\n\t\t\t\t\t\t\t\t\t\t\t\t\t<\/div>\n\t\t\t\t\t<\/div>\n\t\t\t\t<\/article>\n\t\t\t\t\t\t\t<article class=\"post-wrap\">\n\t\t\t\t\t<div class=\"wrap-article\">\n\t\t\t\t\t\t<div class=\"post-media\">\n\t\t\t\t\t\t\t\t\t\t\t\t\t\t\t<a href=\"https:\/\/dgi.gouv.ht\/ht\/liste-des-entreprises-actives-a-la-dmc-2\/\" title=\"D\u00c9CRET PORTANT CODE G\u00c9N\u00c9RAL FISCAL VERSION MONITEUR PROT\u00c9G\u00c9\">\n\t\t\t\t\t\t\t\t\t<img decoding=\"async\" alt=\"D\u00c9CRET PORTANT CODE G\u00c9N\u00c9RAL FISCAL VERSION MONITEUR PROT\u00c9G\u00c9\" src=\"https:\/\/dgi.gouv.ht\/wp-content\/uploads\/2023\/04\/Artboard-1-1-560x373.png\" \n\t\t\t\t\t\t\t\t\t\t\t\n\t\t\t\t\t\t\t\t\t\t\tsrcset=\"https:\/\/dgi.gouv.ht\/wp-content\/uploads\/2023\/04\/Artboard-1-1-560x373.png 560w,\t\t\t\t\t\t\t\t\t\t\thttps:\/\/dgi.gouv.ht\/wp-content\/uploads\/2023\/04\/Artboard-1-1-300x200.png 300w\" \n\t\t\t\t\t\t\t\t\t\t\tsizes=\"(max-width: 767px) 100vw, 560px\" >\n\t\t\t\t\t\t\t\t<\/a>\n\t\t\t\t\t\t\t\t\t\t\t\t\t<\/div>\n\t\t\t\t\t\t<div class=\"evgovt-content\">\n\t\t\t\t\t\t\t\t\t\t\t\t\t\t<div class=\"post-meta-date\">\n\t\t\t\t\t\t\t\t<span class=\"post-meta-content-date\">\n\t\t\t\t\t\t\t\t    <span class=\"post-date\">\n\t\t\t\t\t\t\t\t        <span class=\"right second_font\">17\/05\/2023<\/span>\n\t\t\t\t\t\t\t\t    <\/span>\n\t\t\t\t\t\t\t\t<\/span>\n\t\t\t\t\t\t\t<\/div>\n\t\t\t\t\t\t\t\n\t\t\t\t\t\t\t\t\t\t\t\t\t\t<div class=\"post-meta-grid\">\n\t\t\t\t\t\t\t\t<span class=\"post-meta-content-grid\">\n\t\t\t\t\t\t\t\t    \t\t\t\t\t\t\t\t    \t<span class=\"wp-categories\">\n\t\t\t\t\t\t\t\t    \t\t<span class=\"slash ova-meta-general\">In<\/span>\n\t\t\t\t\t\t\t\t\t\t    <span class=\"categories\">\n\t\t\t\t\t\t\t\t\t\t        <span class=\"right\"><a href=\"https:\/\/dgi.gouv.ht\/ht\/category\/actualites\/\" rel=\"category tag\">Actualit\u00e9s<\/a>&sbquo;&nbsp;<a href=\"https:\/\/dgi.gouv.ht\/ht\/category\/avis\/\" rel=\"category tag\">Avis<\/a><\/span><!-- end right -->             \n\t\t\t\t\t\t\t\t\t\t    <\/span><!-- end categories -->\n\t\t\t\t\t\t\t\t    \t<\/span><!-- end wp-category -->\n\t\t\t\t\t\t\t\t\t\n\t\t\t\t\t\t\t\t    <span class=\"comment\">\n\t\t\t\t\t\t\t\t        <span class=\"right\">\n\t\t\t\t\t\t\t\t        \t<i data-feather=\"message-square\"><\/i>\n\t\t\t\t\t\t\t\t            <a href=\"https:\/\/dgi.gouv.ht\/ht\/liste-des-entreprises-actives-a-la-dmc-2\/#respond\"> 0<\/a>\t\t\t\t\t\t\t\t        <\/span>                \n\t\t\t\t\t\t\t\t    <\/span>\n\n\t\t\t\t\t\t\t\t<\/span>\n\t\t\t\t\t\t\t<\/div>\n\t\t\t\t\t\t\t\t\t\t\t\t\t\t\t\t\t\t\t\t\t<div class=\"post-title\">\n\t\t\t\t\t\t\t\t<a href=\"https:\/\/dgi.gouv.ht\/ht\/liste-des-entreprises-actives-a-la-dmc-2\/\" rel=\"bookmark\" title=\"D\u00c9CRET PORTANT CODE G\u00c9N\u00c9RAL FISCAL VERSION MONITEUR PROT\u00c9G\u00c9\">\n\t\t\t\t\t\t\t\t\t<h2 class=\"post-title\">D\u00c9CRET PORTANT CODE G\u00c9N\u00c9RAL FISCAL VERSION MONITEUR PROT\u00c9G\u00c9<\/h2>\n\t\t\t\t\t\t\t    <\/a>\n\t\t\t\t\t\t\t<\/div>\n\t\t\t\t\t\t\t\t\t\t\t\t\t\t\t\t\t\t\t\t\t<div class=\"post-footer\">\n\t\t\t\t\t\t\t\t<div class=\"egovt-post-readmore\">\n\t\t\t\t\t\t\t\t    <a class=\"btn-readmore second_font\" href=\"https:\/\/dgi.gouv.ht\/ht\/liste-des-entreprises-actives-a-la-dmc-2\/\">\n\t\t\t\t\t\t\t\t    \tLire la suite \t\t\t\t\t\t\t\t    \t<i data-feather=\"arrow-right\"><\/i>\n\t\t\t\t\t\t\t\t    <\/a>\n\t\t\t\t\t\t\t\t<\/div>\n\t\t\t\t\t\t\t<\/div>\n\t\t\t\t\t\t\t\t\t\t\t\t\t<\/div>\n\t\t\t\t\t<\/div>\n\t\t\t\t<\/article>\n\t\t\t\t\t\t<\/div>\n\t\t<\/div>\n\t\t\t\t<\/div>\n\t\t\t\t<\/div>\n\t\t\t\t\t<\/div>\n\t\t<\/div>\n\t\t\t\t\t<\/div>\n\t\t<\/section>\n\t\t\t\t<\/div>","protected":false},"excerpt":{"rendered":"<p>35e Directeur de la DGI. Vos r\u00eaves sont les n\u00f4tres. Nous r\u00eavons de b\u00e2tir une Administration fiscale ha\u00eftienne fi\u00e8re, dynamique, moderne, \u00e0 l\u2019instar de nos devanciers de l\u2019h\u00e9misph\u00e8re, pour mobiliser encore davantage de ressources, pour assurer la mat\u00e9rialisation de\u00a0 ce d\u00e9veloppement endog\u00e8ne que nous appelons de tous nos v\u0153ux. Chesnel FRAN\u00c7OIS, Directeur G\u00e9n\u00e9ral Services en [&hellip;]<\/p>","protected":false},"author":1,"featured_media":0,"parent":0,"menu_order":0,"comment_status":"closed","ping_status":"closed","template":"elementor_header_footer","meta":{"_eb_attr":"","_monsterinsights_skip_tracking":false,"_monsterinsights_sitenote_active":false,"_monsterinsights_sitenote_note":"","_monsterinsights_sitenote_category":0,"footnotes":""},"class_list":["post-68","page","type-page","status-publish","hentry"],"aioseo_notices":[],"_links":{"self":[{"href":"https:\/\/dgi.gouv.ht\/ht\/wp-json\/wp\/v2\/pages\/68","targetHints":{"allow":["GET"]}}],"collection":[{"href":"https:\/\/dgi.gouv.ht\/ht\/wp-json\/wp\/v2\/pages"}],"about":[{"href":"https:\/\/dgi.gouv.ht\/ht\/wp-json\/wp\/v2\/types\/page"}],"author":[{"embeddable":true,"href":"https:\/\/dgi.gouv.ht\/ht\/wp-json\/wp\/v2\/users\/1"}],"replies":[{"embeddable":true,"href":"https:\/\/dgi.gouv.ht\/ht\/wp-json\/wp\/v2\/comments?post=68"}],"version-history":[{"count":682,"href":"https:\/\/dgi.gouv.ht\/ht\/wp-json\/wp\/v2\/pages\/68\/revisions"}],"predecessor-version":[{"id":9138,"href":"https:\/\/dgi.gouv.ht\/ht\/wp-json\/wp\/v2\/pages\/68\/revisions\/9138"}],"wp:attachment":[{"href":"https:\/\/dgi.gouv.ht\/ht\/wp-json\/wp\/v2\/media?parent=68"}],"curies":[{"name":"wp","href":"https:\/\/api.w.org\/{rel}","templated":true}]}}