{"id":7382,"date":"2023-05-26T14:46:19","date_gmt":"2023-05-26T19:46:19","guid":{"rendered":"https:\/\/dgi.gouv.ht\/?page_id=7382"},"modified":"2023-07-03T02:21:58","modified_gmt":"2023-07-03T07:21:58","slug":"calendrier-fiscale","status":"publish","type":"page","link":"https:\/\/dgi.gouv.ht\/ht\/calendrier-fiscale\/","title":{"rendered":"Calendrier Fiscale"},"content":{"rendered":"<div data-elementor-type=\"wp-page\" data-elementor-id=\"7382\" class=\"elementor elementor-7382\">\n\t\t\t\t\t\t<section data-particle_enable=\"false\" data-particle-mobile-disabled=\"false\" class=\"elementor-section elementor-top-section elementor-element elementor-element-1a6c0ba elementor-section-boxed elementor-section-height-default elementor-section-height-default\" data-id=\"1a6c0ba\" data-element_type=\"section\">\n\t\t\t\t\t\t<div class=\"elementor-container elementor-column-gap-default\">\n\t\t\t\t\t<div class=\"elementor-column elementor-col-100 elementor-top-column elementor-element elementor-element-7195326\" data-id=\"7195326\" data-element_type=\"column\">\n\t\t\t<div class=\"elementor-widget-wrap elementor-element-populated\">\n\t\t\t\t\t\t<div class=\"elementor-element elementor-element-16d6c2f eael-dual-header-content-align-center elementor-widget elementor-widget-eael-dual-color-header\" data-id=\"16d6c2f\" data-element_type=\"widget\" data-widget_type=\"eael-dual-color-header.default\">\n\t\t\t\t<div class=\"elementor-widget-container\">\n\t\t\t\t\t\t<div class=\"eael-dual-header\">\n\t\t\t\t<h2 class=\"title eael-dch-title\"><span class=\"eael-dch-title-text eael-dch-title-lead lead solid-color\">DATE D'ECHEANCE DES<\/span> <span class=\"eael-dch-title-text\">IMPOTS, DROITS<\/span><\/h2>\t\t\t\t\t<span class=\"subtext\"><p>Notre calendrier fiscal comprend les dates limites pour le d\u00e9p\u00f4t de vos d\u00e9clarations, le paiement des imp\u00f4ts, ainsi que d&rsquo;autres obligations fiscales sp\u00e9cifiques. En suivant ces dates cl\u00e9s, vous \u00e9viterez les p\u00e9nalit\u00e9s et les sanctions potentielles.<\/p><\/span>\n\t\t\t\t\t\t\t\t\t<span class=\"eael-dch-svg-icon\"><\/span>\t\t\t\t\t\t\t<\/div>\n\n\t\t\t\t<\/div>\n\t\t\t\t<\/div>\n\t\t\t\t\t<\/div>\n\t\t<\/div>\n\t\t\t\t\t<\/div>\n\t\t<\/section>\n\t\t\t\t<section data-particle_enable=\"false\" data-particle-mobile-disabled=\"false\" class=\"elementor-section elementor-top-section elementor-element elementor-element-f50b1a2 elementor-section-boxed elementor-section-height-default elementor-section-height-default\" data-id=\"f50b1a2\" data-element_type=\"section\">\n\t\t\t\t\t\t<div class=\"elementor-container elementor-column-gap-default\">\n\t\t\t\t\t<div class=\"elementor-column elementor-col-100 elementor-top-column elementor-element elementor-element-f3233c2\" data-id=\"f3233c2\" data-element_type=\"column\">\n\t\t\t<div class=\"elementor-widget-wrap elementor-element-populated\">\n\t\t\t\t\t\t<div class=\"elementor-element elementor-element-bc04257 elementor-widget elementor-widget-image\" data-id=\"bc04257\" data-element_type=\"widget\" data-widget_type=\"image.default\">\n\t\t\t\t<div class=\"elementor-widget-container\">\n\t\t\t\t\t\t\t\t\t\t\t\t\t<img fetchpriority=\"high\" decoding=\"async\" width=\"1024\" height=\"706\" src=\"https:\/\/dgi.gouv.ht\/wp-content\/uploads\/2023\/04\/CalendrierFiscal001-1024x706.jpg\" class=\"attachment-large size-large wp-image-6201\" alt=\"\" srcset=\"https:\/\/dgi.gouv.ht\/wp-content\/uploads\/2023\/04\/CalendrierFiscal001-1024x706.jpg 1024w, https:\/\/dgi.gouv.ht\/wp-content\/uploads\/2023\/04\/CalendrierFiscal001-300x207.jpg 300w, https:\/\/dgi.gouv.ht\/wp-content\/uploads\/2023\/04\/CalendrierFiscal001-768x529.jpg 768w, https:\/\/dgi.gouv.ht\/wp-content\/uploads\/2023\/04\/CalendrierFiscal001-1536x1059.jpg 1536w, https:\/\/dgi.gouv.ht\/wp-content\/uploads\/2023\/04\/CalendrierFiscal001-2048x1412.jpg 2048w, https:\/\/dgi.gouv.ht\/wp-content\/uploads\/2023\/04\/CalendrierFiscal001-18x12.jpg 18w, https:\/\/dgi.gouv.ht\/wp-content\/uploads\/2023\/04\/CalendrierFiscal001-600x414.jpg 600w, https:\/\/dgi.gouv.ht\/wp-content\/uploads\/2023\/04\/CalendrierFiscal001-560x386.jpg 560w\" sizes=\"(max-width: 1024px) 100vw, 1024px\" \/>\t\t\t\t\t\t\t\t\t\t\t\t\t<\/div>\n\t\t\t\t<\/div>\n\t\t\t\t\t<\/div>\n\t\t<\/div>\n\t\t\t\t\t<\/div>\n\t\t<\/section>\n\t\t\t\t<\/div>","protected":false},"excerpt":{"rendered":"<p>DATE D&rsquo;ECHEANCE DES IMPOTS, DROITS Notre calendrier fiscal comprend les dates limites pour le d\u00e9p\u00f4t de vos d\u00e9clarations, le paiement des imp\u00f4ts, ainsi que d&rsquo;autres obligations fiscales sp\u00e9cifiques. En suivant ces dates cl\u00e9s, vous \u00e9viterez les p\u00e9nalit\u00e9s et les sanctions potentielles.<\/p>","protected":false},"author":1,"featured_media":0,"parent":0,"menu_order":0,"comment_status":"closed","ping_status":"closed","template":"","meta":{"_eb_attr":"","_monsterinsights_skip_tracking":false,"_monsterinsights_sitenote_active":false,"_monsterinsights_sitenote_note":"","_monsterinsights_sitenote_category":0,"footnotes":""},"class_list":["post-7382","page","type-page","status-publish","hentry"],"aioseo_notices":[],"_links":{"self":[{"href":"https:\/\/dgi.gouv.ht\/ht\/wp-json\/wp\/v2\/pages\/7382","targetHints":{"allow":["GET"]}}],"collection":[{"href":"https:\/\/dgi.gouv.ht\/ht\/wp-json\/wp\/v2\/pages"}],"about":[{"href":"https:\/\/dgi.gouv.ht\/ht\/wp-json\/wp\/v2\/types\/page"}],"author":[{"embeddable":true,"href":"https:\/\/dgi.gouv.ht\/ht\/wp-json\/wp\/v2\/users\/1"}],"replies":[{"embeddable":true,"href":"https:\/\/dgi.gouv.ht\/ht\/wp-json\/wp\/v2\/comments?post=7382"}],"version-history":[{"count":29,"href":"https:\/\/dgi.gouv.ht\/ht\/wp-json\/wp\/v2\/pages\/7382\/revisions"}],"predecessor-version":[{"id":7751,"href":"https:\/\/dgi.gouv.ht\/ht\/wp-json\/wp\/v2\/pages\/7382\/revisions\/7751"}],"wp:attachment":[{"href":"https:\/\/dgi.gouv.ht\/ht\/wp-json\/wp\/v2\/media?parent=7382"}],"curies":[{"name":"wp","href":"https:\/\/api.w.org\/{rel}","templated":true}]}}