{"id":823,"date":"2020-08-01T09:09:05","date_gmt":"2020-08-01T09:09:05","guid":{"rendered":"https:\/\/demo.ovatheme.com\/egovt\/?page_id=823"},"modified":"2024-10-18T06:20:12","modified_gmt":"2024-10-18T11:20:12","slug":"textes-de-loi","status":"publish","type":"page","link":"https:\/\/dgi.gouv.ht\/ht\/textes-de-loi\/","title":{"rendered":"Textes de Loi"},"content":{"rendered":"<div data-elementor-type=\"wp-page\" data-elementor-id=\"823\" class=\"elementor elementor-823\">\n\t\t\t\t\t\t<section data-particle_enable=\"false\" data-particle-mobile-disabled=\"false\" class=\"elementor-section elementor-top-section elementor-element elementor-element-d3b36c3 elementor-section-boxed elementor-section-height-default elementor-section-height-default\" data-id=\"d3b36c3\" data-element_type=\"section\">\n\t\t\t\t\t\t<div class=\"elementor-container elementor-column-gap-default\">\n\t\t\t\t\t<div class=\"elementor-column elementor-col-100 elementor-top-column elementor-element elementor-element-ab3863c\" data-id=\"ab3863c\" data-element_type=\"column\">\n\t\t\t<div class=\"elementor-widget-wrap elementor-element-populated\">\n\t\t\t\t\t\t<div class=\"elementor-element elementor-element-bddf9b5 elementor-grid-eael-col-4 elementor-grid-tablet-eael-col-2 elementor-grid-mobile-eael-col-1 elementor-widget elementor-widget-eael-post-grid\" data-id=\"bddf9b5\" data-element_type=\"widget\" data-settings=\"{&quot;eael_post_grid_columns&quot;:&quot;eael-col-4&quot;,&quot;eael_post_grid_columns_tablet&quot;:&quot;eael-col-2&quot;,&quot;eael_post_grid_columns_mobile&quot;:&quot;eael-col-1&quot;}\" data-widget_type=\"eael-post-grid.default\">\n\t\t\t\t<div class=\"elementor-widget-container\">\n\t\t\t<div id=\"eael-post-grid-bddf9b5\" class=\"eael-post-grid-container\">\n            <div class=\"eael-post-grid eael-post-appender eael-post-appender-bddf9b5 eael-post-grid-style-one\" data-layout-mode=\"masonry\"><article class=\"eael-grid-post eael-post-grid-column\" data-id=\"6663\">\n        <div class=\"eael-grid-post-holder\">\n            <div class=\"eael-grid-post-holder-inner\"><div class=\"eael-entry-wrapper\"><header class=\"eael-entry-header\"><h2 class=\"eael-entry-title\"><a class=\"eael-grid-post-link\" href=\"https:\/\/dgi.gouv.ht\/ht\/ova_sev\/contribution-foncere-de-proprietes-baties\/\" title=\"Contribution Fonci\u00e8re de Propri\u00e9t\u00e9s Baties\">Contribution Fonci\u00e8re de Propri\u00e9t\u00e9s Baties<\/a><\/h2><\/header><div class=\"eael-entry-header-after\"><div class=\"eael-entry-meta\"><\/div><\/div><div class=\"eael-entry-content\">\n                        <div class=\"eael-grid-post-excerpt\"><p>C\u2019est un imp\u00f4t communal r\u00e9el dont la base taxable reste la valeur locative de l\u2019immeuble....<\/p><a href=\"https:\/\/dgi.gouv.ht\/ht\/ova_sev\/contribution-foncere-de-proprietes-baties\/\" class=\"eael-post-elements-readmore-btn\">Lire plus<\/a><\/div>\n                    <\/div><\/div><\/div>\n        <\/div>\n    <\/article><article class=\"eael-grid-post eael-post-grid-column\" data-id=\"806\">\n        <div class=\"eael-grid-post-holder\">\n            <div class=\"eael-grid-post-holder-inner\"><div class=\"eael-entry-wrapper\"><header class=\"eael-entry-header\"><h2 class=\"eael-entry-title\"><a class=\"eael-grid-post-link\" href=\"https:\/\/dgi.gouv.ht\/ht\/ova_sev\/declaration-definitive-impot-revenu\/\" title=\"D\u00e9claration D\u00e9finitive d\u2019Imp\u00f4t sur le Revenu\">D\u00e9claration D\u00e9finitive d\u2019Imp\u00f4t sur le Revenu<\/a><\/h2><\/header><div class=\"eael-entry-header-after\"><div class=\"eael-entry-meta\"><\/div><\/div><div class=\"eael-entry-content\">\n                        <div class=\"eael-grid-post-excerpt\"><p>La D\u00e9claration D\u00e9finitive d\u2019Imp\u00f4t sur le Revenu regroupe l\u2019ensemble des revenus cat\u00e9goriels r\u00e9alis\u00e9s au titre...<\/p><a href=\"https:\/\/dgi.gouv.ht\/ht\/ova_sev\/declaration-definitive-impot-revenu\/\" class=\"eael-post-elements-readmore-btn\">Lire plus<\/a><\/div>\n                    <\/div><\/div><\/div>\n        <\/div>\n    <\/article><article class=\"eael-grid-post eael-post-grid-column\" data-id=\"6556\">\n        <div class=\"eael-grid-post-holder\">\n            <div class=\"eael-grid-post-holder-inner\"><div class=\"eael-entry-wrapper\"><header class=\"eael-entry-header\"><h2 class=\"eael-entry-title\"><a class=\"eael-grid-post-link\" href=\"https:\/\/dgi.gouv.ht\/ht\/ova_sev\/droit-de-licence-des-etrangers\/\" title=\"Droit de Licence des \u00c9trangers\">Droit de Licence des \u00c9trangers<\/a><\/h2><\/header><div class=\"eael-entry-header-after\"><div class=\"eael-entry-meta\"><\/div><\/div><div class=\"eael-entry-content\">\n                        <div class=\"eael-grid-post-excerpt\"><p>La licence est une autorisation d\u00e9livr\u00e9e par l\u2019autorit\u00e9 comp\u00e9tente \u00e0 une personne physique ou morale...<\/p><a href=\"https:\/\/dgi.gouv.ht\/ht\/ova_sev\/droit-de-licence-des-etrangers\/\" class=\"eael-post-elements-readmore-btn\">Lire plus<\/a><\/div>\n                    <\/div><\/div><\/div>\n        <\/div>\n    <\/article><article class=\"eael-grid-post eael-post-grid-column\" data-id=\"6627\">\n        <div class=\"eael-grid-post-holder\">\n            <div class=\"eael-grid-post-holder-inner\"><div class=\"eael-entry-wrapper\"><header class=\"eael-entry-header\"><h2 class=\"eael-entry-title\"><a class=\"eael-grid-post-link\" href=\"https:\/\/dgi.gouv.ht\/ht\/ova_sev\/lacompte-provisionnel-sur-limpot-sur-le-revenu\/\" title=\"L\u2019Acompte Provisionnel sur l&rsquo;Imp\u00f4t sur le Revenu\">L\u2019Acompte Provisionnel sur l&rsquo;Imp\u00f4t sur le Revenu<\/a><\/h2><\/header><div class=\"eael-entry-header-after\"><div class=\"eael-entry-meta\"><\/div><\/div><div class=\"eael-entry-content\">\n                        <div class=\"eael-grid-post-excerpt\"><p>L\u2019acompte provisionnel sur l\u2019Imp\u00f4t sur le revenu est une avance d\u2019imp\u00f4t faite sur l\u2019Imp\u00f4t sur...<\/p><a href=\"https:\/\/dgi.gouv.ht\/ht\/ova_sev\/lacompte-provisionnel-sur-limpot-sur-le-revenu\/\" class=\"eael-post-elements-readmore-btn\">Lire plus<\/a><\/div>\n                    <\/div><\/div><\/div>\n        <\/div>\n    <\/article><article class=\"eael-grid-post eael-post-grid-column\" data-id=\"6529\">\n        <div class=\"eael-grid-post-holder\">\n            <div class=\"eael-grid-post-holder-inner\"><div class=\"eael-entry-wrapper\"><header class=\"eael-entry-header\"><h2 class=\"eael-entry-title\"><a class=\"eael-grid-post-link\" href=\"https:\/\/dgi.gouv.ht\/ht\/ova_sev\/la-caisse-dassistance-sociale\/\" title=\"La Caisse d&rsquo;Assistance Sociale\">La Caisse d&rsquo;Assistance Sociale<\/a><\/h2><\/header><div class=\"eael-entry-header-after\"><div class=\"eael-entry-meta\"><\/div><\/div><div class=\"eael-entry-content\">\n                        <div class=\"eael-grid-post-excerpt\"><p>Suivant la loi du 26 mai 1971, la Caisse d\u2019Assistance Sociale sera aliment\u00e9e par une...<\/p><a href=\"https:\/\/dgi.gouv.ht\/ht\/ova_sev\/la-caisse-dassistance-sociale\/\" class=\"eael-post-elements-readmore-btn\">Lire plus<\/a><\/div>\n                    <\/div><\/div><\/div>\n        <\/div>\n    <\/article><article class=\"eael-grid-post eael-post-grid-column\" data-id=\"6402\">\n        <div class=\"eael-grid-post-holder\">\n            <div class=\"eael-grid-post-holder-inner\"><div class=\"eael-entry-wrapper\"><header class=\"eael-entry-header\"><h2 class=\"eael-entry-title\"><a class=\"eael-grid-post-link\" href=\"https:\/\/dgi.gouv.ht\/ht\/ova_sev\/la-carte-dindentite-professionnelle\/\" title=\"La Carte D&rsquo;indentite Professionnelle\">La Carte D&rsquo;indentite Professionnelle<\/a><\/h2><\/header><div class=\"eael-entry-header-after\"><div class=\"eael-entry-meta\"><\/div><\/div><div class=\"eael-entry-content\">\n                        <div class=\"eael-grid-post-excerpt\"><p>Toute personne exer\u00e7ant le commerce sur le territoire de la R\u00e9publique est tenue d\u2019avoir en...<\/p><a href=\"https:\/\/dgi.gouv.ht\/ht\/ova_sev\/la-carte-dindentite-professionnelle\/\" class=\"eael-post-elements-readmore-btn\">Lire plus<\/a><\/div>\n                    <\/div><\/div><\/div>\n        <\/div>\n    <\/article><article class=\"eael-grid-post eael-post-grid-column\" data-id=\"6434\">\n        <div class=\"eael-grid-post-holder\">\n            <div class=\"eael-grid-post-holder-inner\"><div class=\"eael-entry-wrapper\"><header class=\"eael-entry-header\"><h2 class=\"eael-entry-title\"><a class=\"eael-grid-post-link\" href=\"https:\/\/dgi.gouv.ht\/ht\/ova_sev\/la-contribution-au-fond-de-gestion-et-de-developpement-des-collectivites-territoriales\/\" title=\"La Contribution au Fond de Gestion et de Developpement des Collectivit\u00e9s Territoriales\">La Contribution au Fond de Gestion et de Developpement des Collectivit\u00e9s Territoriales<\/a><\/h2><\/header><div class=\"eael-entry-header-after\"><div class=\"eael-entry-meta\"><\/div><\/div><div class=\"eael-entry-content\">\n                        <div class=\"eael-grid-post-excerpt\"><p>La CFGDCT est un imp\u00f4t destin\u00e9 aux collectivit\u00e9s territoriales dont les liquidations et perceptions sont...<\/p><a href=\"https:\/\/dgi.gouv.ht\/ht\/ova_sev\/la-contribution-au-fond-de-gestion-et-de-developpement-des-collectivites-territoriales\/\" class=\"eael-post-elements-readmore-btn\">Lire plus<\/a><\/div>\n                    <\/div><\/div><\/div>\n        <\/div>\n    <\/article><article class=\"eael-grid-post eael-post-grid-column\" data-id=\"6551\">\n        <div class=\"eael-grid-post-holder\">\n            <div class=\"eael-grid-post-holder-inner\"><div class=\"eael-entry-wrapper\"><header class=\"eael-entry-header\"><h2 class=\"eael-entry-title\"><a class=\"eael-grid-post-link\" href=\"https:\/\/dgi.gouv.ht\/ht\/ova_sev\/la-legalisation-des-pieces\/\" title=\"La L\u00e9galisation des Pi\u00e8ces\">La L\u00e9galisation des Pi\u00e8ces<\/a><\/h2><\/header><div class=\"eael-entry-header-after\"><div class=\"eael-entry-meta\"><\/div><\/div><div class=\"eael-entry-content\">\n                        <div class=\"eael-grid-post-excerpt\"><p>La l\u00e9galisation est l\u2019op\u00e9ration par laquelle un fonctionnaire public, d\u00e9sign\u00e9 par la loi, atteste la...<\/p><a href=\"https:\/\/dgi.gouv.ht\/ht\/ova_sev\/la-legalisation-des-pieces\/\" class=\"eael-post-elements-readmore-btn\">Lire plus<\/a><\/div>\n                    <\/div><\/div><\/div>\n        <\/div>\n    <\/article><article class=\"eael-grid-post eael-post-grid-column\" data-id=\"6107\">\n        <div class=\"eael-grid-post-holder\">\n            <div class=\"eael-grid-post-holder-inner\"><div class=\"eael-entry-wrapper\"><header class=\"eael-entry-header\"><h2 class=\"eael-entry-title\"><a class=\"eael-grid-post-link\" href=\"https:\/\/dgi.gouv.ht\/ht\/ova_sev\/la-matricule-fiscale\/\" title=\"La Matricule Fiscale\">La Matricule Fiscale<\/a><\/h2><\/header><div class=\"eael-entry-header-after\"><div class=\"eael-entry-meta\"><\/div><\/div><div class=\"eael-entry-content\">\n                        <div class=\"eael-grid-post-excerpt\"><p>La carte d\u2019identit\u00e9 fiscale \u00e9tait une pi\u00e8ce d\u2019identification r\u00e9clam\u00e9e par l\u2019Etat ha\u00eftien \u00e0 toutes les...<\/p><a href=\"https:\/\/dgi.gouv.ht\/ht\/ova_sev\/la-matricule-fiscale\/\" class=\"eael-post-elements-readmore-btn\">Lire plus<\/a><\/div>\n                    <\/div><\/div><\/div>\n        <\/div>\n    <\/article><article class=\"eael-grid-post eael-post-grid-column\" data-id=\"6633\">\n        <div class=\"eael-grid-post-holder\">\n            <div class=\"eael-grid-post-holder-inner\"><div class=\"eael-entry-wrapper\"><header class=\"eael-entry-header\"><h2 class=\"eael-entry-title\"><a class=\"eael-grid-post-link\" href=\"https:\/\/dgi.gouv.ht\/ht\/ova_sev\/la-patente\/\" title=\"La Patente\">La Patente<\/a><\/h2><\/header><div class=\"eael-entry-header-after\"><div class=\"eael-entry-meta\"><\/div><\/div><div class=\"eael-entry-content\">\n                        <div class=\"eael-grid-post-excerpt\"><p>La patente est un imp\u00f4t dont les recettes sont reparties entre les communes de l\u2019Etat....<\/p><a href=\"https:\/\/dgi.gouv.ht\/ht\/ova_sev\/la-patente\/\" class=\"eael-post-elements-readmore-btn\">Lire plus<\/a><\/div>\n                    <\/div><\/div><\/div>\n        <\/div>\n    <\/article><article class=\"eael-grid-post eael-post-grid-column\" data-id=\"6578\">\n        <div class=\"eael-grid-post-holder\">\n            <div class=\"eael-grid-post-holder-inner\"><div class=\"eael-entry-wrapper\"><header class=\"eael-entry-header\"><h2 class=\"eael-entry-title\"><a class=\"eael-grid-post-link\" href=\"https:\/\/dgi.gouv.ht\/ht\/ova_sev\/le-droit-de-fonctionnement\/\" title=\"Le Droit de Fonctionnement\">Le Droit de Fonctionnement<\/a><\/h2><\/header><div class=\"eael-entry-header-after\"><div class=\"eael-entry-meta\"><\/div><\/div><div class=\"eael-entry-content\">\n                        <div class=\"eael-grid-post-excerpt\"><p>Selon l\u2019article 1er du d\u00e9cret du 31 Octobre 1967, toute soci\u00e9t\u00e9 de commerce doit exp\u00e9dier...<\/p><a href=\"https:\/\/dgi.gouv.ht\/ht\/ova_sev\/le-droit-de-fonctionnement\/\" class=\"eael-post-elements-readmore-btn\">Lire plus<\/a><\/div>\n                    <\/div><\/div><\/div>\n        <\/div>\n    <\/article><article class=\"eael-grid-post eael-post-grid-column\" data-id=\"6583\">\n        <div class=\"eael-grid-post-holder\">\n            <div class=\"eael-grid-post-holder-inner\"><div class=\"eael-entry-wrapper\"><header class=\"eael-entry-header\"><h2 class=\"eael-entry-title\"><a class=\"eael-grid-post-link\" href=\"https:\/\/dgi.gouv.ht\/ht\/ova_sev\/le-droit-de-non-fonctionnement\/\" title=\"Le Droit de non Fonctionnement\">Le Droit de non Fonctionnement<\/a><\/h2><\/header><div class=\"eael-entry-header-after\"><div class=\"eael-entry-meta\"><\/div><\/div><div class=\"eael-entry-content\">\n                        <div class=\"eael-grid-post-excerpt\"><p>Toute soci\u00e9t\u00e9 anonyme ha\u00eftienne r\u00e9guli\u00e8rement constitu\u00e9e qui ne fonctionne pas mais qui d\u00e9sire cependant conserver...<\/p><a href=\"https:\/\/dgi.gouv.ht\/ht\/ova_sev\/le-droit-de-non-fonctionnement\/\" class=\"eael-post-elements-readmore-btn\">Lire plus<\/a><\/div>\n                    <\/div><\/div><\/div>\n        <\/div>\n    <\/article><\/div>\n            <div class=\"clearfix\"><\/div>\n        <\/div>            <div class=\"eael-load-more-button-wrap\">\n                <button class=\"eael-load-more-button\" id=\"eael-load-more-btn-bddf9b5\" data-widget-id=\"bddf9b5\" data-widget=\"bddf9b5\" data-page-id=\"823\" data-template=\"{&quot;dir&quot;:&quot;lite&quot;,&quot;file_name&quot;:&quot;one.php&quot;,&quot;name&quot;:&quot;Post-Grid&quot;}\" data-class=\"Essential_Addons_Elementor\\Elements\\Post_Grid\" data-layout=\"masonry\" data-page=\"1\" data-args=\"orderby=title&amp;order=asc&amp;ignore_sticky_posts=1&amp;post_status=publish&amp;posts_per_page=12&amp;offset=0&amp;post_type=ova_sev\" data-max-page=\"2\">\n                    <span class=\"eael-btn-loader button__loader\"><\/span>\n                    <span class=\"eael_load_more_text\">Afficher plus<\/span>\n                <\/button>\n            <\/div>\n            \t\t<\/div>\n\t\t\t\t<\/div>\n\t\t\t\t\t<\/div>\n\t\t<\/div>\n\t\t\t\t\t<\/div>\n\t\t<\/section>\n\t\t\t\t<section data-particle_enable=\"false\" data-particle-mobile-disabled=\"false\" class=\"elementor-section elementor-top-section elementor-element elementor-element-096138f elementor-section-boxed elementor-section-height-default elementor-section-height-default\" data-id=\"096138f\" data-element_type=\"section\" data-settings=\"{&quot;background_background&quot;:&quot;classic&quot;}\">\n\t\t\t\t\t\t<div class=\"elementor-container elementor-column-gap-default\">\n\t\t\t\t\t<div class=\"elementor-column elementor-col-100 elementor-top-column elementor-element elementor-element-9cdb718\" data-id=\"9cdb718\" data-element_type=\"column\">\n\t\t\t<div class=\"elementor-widget-wrap elementor-element-populated\">\n\t\t\t\t\t\t<section data-particle_enable=\"false\" data-particle-mobile-disabled=\"false\" class=\"elementor-section elementor-inner-section elementor-element elementor-element-c6f3aff elementor-section-full_width elementor-section-height-default elementor-section-height-default\" data-id=\"c6f3aff\" data-element_type=\"section\">\n\t\t\t\t\t\t<div class=\"elementor-container elementor-column-gap-default\">\n\t\t\t\t\t<div class=\"elementor-column elementor-col-100 elementor-inner-column elementor-element elementor-element-56af984\" data-id=\"56af984\" data-element_type=\"column\">\n\t\t\t<div class=\"elementor-widget-wrap elementor-element-populated\">\n\t\t\t\t\t\t<div class=\"elementor-element elementor-element-5ae2158 elementor-widget__width-initial elementor-invisible elementor-widget elementor-widget-ova_list_link\" data-id=\"5ae2158\" data-element_type=\"widget\" data-settings=\"{&quot;_animation&quot;:&quot;slideInUp&quot;,&quot;_animation_mobile&quot;:&quot;none&quot;}\" data-widget_type=\"ova_list_link.default\">\n\t\t\t\t<div class=\"elementor-widget-container\">\n\t\t\t\t\t<div class=\"ova_list_link box-shadow\">\n\t\t\t\t\t\t<h3 class=\"title\">\n\t\t\t\tServices en Ligne\t\t\t<\/h3>\n\t\t\t\t\t\t\t\t\t<ul class=\"content\">\n\t\t\t\t\t\t\t\t\t<li class=\"item\">\n\t\t\t\t\t\t<a href=\"https:\/\/dgi.gouv.ht\/ht\/verification\/\">\n\t\t\t\t\t\t\tModule de V\u00e9rification et Transparence\t\t\t\t\t\t\t\t\t\t\t\t\t\t<span class=\"icon\">\n\t\t\t\t\t\t\t\t<i data-feather=\"chevron-right\"><\/i>\n\t\t\t\t\t\t\t<\/span>\n\t\t\t\t\t\t    \t\t\t\t\t\t    \t\t\t\t\t\t\t<span class=\"icon-hover\">\n\t\t\t\t\t\t\t\t<i data-feather=\"arrow-right\"><\/i>\n\t\t\t\t\t\t\t<\/span>\n\t\t\t\t\t\t\t \t\t\t\t\t\t<\/a>\n\n\t\t\t\t\t<\/li>\n\t\t\t\t\t\t\t\t\t<li class=\"item\">\n\t\t\t\t\t\t<a href=\"https:\/\/drsm.dgi.gouv.ht\/\">\n\t\t\t\t\t\t\tS\u00fbret\u00e9s Mobili\u00e8res\t\t\t\t\t\t\t\t\t\t\t\t\t\t<span class=\"icon\">\n\t\t\t\t\t\t\t\t<i data-feather=\"chevron-right\"><\/i>\n\t\t\t\t\t\t\t<\/span>\n\t\t\t\t\t\t    \t\t\t\t\t\t    \t\t\t\t\t\t\t<span class=\"icon-hover\">\n\t\t\t\t\t\t\t\t<i data-feather=\"arrow-right\"><\/i>\n\t\t\t\t\t\t\t<\/span>\n\t\t\t\t\t\t\t \t\t\t\t\t\t<\/a>\n\n\t\t\t\t\t<\/li>\n\t\t\t\t\t\t\t\t\t<li class=\"item\">\n\t\t\t\t\t\t<a href=\"https:\/\/dgi.gouv.ht\/ht\/formulaires\/\">\n\t\t\t\t\t\t\tRemplir un Formulaire\t\t\t\t\t\t\t\t\t\t\t\t\t\t<span class=\"icon\">\n\t\t\t\t\t\t\t\t<i data-feather=\"chevron-right\"><\/i>\n\t\t\t\t\t\t\t<\/span>\n\t\t\t\t\t\t    \t\t\t\t\t\t    \t\t\t\t\t\t\t<span class=\"icon-hover\">\n\t\t\t\t\t\t\t\t<i data-feather=\"arrow-right\"><\/i>\n\t\t\t\t\t\t\t<\/span>\n\t\t\t\t\t\t\t \t\t\t\t\t\t<\/a>\n\n\t\t\t\t\t<\/li>\n\t\t\t\t\t\t\t<\/ul>\n\t\t\t\t\t<\/div>\n\t\t\t\t<\/div>\n\t\t\t\t<\/div>\n\t\t\t\t\t<\/div>\n\t\t<\/div>\n\t\t\t\t\t<\/div>\n\t\t<\/section>\n\t\t\t\t\t<\/div>\n\t\t<\/div>\n\t\t\t\t\t<\/div>\n\t\t<\/section>\n\t\t\t\t<section data-particle_enable=\"false\" data-particle-mobile-disabled=\"false\" class=\"elementor-section elementor-top-section elementor-element elementor-element-1f582ec elementor-section-boxed elementor-section-height-default elementor-section-height-default\" data-id=\"1f582ec\" data-element_type=\"section\">\n\t\t\t\t\t\t<div class=\"elementor-container elementor-column-gap-default\">\n\t\t\t\t\t<div class=\"elementor-column elementor-col-100 elementor-top-column elementor-element elementor-element-a10beb0\" data-id=\"a10beb0\" data-element_type=\"column\">\n\t\t\t<div class=\"elementor-widget-wrap elementor-element-populated\">\n\t\t\t\t\t\t<div class=\"elementor-element elementor-element-5d05e0e elementor-widget elementor-widget-ova_heading\" data-id=\"5d05e0e\" data-element_type=\"widget\" data-widget_type=\"ova_heading.default\">\n\t\t\t\t<div class=\"elementor-widget-container\">\n\t\t\t\t\t<div class=\"ova-heading\">\n\t\t\t\n\t\t\t\t\t\t\t<h3 class=\"title second_font\">Derni\u00e8res nouvelles et \u00e9v\u00e9nements<\/h3>\n\t\t\t\n\t\t\t\n\t\t<\/div>\n\t\t\t\t<\/div>\n\t\t\t\t<\/div>\n\t\t\t\t<section data-particle_enable=\"false\" data-particle-mobile-disabled=\"false\" class=\"elementor-section elementor-inner-section elementor-element elementor-element-3d9fcde elementor-section-boxed elementor-section-height-default elementor-section-height-default\" data-id=\"3d9fcde\" data-element_type=\"section\">\n\t\t\t\t\t\t<div class=\"elementor-container elementor-column-gap-default\">\n\t\t\t\t\t<div class=\"elementor-column elementor-col-50 elementor-inner-column elementor-element elementor-element-718c5d2\" data-id=\"718c5d2\" data-element_type=\"column\">\n\t\t\t<div class=\"elementor-widget-wrap elementor-element-populated\">\n\t\t\t\t\t\t<div class=\"elementor-element elementor-element-8856ce2 elementor-widget elementor-widget-ova_blog_slide\" data-id=\"8856ce2\" data-element_type=\"widget\" data-settings=\"{&quot;pause_on_hover&quot;:&quot;yes&quot;,&quot;infinite&quot;:&quot;yes&quot;,&quot;autoplay&quot;:&quot;yes&quot;,&quot;autoplay_speed&quot;:3000,&quot;center&quot;:&quot;no&quot;,&quot;dot_control&quot;:&quot;no&quot;}\" data-widget_type=\"ova_blog_slide.default\">\n\t\t\t\t<div class=\"elementor-widget-container\">\n\t\t\t\t\t<div class=\"ova-blog-slide blog-grid\">\n\t\t\t<div class=\"ova-wrap-grid blog-slide owl-carousel owl-theme\" data-options=\"{&quot;items&quot;:3,&quot;slideBy&quot;:1,&quot;margin&quot;:15,&quot;autoplayHoverPause&quot;:true,&quot;loop&quot;:true,&quot;autoplay&quot;:true,&quot;autoplayTimeout&quot;:3000,&quot;smartSpeed&quot;:500,&quot;dots&quot;:false,&quot;nav&quot;:false,&quot;center&quot;:false}\">\n\t\t\t\t\t\t\t<article class=\"post-wrap\">\n\t\t\t\t\t<div class=\"wrap-article\">\n\t\t\t\t\t\t<div class=\"post-media\">\n\t\t\t\t\t\t\t\t\t\t\t\t\t\t\t<a href=\"https:\/\/dgi.gouv.ht\/ht\/note-dinformation\/\" title=\"NOTE D&rsquo;INFORMATION\">\n\t\t\t\t\t\t\t\t\t<img decoding=\"async\" alt=\"NOTE D&rsquo;INFORMATION\" src=\"https:\/\/dgi.gouv.ht\/wp-content\/uploads\/2026\/01\/note-dinformation2026-428x560.jpg\" \n\t\t\t\t\t\t\t\t\t\t\t\n\t\t\t\t\t\t\t\t\t\t\tsrcset=\"https:\/\/dgi.gouv.ht\/wp-content\/uploads\/2026\/01\/note-dinformation2026-428x560.jpg 560w,\t\t\t\t\t\t\t\t\t\t\thttps:\/\/dgi.gouv.ht\/wp-content\/uploads\/2026\/01\/note-dinformation2026-229x300.jpg 300w\" \n\t\t\t\t\t\t\t\t\t\t\tsizes=\"(max-width: 767px) 100vw, 560px\" >\n\t\t\t\t\t\t\t\t<\/a>\n\t\t\t\t\t\t\t\t\t\t\t\t\t<\/div>\n\t\t\t\t\t\t<div class=\"evgovt-content\">\n\t\t\t\t\t\t\t\t\t\t\t\t\t\t<div class=\"post-meta-date\">\n\t\t\t\t\t\t\t\t<span class=\"post-meta-content-date\">\n\t\t\t\t\t\t\t\t    <span class=\"post-date\">\n\t\t\t\t\t\t\t\t        <span class=\"right second_font\">16\/01\/2026<\/span>\n\t\t\t\t\t\t\t\t    <\/span>\n\t\t\t\t\t\t\t\t<\/span>\n\t\t\t\t\t\t\t<\/div>\n\t\t\t\t\t\t\t\n\t\t\t\t\t\t\t\t\t\t\t\t\t\t<div class=\"post-meta-grid\">\n\t\t\t\t\t\t\t\t<span class=\"post-meta-content-grid\">\n\t\t\t\t\t\t\t\t    \t\t\t\t\t\t\t\t    \t<span class=\"wp-categories\">\n\t\t\t\t\t\t\t\t    \t\t<span class=\"slash ova-meta-general\">In<\/span>\n\t\t\t\t\t\t\t\t\t\t    <span class=\"categories\">\n\t\t\t\t\t\t\t\t\t\t        <span class=\"right\"><a href=\"https:\/\/dgi.gouv.ht\/ht\/category\/actualites\/\" rel=\"category tag\">Actualit\u00e9s<\/a>&sbquo;&nbsp;<a href=\"https:\/\/dgi.gouv.ht\/ht\/category\/avis\/\" rel=\"category tag\">Avis<\/a>&sbquo;&nbsp;<a href=\"https:\/\/dgi.gouv.ht\/ht\/category\/communique\/\" rel=\"category tag\">Communiqu\u00e9<\/a><\/span><!-- end right -->             \n\t\t\t\t\t\t\t\t\t\t    <\/span><!-- end categories -->\n\t\t\t\t\t\t\t\t    \t<\/span><!-- end wp-category -->\n\t\t\t\t\t\t\t\t\t\n\t\t\t\t\t\t\t\t    <span class=\"comment\">\n\t\t\t\t\t\t\t\t        <span class=\"right\">\n\t\t\t\t\t\t\t\t        \t<i data-feather=\"message-square\"><\/i>\n\t\t\t\t\t\t\t\t            <a href=\"https:\/\/dgi.gouv.ht\/ht\/note-dinformation\/#respond\"> 0<\/a>\t\t\t\t\t\t\t\t        <\/span>                \n\t\t\t\t\t\t\t\t    <\/span>\n\n\t\t\t\t\t\t\t\t<\/span>\n\t\t\t\t\t\t\t<\/div>\n\t\t\t\t\t\t\t\t\t\t\t\t\t\t\t\t\t\t\t\t\t<div class=\"post-title\">\n\t\t\t\t\t\t\t\t<a href=\"https:\/\/dgi.gouv.ht\/ht\/note-dinformation\/\" rel=\"bookmark\" title=\"NOTE D&rsquo;INFORMATION\">\n\t\t\t\t\t\t\t\t\t<h2 class=\"post-title\">NOTE D&rsquo;INFORMATION<\/h2>\n\t\t\t\t\t\t\t    <\/a>\n\t\t\t\t\t\t\t<\/div>\n\t\t\t\t\t\t\t\t\t\t\t\t\t\t\t\t\t\t\t\t\t<div class=\"post-footer\">\n\t\t\t\t\t\t\t\t<div class=\"egovt-post-readmore\">\n\t\t\t\t\t\t\t\t    <a class=\"btn-readmore second_font\" href=\"https:\/\/dgi.gouv.ht\/ht\/note-dinformation\/\">\n\t\t\t\t\t\t\t\t    \tLire la suite\t\t\t\t\t\t\t\t    \t<i data-feather=\"arrow-right\"><\/i>\n\t\t\t\t\t\t\t\t    <\/a>\n\t\t\t\t\t\t\t\t<\/div>\n\t\t\t\t\t\t\t<\/div>\n\t\t\t\t\t\t\t\t\t\t\t\t\t<\/div>\n\t\t\t\t\t<\/div>\n\t\t\t\t<\/article>\n\t\t\t\t\t\t\t<article class=\"post-wrap\">\n\t\t\t\t\t<div class=\"wrap-article\">\n\t\t\t\t\t\t<div class=\"post-media\">\n\t\t\t\t\t\t\t\t\t\t\t\t\t\t\t<a href=\"https:\/\/dgi.gouv.ht\/ht\/changements-et-mouvements-du-personnel\/\" title=\"CHANGEMENTS ET MOUVEMENTS DU PERSONNEL\">\n\t\t\t\t\t\t\t\t\t<img decoding=\"async\" alt=\"CHANGEMENTS ET MOUVEMENTS DU PERSONNEL\" src=\"https:\/\/dgi.gouv.ht\/wp-content\/uploads\/2025\/07\/avis-du-nouveau-directeur-442x560.jpg\" \n\t\t\t\t\t\t\t\t\t\t\t\n\t\t\t\t\t\t\t\t\t\t\tsrcset=\"https:\/\/dgi.gouv.ht\/wp-content\/uploads\/2025\/07\/avis-du-nouveau-directeur-442x560.jpg 560w,\t\t\t\t\t\t\t\t\t\t\thttps:\/\/dgi.gouv.ht\/wp-content\/uploads\/2025\/07\/avis-du-nouveau-directeur-237x300.jpg 300w\" \n\t\t\t\t\t\t\t\t\t\t\tsizes=\"(max-width: 767px) 100vw, 560px\" >\n\t\t\t\t\t\t\t\t<\/a>\n\t\t\t\t\t\t\t\t\t\t\t\t\t<\/div>\n\t\t\t\t\t\t<div class=\"evgovt-content\">\n\t\t\t\t\t\t\t\t\t\t\t\t\t\t<div class=\"post-meta-date\">\n\t\t\t\t\t\t\t\t<span class=\"post-meta-content-date\">\n\t\t\t\t\t\t\t\t    <span class=\"post-date\">\n\t\t\t\t\t\t\t\t        <span class=\"right second_font\">25\/07\/2025<\/span>\n\t\t\t\t\t\t\t\t    <\/span>\n\t\t\t\t\t\t\t\t<\/span>\n\t\t\t\t\t\t\t<\/div>\n\t\t\t\t\t\t\t\n\t\t\t\t\t\t\t\t\t\t\t\t\t\t<div class=\"post-meta-grid\">\n\t\t\t\t\t\t\t\t<span class=\"post-meta-content-grid\">\n\t\t\t\t\t\t\t\t    \t\t\t\t\t\t\t\t    \t<span class=\"wp-categories\">\n\t\t\t\t\t\t\t\t    \t\t<span class=\"slash ova-meta-general\">In<\/span>\n\t\t\t\t\t\t\t\t\t\t    <span class=\"categories\">\n\t\t\t\t\t\t\t\t\t\t        <span class=\"right\"><a href=\"https:\/\/dgi.gouv.ht\/ht\/category\/actualites\/\" rel=\"category tag\">Actualit\u00e9s<\/a>&sbquo;&nbsp;<a href=\"https:\/\/dgi.gouv.ht\/ht\/category\/avis\/\" rel=\"category tag\">Avis<\/a>&sbquo;&nbsp;<a href=\"https:\/\/dgi.gouv.ht\/ht\/category\/communique\/\" rel=\"category tag\">Communiqu\u00e9<\/a><\/span><!-- end right -->             \n\t\t\t\t\t\t\t\t\t\t    <\/span><!-- end categories -->\n\t\t\t\t\t\t\t\t    \t<\/span><!-- end wp-category -->\n\t\t\t\t\t\t\t\t\t\n\t\t\t\t\t\t\t\t    <span class=\"comment\">\n\t\t\t\t\t\t\t\t        <span class=\"right\">\n\t\t\t\t\t\t\t\t        \t<i data-feather=\"message-square\"><\/i>\n\t\t\t\t\t\t\t\t            <a href=\"https:\/\/dgi.gouv.ht\/ht\/changements-et-mouvements-du-personnel\/#respond\"> 0<\/a>\t\t\t\t\t\t\t\t        <\/span>                \n\t\t\t\t\t\t\t\t    <\/span>\n\n\t\t\t\t\t\t\t\t<\/span>\n\t\t\t\t\t\t\t<\/div>\n\t\t\t\t\t\t\t\t\t\t\t\t\t\t\t\t\t\t\t\t\t<div class=\"post-title\">\n\t\t\t\t\t\t\t\t<a href=\"https:\/\/dgi.gouv.ht\/ht\/changements-et-mouvements-du-personnel\/\" rel=\"bookmark\" title=\"CHANGEMENTS ET MOUVEMENTS DU PERSONNEL\">\n\t\t\t\t\t\t\t\t\t<h2 class=\"post-title\">CHANGEMENTS ET MOUVEMENTS DU PERSONNEL<\/h2>\n\t\t\t\t\t\t\t    <\/a>\n\t\t\t\t\t\t\t<\/div>\n\t\t\t\t\t\t\t\t\t\t\t\t\t\t\t\t\t\t\t\t\t<div class=\"post-footer\">\n\t\t\t\t\t\t\t\t<div class=\"egovt-post-readmore\">\n\t\t\t\t\t\t\t\t    <a class=\"btn-readmore second_font\" href=\"https:\/\/dgi.gouv.ht\/ht\/changements-et-mouvements-du-personnel\/\">\n\t\t\t\t\t\t\t\t    \tLire la suite\t\t\t\t\t\t\t\t    \t<i data-feather=\"arrow-right\"><\/i>\n\t\t\t\t\t\t\t\t    <\/a>\n\t\t\t\t\t\t\t\t<\/div>\n\t\t\t\t\t\t\t<\/div>\n\t\t\t\t\t\t\t\t\t\t\t\t\t<\/div>\n\t\t\t\t\t<\/div>\n\t\t\t\t<\/article>\n\t\t\t\t\t\t\t<article class=\"post-wrap\">\n\t\t\t\t\t<div class=\"wrap-article\">\n\t\t\t\t\t\t<div class=\"post-media\">\n\t\t\t\t\t\t\t\t\t\t\t\t\t\t\t<a href=\"https:\/\/dgi.gouv.ht\/ht\/ceremonie-dinstallation-du-nouveau-directeur-administratif-et-de-lassistant-directeur-des-affaires-juridiques-respectivement-messieurs-jean-max-bazile-et-peguy-michel-tenue-a-la-direction-genera\/\" title=\"CEREMONIE D&rsquo;INSTALLATION DU NOUVEAU DIRECTEUR ADMINISTRATIF ET DE L&rsquo;ASSISTANT-DIRECTEUR DES AFFAIRES JURIDIQUES.\">\n\t\t\t\t\t\t\t\t\t<img decoding=\"async\" alt=\"CEREMONIE D&rsquo;INSTALLATION DU NOUVEAU DIRECTEUR ADMINISTRATIF ET DE L&rsquo;ASSISTANT-DIRECTEUR DES AFFAIRES JURIDIQUES.\" src=\"https:\/\/dgi.gouv.ht\/wp-content\/uploads\/2025\/07\/changements-2025-07-02-530x560.jpg\" \n\t\t\t\t\t\t\t\t\t\t\t\n\t\t\t\t\t\t\t\t\t\t\tsrcset=\"https:\/\/dgi.gouv.ht\/wp-content\/uploads\/2025\/07\/changements-2025-07-02-530x560.jpg 560w,\t\t\t\t\t\t\t\t\t\t\thttps:\/\/dgi.gouv.ht\/wp-content\/uploads\/2025\/07\/changements-2025-07-02-284x300.jpg 300w\" \n\t\t\t\t\t\t\t\t\t\t\tsizes=\"(max-width: 767px) 100vw, 560px\" >\n\t\t\t\t\t\t\t\t<\/a>\n\t\t\t\t\t\t\t\t\t\t\t\t\t<\/div>\n\t\t\t\t\t\t<div class=\"evgovt-content\">\n\t\t\t\t\t\t\t\t\t\t\t\t\t\t<div class=\"post-meta-date\">\n\t\t\t\t\t\t\t\t<span class=\"post-meta-content-date\">\n\t\t\t\t\t\t\t\t    <span class=\"post-date\">\n\t\t\t\t\t\t\t\t        <span class=\"right second_font\">02\/07\/2025<\/span>\n\t\t\t\t\t\t\t\t    <\/span>\n\t\t\t\t\t\t\t\t<\/span>\n\t\t\t\t\t\t\t<\/div>\n\t\t\t\t\t\t\t\n\t\t\t\t\t\t\t\t\t\t\t\t\t\t<div class=\"post-meta-grid\">\n\t\t\t\t\t\t\t\t<span class=\"post-meta-content-grid\">\n\t\t\t\t\t\t\t\t    \t\t\t\t\t\t\t\t    \t<span class=\"wp-categories\">\n\t\t\t\t\t\t\t\t    \t\t<span class=\"slash ova-meta-general\">In<\/span>\n\t\t\t\t\t\t\t\t\t\t    <span class=\"categories\">\n\t\t\t\t\t\t\t\t\t\t        <span class=\"right\"><a href=\"https:\/\/dgi.gouv.ht\/ht\/category\/actualites\/\" rel=\"category tag\">Actualit\u00e9s<\/a>&sbquo;&nbsp;<a href=\"https:\/\/dgi.gouv.ht\/ht\/category\/avis\/\" rel=\"category tag\">Avis<\/a><\/span><!-- end right -->             \n\t\t\t\t\t\t\t\t\t\t    <\/span><!-- end categories -->\n\t\t\t\t\t\t\t\t    \t<\/span><!-- end wp-category -->\n\t\t\t\t\t\t\t\t\t\n\t\t\t\t\t\t\t\t    <span class=\"comment\">\n\t\t\t\t\t\t\t\t        <span class=\"right\">\n\t\t\t\t\t\t\t\t        \t<i data-feather=\"message-square\"><\/i>\n\t\t\t\t\t\t\t\t            <a href=\"https:\/\/dgi.gouv.ht\/ht\/ceremonie-dinstallation-du-nouveau-directeur-administratif-et-de-lassistant-directeur-des-affaires-juridiques-respectivement-messieurs-jean-max-bazile-et-peguy-michel-tenue-a-la-direction-genera\/#respond\"> 0<\/a>\t\t\t\t\t\t\t\t        <\/span>                \n\t\t\t\t\t\t\t\t    <\/span>\n\n\t\t\t\t\t\t\t\t<\/span>\n\t\t\t\t\t\t\t<\/div>\n\t\t\t\t\t\t\t\t\t\t\t\t\t\t\t\t\t\t\t\t\t<div class=\"post-title\">\n\t\t\t\t\t\t\t\t<a href=\"https:\/\/dgi.gouv.ht\/ht\/ceremonie-dinstallation-du-nouveau-directeur-administratif-et-de-lassistant-directeur-des-affaires-juridiques-respectivement-messieurs-jean-max-bazile-et-peguy-michel-tenue-a-la-direction-genera\/\" rel=\"bookmark\" title=\"CEREMONIE D&rsquo;INSTALLATION DU NOUVEAU DIRECTEUR ADMINISTRATIF ET DE L&rsquo;ASSISTANT-DIRECTEUR DES AFFAIRES JURIDIQUES.\">\n\t\t\t\t\t\t\t\t\t<h2 class=\"post-title\">CEREMONIE D&rsquo;INSTALLATION DU NOUVEAU DIRECTEUR ADMINISTRATIF ET DE L&rsquo;ASSISTANT-DIRECTEUR DES AFFAIRES JURIDIQUES.<\/h2>\n\t\t\t\t\t\t\t    <\/a>\n\t\t\t\t\t\t\t<\/div>\n\t\t\t\t\t\t\t\t\t\t\t\t\t\t\t\t\t\t\t\t\t<div class=\"post-footer\">\n\t\t\t\t\t\t\t\t<div class=\"egovt-post-readmore\">\n\t\t\t\t\t\t\t\t    <a class=\"btn-readmore second_font\" href=\"https:\/\/dgi.gouv.ht\/ht\/ceremonie-dinstallation-du-nouveau-directeur-administratif-et-de-lassistant-directeur-des-affaires-juridiques-respectivement-messieurs-jean-max-bazile-et-peguy-michel-tenue-a-la-direction-genera\/\">\n\t\t\t\t\t\t\t\t    \tLire la suite\t\t\t\t\t\t\t\t    \t<i data-feather=\"arrow-right\"><\/i>\n\t\t\t\t\t\t\t\t    <\/a>\n\t\t\t\t\t\t\t\t<\/div>\n\t\t\t\t\t\t\t<\/div>\n\t\t\t\t\t\t\t\t\t\t\t\t\t<\/div>\n\t\t\t\t\t<\/div>\n\t\t\t\t<\/article>\n\t\t\t\t\t\t<\/div>\n\t\t<\/div>\n\t\t\t\t<\/div>\n\t\t\t\t<\/div>\n\t\t\t\t\t<\/div>\n\t\t<\/div>\n\t\t\t\t<div class=\"elementor-column elementor-col-50 elementor-inner-column elementor-element elementor-element-6206efe\" data-id=\"6206efe\" data-element_type=\"column\">\n\t\t\t<div class=\"elementor-widget-wrap elementor-element-populated\">\n\t\t\t\t\t\t<div class=\"elementor-element elementor-element-168ab1d elementor-widget elementor-widget-ova_events_cat\" data-id=\"168ab1d\" data-element_type=\"widget\" data-widget_type=\"ova_events_cat.default\">\n\t\t\t\t<div class=\"elementor-widget-container\">\n\t\t\t\n<div class=\"ovaev-event-element version_1\" >\n\n\t\t\t<h2 class=\"title-event\">\n\t\t\t\u00c9v\u00e9nements\t\t<\/h2>\n\t\n\t\n\n\t\n<div class=\"item\">\n\n\t<h3 class=\"title\">\n\t\t<a class=\"second_font\" href=\"https:\/\/dgi.gouv.ht\/ht\/event\/propos-du-directeur-general-de-la-direction-generale-des-impots\/\">\n\t\t\tPropos du Directeur G\u00e9n\u00e9ral de la Direction G\u00e9n\u00e9rale des Imp\u00f4ts (DGI), M. Jean Emmanuel CASS\u00c9US\t\t<\/a>\n\t<\/h3>\n\n\t<div class=\"time-event\">\n\t\t\t\t\t<div class=\"time\">\n\t\t\t\t\t\t\t\t\t<span>15\/12\/2022 @ 9:00 am - 1:00 pm<\/span>\n\t\t\t\t\t\t\t<\/div>\n\t\t\t<\/div>\n\t\n<\/div>\n<div class=\"item\">\n\n\t<h3 class=\"title\">\n\t\t<a class=\"second_font\" href=\"https:\/\/dgi.gouv.ht\/ht\/event\/lancement-du-centre-dappels-105\/\">\n\t\t\tLANCEMENT DU CENTRE D&rsquo;APPELS 105\t\t<\/a>\n\t<\/h3>\n\n\t<div class=\"time-event\">\n\t\t\t\t\t<div class=\"time\">\n\t\t\t\t\t\t\t\t\t<span>25\/07\/2025 @ 10:00 am - 10:45 am<\/span>\n\t\t\t\t\t\t\t<\/div>\n\t\t\t<\/div>\n\t\n<\/div>\n<div class=\"item\">\n\n\t<h3 class=\"title\">\n\t\t<a class=\"second_font\" href=\"https:\/\/dgi.gouv.ht\/ht\/event\/inauguration-au-bureau-central-dun-nouvel-espace-dedie-a-la-delivrance-des-plaques-dimmatriculation-des-vehicules-et-des-vignettes-de-validation\/\">\n\t\t\tINAUGURATION AU BUREAU CENTRAL D\u2019UN NOUVEL ESPACE DEDIE A LA DELIVRANCE DES PLAQUES D\u2019IMMATRICULATION DES VEHICULES ET DES VIGNETTES DE VALIDATION\t\t<\/a>\n\t<\/h3>\n\n\t<div class=\"time-event\">\n\t\t\t\t\t<div class=\"time\">\n\t\t\t\t\t\t\t\t\t<span>24\/06\/2025 @ 10:00 am - 11:25 am<\/span>\n\t\t\t\t\t\t\t<\/div>\n\t\t\t<\/div>\n\t\n<\/div><\/div>\n\t\t<\/div>\n\t\t\t\t<\/div>\n\t\t\t\t\t<\/div>\n\t\t<\/div>\n\t\t\t\t\t<\/div>\n\t\t<\/section>\n\t\t\t\t\t<\/div>\n\t\t<\/div>\n\t\t\t\t\t<\/div>\n\t\t<\/section>\n\t\t\t\t<section data-particle_enable=\"false\" data-particle-mobile-disabled=\"false\" class=\"elementor-section elementor-top-section elementor-element elementor-element-ed36fa3 elementor-section-boxed elementor-section-height-default elementor-section-height-default\" data-id=\"ed36fa3\" data-element_type=\"section\">\n\t\t\t\t\t\t<div class=\"elementor-container elementor-column-gap-default\">\n\t\t\t\t\t<div class=\"elementor-column elementor-col-100 elementor-top-column elementor-element elementor-element-7d829b4\" data-id=\"7d829b4\" data-element_type=\"column\">\n\t\t\t<div class=\"elementor-widget-wrap elementor-element-populated\">\n\t\t\t\t\t\t<div class=\"elementor-element elementor-element-6fa8ee2 elementor-widget elementor-widget-heading\" data-id=\"6fa8ee2\" data-element_type=\"widget\" data-widget_type=\"heading.default\">\n\t\t\t\t<div class=\"elementor-widget-container\">\n\t\t\t<h6 class=\"elementor-heading-title elementor-size-default\">Avez-vous besoin d'aide ?<\/h6>\t\t<\/div>\n\t\t\t\t<\/div>\n\t\t\t\t<div class=\"elementor-element elementor-element-4c854b8 elementor-widget elementor-widget-heading\" data-id=\"4c854b8\" data-element_type=\"widget\" data-widget_type=\"heading.default\">\n\t\t\t\t<div class=\"elementor-widget-container\">\n\t\t\t<h2 class=\"elementor-heading-title elementor-size-default\">Si vous avez des questions,<br> n'h\u00e9sitez pas \u00e0 nous contacter.<\/h2>\t\t<\/div>\n\t\t\t\t<\/div>\n\t\t\t\t<div class=\"elementor-element elementor-element-f39c899 elementor-widget elementor-widget-text-editor\" data-id=\"f39c899\" data-element_type=\"widget\" data-widget_type=\"text-editor.default\">\n\t\t\t\t<div class=\"elementor-widget-container\">\n\t\t\t\t\t\t\t<p>Appelez-nous d\u00e8s aujourd&rsquo;hui au <a href=\"tel:\">+509 2262 1000<\/a>\u00a0Nous sommes disponibles 24 heures sur 24 pour vous aider.<\/p>\t\t\t\t\t\t<\/div>\n\t\t\t\t<\/div>\n\t\t\t\t<div class=\"elementor-element elementor-element-a01e466 elementor-align-center egovt_button elementor-widget elementor-widget-button\" data-id=\"a01e466\" data-element_type=\"widget\" data-widget_type=\"button.default\">\n\t\t\t\t<div class=\"elementor-widget-container\">\n\t\t\t\t\t\t\t<div class=\"elementor-button-wrapper\">\n\t\t\t\t\t<a class=\"elementor-button elementor-button-link elementor-size-sm\" href=\"https:\/\/dgi.gouv.ht\/ht\/contact\/\">\n\t\t\t\t\t\t<span class=\"elementor-button-content-wrapper\">\n\t\t\t\t\t\t\t\t\t<span class=\"elementor-button-text\">Contactez-nous<\/span>\n\t\t\t\t\t<\/span>\n\t\t\t\t\t<\/a>\n\t\t\t\t<\/div>\n\t\t\t\t\t\t<\/div>\n\t\t\t\t<\/div>\n\t\t\t\t\t<\/div>\n\t\t<\/div>\n\t\t\t\t\t<\/div>\n\t\t<\/section>\n\t\t\t\t<\/div>","protected":false},"excerpt":{"rendered":"<p>Contribution Fonci\u00e8re de Propri\u00e9t\u00e9s Baties C\u2019est un imp\u00f4t communal r\u00e9el dont la base taxable reste la valeur locative de l\u2019immeuble&#8230;. Lire plus D\u00e9claration D\u00e9finitive d\u2019Imp\u00f4t sur le Revenu La D\u00e9claration D\u00e9finitive d\u2019Imp\u00f4t sur le Revenu regroupe l\u2019ensemble des revenus cat\u00e9goriels r\u00e9alis\u00e9s au titre&#8230; Lire plus Droit de Licence des \u00c9trangers La licence est une autorisation [&hellip;]<\/p>","protected":false},"author":1,"featured_media":0,"parent":0,"menu_order":0,"comment_status":"closed","ping_status":"closed","template":"elementor_header_footer","meta":{"_eb_attr":"","_monsterinsights_skip_tracking":false,"_monsterinsights_sitenote_active":false,"_monsterinsights_sitenote_note":"","_monsterinsights_sitenote_category":0,"footnotes":""},"class_list":["post-823","page","type-page","status-publish","hentry"],"aioseo_notices":[],"_links":{"self":[{"href":"https:\/\/dgi.gouv.ht\/ht\/wp-json\/wp\/v2\/pages\/823","targetHints":{"allow":["GET"]}}],"collection":[{"href":"https:\/\/dgi.gouv.ht\/ht\/wp-json\/wp\/v2\/pages"}],"about":[{"href":"https:\/\/dgi.gouv.ht\/ht\/wp-json\/wp\/v2\/types\/page"}],"author":[{"embeddable":true,"href":"https:\/\/dgi.gouv.ht\/ht\/wp-json\/wp\/v2\/users\/1"}],"replies":[{"embeddable":true,"href":"https:\/\/dgi.gouv.ht\/ht\/wp-json\/wp\/v2\/comments?post=823"}],"version-history":[{"count":91,"href":"https:\/\/dgi.gouv.ht\/ht\/wp-json\/wp\/v2\/pages\/823\/revisions"}],"predecessor-version":[{"id":8847,"href":"https:\/\/dgi.gouv.ht\/ht\/wp-json\/wp\/v2\/pages\/823\/revisions\/8847"}],"wp:attachment":[{"href":"https:\/\/dgi.gouv.ht\/ht\/wp-json\/wp\/v2\/media?parent=823"}],"curies":[{"name":"wp","href":"https:\/\/api.w.org\/{rel}","templated":true}]}}